{"id":14454,"date":"2023-01-01T17:13:36","date_gmt":"2023-01-01T17:13:36","guid":{"rendered":"https:\/\/telemedi.com\/?post_type=tm-guide&#038;p=14454"},"modified":"2024-05-14T17:15:53","modified_gmt":"2024-05-14T15:15:53","slug":"amoksiklav","status":"publish","type":"tm-guide","link":"https:\/\/telemedi.com\/pl\/poradnik\/amoksiklav\/","title":{"rendered":"Amoksiklav"},"content":{"rendered":"\n<h2 class=\"h2 h2--content-tag wp-block-heading\" id=\"co\">Amoksiklav &#8211; co to za lek?<\/h2>\n\n\n\n<p>Tutaj masz mo\u017cliwo\u015b\u0107 uzyskania <strong><a href=\"https:\/\/telemedi.com\/pl\/recepta-online\/\">recepty online<\/a>.<\/strong><\/p>\n\n\n\n<p>Amoksiklav (250 mg + 125 mg) jest antybiotykiem w postaci tabletek powlekanych i jak ka\u017cdy antybiotyk s\u0142u\u017cy do leczenia zaka\u017ce\u0144 bakteryjnych.<\/p>\n\n\n\n<p>Nie nie jest skuteczny w leczeniu zaka\u017ce\u0144 wirusowych.<\/p>\n\n\n\n<p>Amoksiklav wydawany jest na recept\u0119. Zawiera dwa r\u00f3\u017cne leki (dwie substancje czynne):<\/p>\n\n\n\n<ul class=\"wp-block-list\">\n<li>amoksycylin\u0119 nale\u017c\u0105c\u0105 do grupy lek\u00f3w nazwanych penicylinami<\/li>\n\n\n\n<li>kwas klawulanowy, kt\u00f3ry ma przeciwdzia\u0142a\u0107 zahamowywaniu dzia\u0142ania amoksycyliny.<\/li>\n<\/ul>\n\n\n\n<ul class=\"wp-block-list\">\n<li>pozosta\u0142e sk\u0142adniki to: krzemionka koloidalna bezwodna, krospowidon, sodu kroskarmeloza, stearynian magnezu, celuloza mikrokrystaliczna, talk, hydroksypropyloceluloza, etyloceluloza, polisorbat 80, cytrynian trietylu, tytanu dwutlenek, talk.<\/li>\n<\/ul>\n\n\n\n<p>Opakowania leku Amoksiklav &#8211; butelki z br\u0105zowego szk\u0142a zawieraj\u0105 15 lub 21 bia\u0142ych, pod\u0142u\u017cnych, obustronnie wypuk\u0142ych tabletek powlekanych.<\/p>\n\n\n\n<h2 class=\"h2 h2--content-tag wp-block-heading\" id=\"wska\">Wskazania do stosowania leku Amoksiklav<\/h2>\n\n\n\n<p>Amoksiklav to lek stosowany u doros\u0142ych i dzieci w leczeniu zaka\u017ce\u0144 bakteryjnych. Przepisywany jest najcz\u0119\u015bciej w leczeniu zaka\u017ce\u0144 dr\u00f3g oddechowych, w przypadku zaka\u017cenia dolnych dr\u00f3g oddechowych, w przypadku zaka\u017cenia ko\u015bci, zaka\u017cenia sk\u00f3ry, w infekcjach po uk\u0105szeniach zwierz\u0105t. Lek ten leczy tak\u017ce ostre bakteryjne zapalenie zatok, poszpitalne zapalenie p\u0142uc, \u015br\u00f3dmi\u0105\u017cszowe zapalenie nerek, odmiedniczkowe zapalenie nerek, zapalenie p\u0119cherza moczowego.<\/p>\n\n\n\n<h2 class=\"h2 h2--content-tag wp-block-heading\" id=\"kiedy\">Kiedy nie stosowa\u0107 leku Amoksiklav?<\/h2>\n\n\n\n<p>Leku Amoksiklav nie nale\u017cy stosowa\u0107:<\/p>\n\n\n\n<ul class=\"wp-block-list\">\n<li>je\u015bli pacjent ma uczulenie (nadwra\u017cliwo\u015b\u0107) na amoksycylin\u0119, kwas klawulanowy, penicylin\u0119 lub na kt\u00f3r\u0105kolwiek substancj\u0119 pomocnicz\u0105 leku lub inny sk\u0142adnik leku<\/li>\n\n\n\n<li>je\u015bli u pacjenta wyst\u0105pi\u0142y kiedykolwiek ci\u0119\u017ckie reakcje sk\u00f3rne na jakikolwiek inny antybiotyk, w tym wysypka sk\u00f3rna<\/li>\n\n\n\n<li>je\u015bli u pacjenta dosz\u0142o do zapalenia w\u0105troby lub zaburze\u0144 czynno\u015bci w\u0105troby spowodowanych stosowaniem antybiotyku<\/li>\n<\/ul>\n\n\n\n<h2 class=\"h2 h2--content-tag wp-block-heading\" id=\"ost\">Ostrze\u017cenia i \u015brodki ostro\u017cno\u015bci<\/h2>\n\n\n\n<p>Przed zastosowaniem leku Amoksiklav nale\u017cy om\u00f3wi\u0107\u0301 jego przyjmowanie z lekarzem lub farmaceut\u0105. Zw\u0142aszcza je\u015bli pacjent choruje na mononukleoz\u0119 zaka\u017an\u0105, zmaga si\u0119 z zaburzeniami czynno\u015bci nerek, w\u0105troby lub nie oddaje regularnie moczu.<\/p>\n\n\n\n<p>Stosowanie leku Amoksiklav mo\u017ce pogorszy\u0107 przebieg niekt\u00f3rych istniej\u0105cych chor\u00f3b pacjenta lub spowodowa\u0107 ci\u0119\u017ckie dzia\u0142ania niepo\u017c\u0105dane (takie jak reakcje alergiczne, drgawki i zapalenie jelita grubego).<\/p>\n\n\n\n<p>Amoksiklav mo\u017ce wp\u0142ywa\u0107 na wyniki bada\u0144 moczu lub krwi, zaburzaj\u0105c wyniki tych bada\u0144.<\/p>\n\n\n\n<p>Lek mo\u017ce wywo\u0142ywa\u0107 dzia\u0142ania niepo\u017c\u0105dane zaburzaj\u0105ce zdolno\u015bci do prowadzenia pojazd\u00f3w lub obs\u0142ugi maszyn.<\/p>\n\n\n\n<p>Zastosowanie Leku Amoksiklav u pacjentek w ci\u0105\u017cy, karmi\u0105cych piersi\u0105 oraz podejrzewaj\u0105cych lub planuj\u0105cych ci\u0105\u017c\u0119 powinno by\u0107 poprzedzone porad\u0105 lekarza lub farmaceuty.<\/p>\n\n\n\n<p>Lekarz ma mo\u017cliwo\u015b\u0107 zbadania, jaki rodzaj bakterii wywo\u0142a\u0142 zaka\u017cenie i w zale\u017cno\u015bci od wynik\u00f3w badania, przepisa\u0107 pacjentowi inn\u0105 dawk\u0119 leku Amoksiklav lub inny lek.<\/p>\n\n\n\n<h2 class=\"h2 h2--content-tag wp-block-heading\" id=\"stos\">Stosowanie leku Amoksiklav z innymi lekami<\/h2>\n\n\n\n<p>Jak w przypadku ka\u017cdego leku, nale\u017cy poda\u0107 lekarzowi lub farmaceucie nazwy wszystkich lekach przyjmowanych przez pacjenta obecnie, ostatnio i i tych, kt\u00f3re pacjent planuje przyjmowa\u0107. Dotyczy to tak\u017ce tych, kt\u00f3re wydawane s\u0105 bez recepty, w tym substancji zio\u0142owych i suplement\u00f3w.<\/p>\n\n\n\n<p>W zale\u017cno\u015bci od przyjmowanej substancji lub leku, lekarz mo\u017ce zdecydowa\u0107 o konieczno\u015bci modyfikacji dawki leku Amoksiklav, zleci\u0107 dodatkowe badania i kontrol\u0119 pacjenta lub zmieni\u0107 dawk\u0119 innego leku &#8211; np. zlecaj\u0105c dostosowanie dawki leku przeciwzakrzepowego w przypadku stosowania leku Amoksiklav wraz z warafryn\u0105.<\/p>\n\n\n\n<h2 class=\"h2 h2--content-tag wp-block-heading\" id=\"jak\">Jak stosowa\u0107 Amoksiklav?<\/h2>\n\n\n\n<p>Lek Amoksiklav nale\u017cy zawsze stosowa\u0107 zgodnie z zaleceniami lekarza, a w razie jakichkolwiek w\u0105tpliwo\u015bci nale\u017cy zwr\u00f3ci\u0107 si\u0119 do swojego lekarza lub farmaceuty.<\/p>\n\n\n\n<p>Dawkowanie leku Amoksiklav zale\u017cne jest od masy cia\u0142a pacjent\u00f3w:<\/p>\n\n\n\n<ul class=\"wp-block-list\">\n<li>doro\u015bli i dzieci o masie cia\u0142a 40 kg i wi\u0119kszej &#8211; standardowo stosowana jest jedna tabletka trzy razy na dob\u0119<\/li>\n\n\n\n<li>dzieci w wieku do 6 lat i o masie cia\u0142a mniejszej ni\u017c 40 kg &#8211; powinny otrzymywa\u0107 lek Amoksiklav w postaci zawiesiny doustnej, a stosowanie tabletek powlekanych Amoksiklav nie jest zalecane<\/li>\n\n\n\n<li>pacjenci z chorobami nerek i w\u0105troby &#8211; dawkowanie leku mo\u017ce by\u0107 zmienione<\/li>\n\n\n\n<li>pacjenci z zaburzeniami czynno\u015bci w\u0105troby &#8211; w celu kontroli jej pracy mog\u0105 mie\u0107 cz\u0119\u015bciej wykonywane badania krwi.<\/li>\n<\/ul>\n\n\n\n<p>Tabletki Amoksiklav nale\u017cy po\u0142yka\u0107 w ca\u0142o\u015bci, popijaj\u0105c szklank\u0105 wody, na pocz\u0105tku posi\u0142ku lub tu\u017c przed posi\u0142kiem.<\/p>\n\n\n\n<p>Lek Amoksiklav nale\u017cy przyjmowa\u0107 w dawkach podzielonych, zachowuj\u0105c r\u00f3wne, co najmniej 4-godzinne, przerwy mi\u0119dzy dawkami podawanymi w ci\u0105gu doby. Nie nale\u017cy przyjmowa\u0107 2 dawek w ci\u0105gu 1 godziny.<\/p>\n\n\n\n<p>Lek Amoksiklav nie powinien by\u0107 przyjmowany d\u0142u\u017cej ni\u017c przez 2 tygodnie. Je\u015bli pomimo up\u0142ywu tego czasu objawy nie ust\u0119puj\u0105, nale\u017cy skontaktowa\u0107 si\u0119 z lekarzem.<\/p>\n\n\n\n<h2 class=\"h2 h2--content-tag wp-block-heading\" id=\"2\">Zastosowanie wi\u0119kszej dawki leku Amoksiklav<\/h2>\n\n\n\n<p>Skutkami przyj\u0119cia wi\u0119kszej ni\u017c zalecana dawki leku Amoksiklav (przedawkowanie leku Amoksiklav) mog\u0105 by\u0107: podra\u017cnienie \u017co\u0142\u0105dka i jelit (nudno\u015bci, wymioty lub biegunka) lub drgawki.<\/p>\n\n\n\n<p>W przypadku przyj\u0119cia wi\u0119kszej dawki lub przyj\u0119cia wi\u0119kszej dawki i wyst\u0105pienia takich objaw\u00f3w, nale\u017cy skontaktowa\u0107 z lekarzem tak szybko, jak to mo\u017cliwe, maj\u0105c ze sob\u0105 tekturowe opakowanie lub butelk\u0119 po leku, aby pokaza\u0107 lekarzowi.<\/p>\n\n\n\n<h2 class=\"h2 h2--content-tag wp-block-heading\" id=\"pomi\">Pominiecie przyj\u0119cia leku Amoksiklav<\/h2>\n\n\n\n<p>Je\u017celi pacjent zapomni o za\u017cyciu leku Amoksiklav, powinien przyj\u0105\u0107 j\u0105 niezw\u0142ocznie po przypomnieniu sobie o konieczno\u015bci za\u017cycia leku. Kolejna dawka leku powinna by\u0107 przyj\u0119ta dopiero po up\u0142ywie 4 godzin.<\/p>\n\n\n\n<h2 class=\"h2 h2--content-tag wp-block-heading\" id=\"przerw\">Przerwanie stosowania leku Amoksiklav<\/h2>\n\n\n\n<p>Nale\u017cy przyjmowa\u0107 lek Amoksiklav a\u017c do zako\u0144czenia leczenia. Nie nale\u017cy przerywa\u0107 przyjmowania leku, nawet je\u015bli pacjent poczuje si\u0119 lepiej. Do zwalczenia zaka\u017cenia potrzebne s\u0105 wszystkie dawki leku. Przerwanie przyjmowania leku mo\u017ce prowadzi\u0107 do nawrotu choroby lub uodpornienia si\u0119 bakterii na jego substancje czynne.<\/p>\n\n\n\n<p>Pami\u0119taj, w razie jakichkolwiek w\u0105tpliwo\u015bci zwi\u0105zanych ze stosowaniem leku Amoksiklav, nale\u017cy zwr\u00f3ci\u0107 si\u0119 do lekarza lub farmaceuty.<\/p>\n\n\n\n<h2 class=\"h2 h2--content-tag wp-block-heading\" id=\"nieco\">Mo\u017cliwe dzia\u0142ania niepo\u017c\u0105dane<\/h2>\n\n\n\n<p>Jak ka\u017cdy lek, lek Amoksiklav mo\u017ce powodowa\u0107 dzia\u0142ania niepo\u017c\u0105dane. Mog\u0105 nimi by\u0107:<\/p>\n\n\n\n<p>Reakcje alergiczne:<\/p>\n\n\n\n<ul class=\"wp-block-list\">\n<li>wysypka sk\u00f3rna<\/li>\n\n\n\n<li>zapalenie naczy\u0144 krwiono\u015bnych<\/li>\n\n\n\n<li>gor\u0105czka, b\u00f3l staw\u00f3w, obrz\u0119k w\u0119z\u0142\u00f3w ch\u0142onnych<\/li>\n\n\n\n<li>obrz\u0119k naczynioruchowy<\/li>\n\n\n\n<li>omdlenie<\/li>\n<\/ul>\n\n\n\n<p>Wyst\u0105pienie kt\u00f3regokolwiek z wymienionych objaw\u00f3w jest podstaw\u0105 do przerwania przyjmowania leku i natychmiastowego kontaktu z lekarzem.<\/p>\n\n\n\n<p>Zapalenie jelita grubego, z wodnist\u0105 biegunk\u0105, b\u00f3lem \u017co\u0142\u0105dka i gor\u0105czka wymaga szybkiej konsultacji lekarskiej.<\/p>\n\n\n\n<p>Dzia\u0142ania niepo\u017c\u0105dane wyst\u0119puj\u0105ce bardzo cz\u0119sto (cz\u0119\u015bciej ni\u017c u 1 na 10 os\u00f3b) to biegunka.<\/p>\n\n\n\n<p>Dzia\u0142ania niepo\u017c\u0105dane wyst\u0119puj\u0105ce cz\u0119sto (rzadziej ni\u017c u 1 na 10 os\u00f3b) to kandydoza oraz nudno\u015bci i wymioty. Nudno\u015bci bywaj\u0105 cz\u0119ste w przypadku przyjmowania du\u017cych dawek leku i by im zapobiec nale\u017cy przyjmowa\u0107 lek przed jedzeniem.<\/p>\n\n\n\n<p>Dzia\u0142ania niepo\u017c\u0105dane wyst\u0119puj\u0105ce niezbyt cz\u0119sto(rzadziej ni\u017c u 1 na 100 os\u00f3b) to wysypka sk\u00f3rna, \u015bwi\u0105d, pokrzywka, niestrawno\u015b\u0107, zawroty g\u0142owy i b\u00f3l g\u0142owy.<\/p>\n\n\n\n<p>Niezbyt cz\u0119ste dzia\u0142ania niepo\u017c\u0105dane, kt\u00f3re mog\u0105\u0328 pojawi\u0107 si\u0119 w wynikach bada\u0144 krwi: zwi\u0119kszenie aktywno\u015bci enzym\u00f3w wytwarzanych w w\u0105trobie.<\/p>\n\n\n\n<p>Dzia\u0142ania niepo\u017c\u0105dane wyst\u0119puj\u0105ce rzadko&nbsp;(rzadziej ni\u017c u 1 na 1000 os\u00f3b) to wysypka sk\u00f3rna, kt\u00f3ra mo\u017ce zmienia\u0107 si\u0119 w p\u0119cherzyki i wygl\u0105da jak ma\u0142e tarcze strzelnicze.<\/p>\n\n\n\n<p>Wyst\u0105pienie kt\u00f3regokolwiek z objaw\u00f3w nale\u017cy pilnie skontaktowa\u0107 z lekarzem.<\/p>\n\n\n\n<p>Rzadkie dzia\u0142ania niepo\u017c\u0105dane, kt\u00f3re mog\u0105 pojawi\u0107 si\u0119 w wynikach bada\u0144 krwi to ma\u0142a liczba kom\u00f3rek bior\u0105cych udzia\u0142 w krzepni\u0119ciu krwi i ma\u0142a liczba krwinek bia\u0142ych.<\/p>\n\n\n\n<p>Inne dzia\u0142ania niepo\u017c\u0105dane wyst\u0119powa\u0142y u bardzo ma\u0142ej liczby os\u00f3b, ale ich dok\u0142adna cz\u0119sto\u015b\u0107 nie jest znana:<\/p>\n\n\n\n<ul class=\"wp-block-list\">\n<li>reakcje alergiczne<\/li>\n\n\n\n<li>zapalenie jelita grubego<\/li>\n\n\n\n<li>ci\u0119\u017ckie reakcje sk\u00f3rne<\/li>\n\n\n\n<li>septyczne zapalenie opon m\u00f3zgowordzeniowych<\/li>\n<\/ul>\n\n\n\n<p>Je\u015bli u pacjenta wyst\u0105pi kt\u00f3rykolwiek z powy\u017cszych objaw\u00f3w, nale\u017cy niezw\u0142ocznie skontaktowa\u0107 si\u0119 z lekarzem.<\/p>\n\n\n\n<ul class=\"wp-block-list\">\n<li>zapalenie w\u0105troby<\/li>\n\n\n\n<li>\u017c\u00f3\u0142taczka na skutek zwi\u0119kszenia we krwi st\u0119\u017cenia bilirubiny<\/li>\n\n\n\n<li>\u015br\u00f3dmi\u0105\u017cszowe zapalenie nerek<\/li>\n\n\n\n<li>przed\u0142u\u017cony czas krzepni\u0119cia krwi<\/li>\n\n\n\n<li>obudzenie ruchowe<\/li>\n\n\n\n<li>drgawki<\/li>\n\n\n\n<li>czarny j\u0119zyk, kt\u00f3ry wygl\u0105da jak w\u0142ochaty<\/li>\n\n\n\n<li>rozw\u00f3j zaka\u017cenia poprzez nadmierny wzrost drobnoustroj\u00f3w niewra\u017cliwych<\/li>\n<\/ul>\n\n\n\n<p>Dzia\u0142ania niepo\u017c\u0105dane, kt\u00f3re mog\u0105ce pojawi\u0107 si\u0119 w wynikach bada\u0144 krwi to znaczne zmniejszenie liczby krwinek bia\u0142ych, ma\u0142a liczba krwinek czerwonych i kryszta\u0142y w moczu.<\/p>\n\n\n\n<h2 class=\"h2 h2--content-tag wp-block-heading\" id=\"zgra\">Zg\u0142aszanie dzia\u0142a\u0144 niepo\u017c\u0105danych<\/h2>\n\n\n\n<p>Je\u015bli wyst\u0105pi\u0105 jakiekolwiek objawy niepo\u017c\u0105dane, w tym wszelkie objawy niepo\u017c\u0105dane niewymienione w ulotce, nale\u017cy powiedzie\u0107 o tym lekarzowi, farmaceucie lub piel\u0119gniarce.<\/p>\n\n\n\n<p>Dzia\u0142ania niepo\u017c\u0105dane mo\u017cna zg\u0142asza\u0107 bezpo\u015brednio do Departamentu Monitorowania Niepo\u017c\u0105danych Dzia\u0142a\u0144 Produkt\u00f3w Leczniczych Urz\u0119du Rejestracji Produkt\u00f3w Leczniczych, Wyrob\u00f3w Medycznych i Produkt\u00f3w Biob\u00f3jczych: Al. Jerozolimskie 181C, 02-222 Warszawa tel: + 48 22 49 21 301, faks: + 48 22 49 21 309, e-mail:&nbsp;<a target=\"_blank\" rel=\"noreferrer noopener\">ndl@urpl.gov.pl<\/a><br>Dzia\u0142ania niepo\u017c\u0105dane mo\u017cna zg\u0142asza\u0107 r\u00f3wnie\u017c podmiotowi odpowiedzialnemu.<\/p>\n\n\n\n<h2 class=\"h2 h2--content-tag wp-block-heading\" id=\"przechodzi\">Jak przechowywa\u0107 Amoksiklav?<\/h2>\n\n\n\n<ul class=\"wp-block-list\">\n<li>\u009fLekk nale\u017cy przechowywa\u0107 w miejscu niewidocznym i niedost\u0119pnym dla dzieci, w temperaturze poni\u017cej 25 stopni Celsjusza, chroni\u0105c przed wilgoci\u0105.<\/li>\n\n\n\n<li>\u009f &nbsp;Nie mo\u017cna stosowa\u0107 tego leku po up\u0142ywie terminu wa\u017cno\u015bci zamieszczonego na opakowaniu.<\/li>\n<\/ul>\n\n\n\n<p>Lek\u00f3w nie nale\u017cy wyrzuca\u0107 do kanalizacji ani domowych pojemnik\u00f3w na odpadki.<\/p>\n\n\n\n<p>Informacje o sposobie post\u0119powania z przeterminowanymi i nieu\u017cy<\/p>\n\n\n\n<p><strong>Przeczytaj tak\u017ce o:<\/strong><\/p>\n\n\n\n<figure class=\"wp-block-embed is-type-wp-embed is-provider-telemedi wp-block-embed-telemedi\"><div class=\"wp-block-embed__wrapper\">\n<blockquote class=\"wp-embedded-content\" data-secret=\"BtAbkNT8UK\"><a href=\"https:\/\/telemedi.com\/pl\/poradnik\/biegunka-i-goraczka-co-moga-oznaczac-te-objawy\/\">Biegunka i&nbsp;gor\u0105czka &#8211; co&nbsp;mog\u0105 oznacza\u0107 te&nbsp;objawy?<\/a><\/blockquote><iframe loading=\"lazy\" class=\"wp-embedded-content\" sandbox=\"allow-scripts\" security=\"restricted\" style=\"position: absolute; visibility: hidden;\" title=\"&#8222;Biegunka i&nbsp;gor\u0105czka &#8211; co&nbsp;mog\u0105 oznacza\u0107 te&nbsp;objawy?&#8221; &#8212; Telemedi\" src=\"https:\/\/telemedi.com\/pl\/poradnik\/biegunka-i-goraczka-co-moga-oznaczac-te-objawy\/embed\/#?secret=zlc9Z05PAW#?secret=BtAbkNT8UK\" data-secret=\"BtAbkNT8UK\" width=\"600\" height=\"338\" frameborder=\"0\" marginwidth=\"0\" marginheight=\"0\" scrolling=\"no\"><\/iframe>\n<\/div><\/figure>\n\n\n\n<figure class=\"wp-block-embed is-type-wp-embed is-provider-telemedi wp-block-embed-telemedi\"><div class=\"wp-block-embed__wrapper\">\n<blockquote class=\"wp-embedded-content\" data-secret=\"oZEVrhq9Jx\"><a href=\"https:\/\/telemedi.com\/pl\/poradnik\/jak-wyglada-i-powstaje-pokrzywka\/\">Jak wygl\u0105da i&nbsp;powstaje pokrzywka?<\/a><\/blockquote><iframe loading=\"lazy\" class=\"wp-embedded-content\" sandbox=\"allow-scripts\" security=\"restricted\" style=\"position: absolute; visibility: hidden;\" title=\"&#8222;Jak wygl\u0105da i&nbsp;powstaje pokrzywka?&#8221; &#8212; Telemedi\" src=\"https:\/\/telemedi.com\/pl\/poradnik\/jak-wyglada-i-powstaje-pokrzywka\/embed\/#?secret=VmuoFWnNq6#?secret=oZEVrhq9Jx\" data-secret=\"oZEVrhq9Jx\" width=\"600\" height=\"338\" frameborder=\"0\" marginwidth=\"0\" marginheight=\"0\" scrolling=\"no\"><\/iframe>\n<\/div><\/figure>\n\n\n\n<figure class=\"wp-block-embed is-type-wp-embed is-provider-telemedi wp-block-embed-telemedi\"><div class=\"wp-block-embed__wrapper\">\n<blockquote class=\"wp-embedded-content\" data-secret=\"y3CdZRLKR8\"><a href=\"https:\/\/telemedi.com\/pl\/poradnik\/zakazenia-ukladu-moczowego-w-ciazy-badanie-moczu-i-badanie-krwi-ciaza\/\">Zaka\u017cenia uk\u0142adu moczowego w&nbsp;ci\u0105\u017cy. Badanie moczu i&nbsp;badanie krwi &#8211; ci\u0105\u017ca.<\/a><\/blockquote><iframe loading=\"lazy\" class=\"wp-embedded-content\" sandbox=\"allow-scripts\" security=\"restricted\" style=\"position: absolute; visibility: hidden;\" title=\"&#8222;Zaka\u017cenia uk\u0142adu moczowego w&nbsp;ci\u0105\u017cy. Badanie moczu i&nbsp;badanie krwi &#8211; ci\u0105\u017ca.&#8221; &#8212; Telemedi\" src=\"https:\/\/telemedi.com\/pl\/poradnik\/zakazenia-ukladu-moczowego-w-ciazy-badanie-moczu-i-badanie-krwi-ciaza\/embed\/#?secret=yelTEDDSMp#?secret=y3CdZRLKR8\" data-secret=\"y3CdZRLKR8\" width=\"600\" height=\"338\" frameborder=\"0\" marginwidth=\"0\" marginheight=\"0\" scrolling=\"no\"><\/iframe>\n<\/div><\/figure>\n\n\n\n<figure class=\"wp-block-embed is-type-wp-embed is-provider-telemedi wp-block-embed-telemedi\"><div class=\"wp-block-embed__wrapper\">\n<blockquote class=\"wp-embedded-content\" data-secret=\"50qOdnoI2q\"><a href=\"https:\/\/telemedi.com\/pl\/poradnik\/recepta-na-amoksiklav-antybiotyk-o-wszechstronnym-dzialaniu\/\">Recepta na&nbsp;Amoksiklav &#8211; antybiotyk o&nbsp;wszechstronnym dzia\u0142aniu<\/a><\/blockquote><iframe loading=\"lazy\" class=\"wp-embedded-content\" sandbox=\"allow-scripts\" security=\"restricted\" style=\"position: absolute; visibility: hidden;\" title=\"&#8222;Recepta na&nbsp;Amoksiklav &#8211; antybiotyk o&nbsp;wszechstronnym dzia\u0142aniu&#8221; &#8212; Telemedi\" src=\"https:\/\/telemedi.com\/pl\/poradnik\/recepta-na-amoksiklav-antybiotyk-o-wszechstronnym-dzialaniu\/embed\/#?secret=aRpnJbc6eL#?secret=50qOdnoI2q\" data-secret=\"50qOdnoI2q\" width=\"600\" height=\"338\" frameborder=\"0\" marginwidth=\"0\" marginheight=\"0\" scrolling=\"no\"><\/iframe>\n<\/div><\/figure>\n","protected":false},"author":1,"featured_media":0,"template":"","tags":[997,973,1614,1616,979,1618],"guide_category":[950],"class_list":["post-14454","tm-guide","type-tm-guide","status-publish","hentry","tag-amoksiklav","tag-antybiotyk","tag-lek","tag-lek-przeciwbakteryjny","tag-leki","tag-zakazenia-bakteryjne","guide_category-leki"],"acf":[],"lang":"pl","translations":{"pl":14454},"_links":{"self":[{"href":"https:\/\/telemedi.com\/tm-api\/wp\/v2\/tm-guide\/14454","targetHints":{"allow":["GET"]}}],"collection":[{"href":"https:\/\/telemedi.com\/tm-api\/wp\/v2\/tm-guide"}],"about":[{"href":"https:\/\/telemedi.com\/tm-api\/wp\/v2\/types\/tm-guide"}],"author":[{"embeddable":true,"href":"https:\/\/telemedi.com\/tm-api\/wp\/v2\/users\/1"}],"wp:attachment":[{"href":"https:\/\/telemedi.com\/tm-api\/wp\/v2\/media?parent=14454"}],"wp:term":[{"taxonomy":"post_tag","embeddable":true,"href":"https:\/\/telemedi.com\/tm-api\/wp\/v2\/tags?post=14454"},{"taxonomy":"guide_category","embeddable":true,"href":"https:\/\/telemedi.com\/tm-api\/wp\/v2\/guide_category?post=14454"}],"curies":[{"name":"wp","href":"https:\/\/api.w.org\/{rel}","templated":true}]}}