{"id":15181,"date":"2023-02-10T17:47:48","date_gmt":"2023-02-10T17:47:48","guid":{"rendered":"https:\/\/telemedi.com\/?post_type=tm-guide&#038;p=15181"},"modified":"2023-02-15T17:57:52","modified_gmt":"2023-02-15T17:57:52","slug":"grzybica-jamy-ustnej","status":"publish","type":"tm-guide","link":"https:\/\/telemedi.com\/pl\/poradnik\/grzybica-jamy-ustnej\/","title":{"rendered":"Grzybica jamy ustnej"},"content":{"rendered":"\n<h2 class=\"h2 h2--content-tag wp-block-heading\" id=\"ka\u017cda\"><a href=\"#ka\u017cda\"><mark style=\"background-color:rgba(0, 0, 0, 0)\" class=\"has-inline-color has-black-color\">Czy ka\u017cda dolegliwo\u015b\u0107 w jamie ustnej jest grzybic\u0105?<\/mark><\/a><\/h2>\n\n\n\n<p><strong>Grzybica jamy ustnej <\/strong>mo\u017ce przybiera\u0107 dwie postaci kliniczne; ostr\u0105 i przewlek\u0142\u0105. Natomiast ze wzgl\u0119du na czas trwania kandydoza jamy ustnej mo\u017ce by\u0107 podzielona w nast\u0119puj\u0105cy spos\u00f3b:<\/p>\n\n\n\n<ul class=\"wp-block-list\">\n<li>kandydoza ostra rzekomob\u0142oniasta\u2013 pojawia si\u0119 zar\u00f3wno u niemowl\u0105t, w postaci charakterystycznych ple\u015bniawek, jak i u os\u00f3b doros\u0142ych, nie daj\u0105c \u017cadnych objaw\u00f3w,<\/li>\n\n\n\n<li>kandydoza przewlek\u0142a rzekomob\u0142oniasta\u2013 utrzymywanie si\u0119 powy\u017cszych objaw\u00f3w choroby jest notowane przez d\u0142u\u017cszy czas,<\/li>\n\n\n\n<li><strong>kandydoza ostra zanikowa<\/strong> zwana te\u017c rumieniow\u0105 lub poantybiotykow\u0105 \u2013 cech\u0105 charakterystyczn\u0105 tej odmiany grzybicy s\u0105 obszary zanikania prawid\u0142owej b\u0142ony \u015bluzowej <strong>jamy ustnej<\/strong>,<\/li>\n\n\n\n<li>kandydoza przewlek\u0142a zanikowa\u2013 zalicza si\u0119 tu protetyczne zapalenie<strong> jamy ustnej<\/strong>, <strong>zapalenie k\u0105cik\u00f3w ust<\/strong>, <strong>romboidalne zapalenie j\u0119zyka<\/strong>; bywa te\u017c skutkiem d\u0142ugotrwa\u0142ej <strong>terapii antybiotykowej<\/strong>,<\/li>\n\n\n\n<li>kandydoza przewlek\u0142a rozrostowa \u2013 najcz\u0119\u015bciej pojawia si\u0119, gdy wyst\u0119puje palenie papieros\u00f3w.<\/li>\n<\/ul>\n\n\n\n<h2 class=\"h2 h2--content-tag wp-block-heading\" id=\"przyczyny\"><a href=\"#przyczyny\"><mark style=\"background-color:rgba(0, 0, 0, 0)\" class=\"has-inline-color has-black-color\">Jakie s\u0105 przyczyny grzybicy jamy ustnej?<\/mark><\/a><\/h2>\n\n\n\n<p><strong>Grzybica jamy ustnej <\/strong>to choroba, kt\u00f3r\u0105 mog\u0105 wywo\u0142ywa\u0107 dro\u017cd\u017caki z rodzaju <em>Candida<\/em> \u2013 g\u0142\u00f3wnie <em>Candida albicans<\/em>. Znajduj\u0105 si\u0119 one w jamie ustnej nawet po\u0142owy populacji os\u00f3b doros\u0142ych i u wi\u0119kszo\u015bci dzieci.<br>Nie u ka\u017cdego jednak dochodzi do wyst\u0105pienia objaw\u00f3w choroby. Jaka jest tego przyczyna?<br>Ot\u00f3\u017c kandydoza pojawia si\u0119, je\u015bli wyst\u0105pi\u0105 okre\u015blone czynniki sprzyjaj\u0105ce.<\/p>\n\n\n\n<h3 class=\"h3 h3--content-tag wp-block-heading\">Jakie czynniki sprzyjaj\u0105 pojawianiu si\u0119 objaw\u00f3w grzybicy jamy ustnej?<\/h3>\n\n\n\n<p>Obni\u017cona odporno\u015b\u0107- <strong>grzybica jamy ustnej <\/strong>najcz\u0119\u015bciej atakuje osoby, u kt\u00f3rych stwierdzono zaburzenia w funkcjonowaniu uk\u0142adu immunologicznego charakteryzuj\u0105ce si\u0119 obni\u017con\u0105 odporno\u015bci\u0105 \u2013 o charakterze nabytym lub wrodzonym.<\/p>\n\n\n\n<ul class=\"wp-block-list\">\n<li>Schorzenie to mo\u017ce rozwija\u0107 si\u0119 r\u00f3wnie\u017c po przebytej infekcji bakteryjnej lub wirusowej. Mo\u017ce doj\u015b\u0107 u takich os\u00f3b do rozprzestrzenienia si\u0119 infekcji na ca\u0142y organizm i zaatakowania istotnych narz\u0105d\u00f3w: \u017co\u0142\u0105dka, jelita cienkiego, dwunastnicy.<\/li>\n\n\n\n<li>Niew\u0142a\u015bciwa dieta i niedobory sk\u0142adnik\u00f3w od\u017cywczych-<strong> grzybica jamy ustnej<\/strong> mo\u017ce by\u0107 nast\u0119pstwem stosowania niew\u0142a\u015bciwej diety, kt\u00f3ra prowadzi do niedobor\u00f3w kwasu foliowego, \u017celaza, witaminy C, wa\u017cne s\u0105 te\u017c niedobory \u017celaza.<\/li>\n\n\n\n<li>Zaburzenia hormonalne i metaboliczne- grzybica pojawia\u0107 si\u0119 mo\u017ce u os\u00f3b, u kt\u00f3rych stwierdzono zaburzeniami metabolicznymi lub zaburzeniami hormonalne -choroby tarczycy, niedoczynno\u015b\u0107 nadnerczy, nadczynno\u015b\u0107 przytarczyc,<\/li>\n\n\n\n<li>Przyjmowanie niekt\u00f3rych lek\u00f3w- zwi\u0119kszone <strong>ryzyko wyst\u0105pienia grzybicy<\/strong> obserwowane jest u pacjent\u00f3w przyjmuj\u0105cych niekt\u00f3re leki, nale\u017c\u0105 do nich: antybiotyki, cytostatyki lecz\u0105ce choroby nowotworowe , kortykosteroidy, leki antykoncepcyjne, psychotropowe, zalicza si\u0119 tu r\u00f3wnie\u017c stosowanie lek\u00f3w immunosupresyjnych.<\/li>\n\n\n\n<li>Do fizjologicznych czynnik\u00f3w ryzyka zaliczamy wiek, szczeg\u00f3lnie niemowl\u0119cy i starczy, niekt\u00f3re stany fizjologiczne: ci\u0105\u017ca, okres przekwitania, grupa krwi O, palenie papieros\u00f3w.<\/li>\n<\/ul>\n\n\n\n<p>Wymienione wy\u017cej czynniki decyduj\u0105 o odporno\u015bci b\u0105d\u017a podatno\u015bci na zaka\u017cenia grzybicze.<\/p>\n\n\n\n<h2 class=\"h2 h2--content-tag wp-block-heading\" id=\"z\u0119by\"><a href=\"#z\u0119by\"><mark style=\"background-color:rgba(0, 0, 0, 0)\" class=\"has-inline-color has-black-color\">Czy wyst\u0119puje zwi\u0105zek grzybicy jamy ustnej ze stanem uz\u0119bienia?<\/mark><\/a><\/h2>\n\n\n\n<p><strong>Grzybica jamy ustnej<\/strong>, ze wzgl\u0119du na swoje miejsce wyst\u0119powania, ma \u015bcis\u0142y zwi\u0105zek z z\u0119bami i z tego powodu nale\u017cy wymieni\u0107 czynniki ryzyka zwi\u0105zane z z\u0119bami:<\/p>\n\n\n\n<ul class=\"wp-block-list\">\n<li>niew\u0142a\u015bciwa higiena<strong> jamy ustnej<\/strong>,<\/li>\n\n\n\n<li>zmiana flory bakteryjnej w ustach,<\/li>\n\n\n\n<li>stany zapalne b\u0142ony \u015bluzowej<strong> jamy ustnej<\/strong>,<\/li>\n\n\n\n<li>mechaniczne mikrourazy z\u0119b\u00f3w,<\/li>\n\n\n\n<li>dieta obfituj\u0105ca w w\u0119glowodany \u2013 cukier jest nie tylko po\u017cywk\u0105 dla bakterii pr\u00f3chniczych, ale r\u00f3wnie\u017c dro\u017cd\u017cak\u00f3w,<\/li>\n\n\n\n<li>ubytki pr\u00f3chnicze w z\u0119bach, obecno\u015b\u0107 kieszonek dzi\u0105s\u0142owych.<\/li>\n<\/ul>\n\n\n\n<p>Wy\u017cej wymienione czynniki determinuj\u0105 wyst\u0105pienie dokuczliwych objaw\u00f3w chorobowych; bia\u0142y nalot na j\u0119zyku oraz nieprzyjemny zapach z ust.<\/p>\n\n\n\n<h2 class=\"h2 h2--content-tag wp-block-heading\" id=\"proteza\"><a href=\"#proteza\"><mark style=\"background-color:rgba(0, 0, 0, 0)\" class=\"has-inline-color has-black-color\">Czy posiadanie protez z\u0119bowych wi\u0105\u017ce si\u0119 z wyst\u0119powaniem kandydozy jamy ustnej?<\/mark><\/a><\/h2>\n\n\n\n<p>Do\u015b\u0107 cz\u0119st\u0105 przyczyn\u0105 kandydozy <strong>jamy ustnej <\/strong>u os\u00f3b starszych s\u0105 uszkodzone b\u0142ony \u015bluzowe. Dochodzi do nich, gdy ma miejsce nieprawid\u0142owe leczenie protetyczne.<\/p>\n\n\n\n<p>Nast\u0119pstwem mog\u0105 by\u0107 uszkodzenia b\u0142ony \u015bluzowej spowodowane przez protezy z\u0119bowe, wtedy mamy do czynienia z protetycznym zapaleniem <strong>jamy ustnej<\/strong>, kt\u00f3re stanowi posta\u0107 kandydozy przewlek\u0142ej zanikowej, przyczyn\u0105 stanu zapalnego s\u0105 niepoprawnie dopasowane lub poluzowane protezy z\u0119bowe.<\/p>\n\n\n\n<h2 class=\"h2 h2--content-tag wp-block-heading\" id=\"pozna\u0107\"><a href=\"#pozna\u0107\"><mark style=\"background-color:rgba(0, 0, 0, 0)\" class=\"has-inline-color has-black-color\">Jak rozpozna\u0107 grzybic\u0119 jamy ustnej?<\/mark><\/a><\/h2>\n\n\n\n<p><strong>Objawy grzybicy jamy ustnej<\/strong> s\u0105 r\u00f3\u017cne w zale\u017cno\u015bci od jej rodzaju. Pierwsze oznaki to najcz\u0119\u015bciej uczucie sucho\u015bci lub pieczenia w <strong>jamie ustnej<\/strong> lub odczuwanie nieprzyjemnego smaku w ustach.<\/p>\n\n\n\n<p>Og\u00f3lne objawy kandydozy to owrzodzenie <strong>jamy ustnej<\/strong>, bia\u0142y nalot na j\u0119zyku , nieprzyjemny zapach z ust, b\u00f3l j\u0119zyka, b\u00f3l dzi\u0105se\u0142, wra\u017cenie sucho\u015bci w gardle, zapalenie k\u0105cik\u00f3w ust \u2013 typowe s\u0105 p\u0119kni\u0119cia i krwawienia, kt\u00f3re mog\u0105 prowadzi\u0107 do powstania ziarninowej nad\u017cerki, romboidalne zapalenie j\u0119zyka.<\/p>\n\n\n\n<p><strong>Kandydoza ostra zanikowa <\/strong>\u2013 manifestuje si\u0119 wyst\u0119powaniem czerwonych plam, zanikiem brodawek nitkowatych, b\u00f3lem oraz uczuciem sucho\u015bci w gardle.<\/p>\n\n\n\n<h2 class=\"h2 h2--content-tag wp-block-heading\" id=\"badania\"><a href=\"#badania\"><mark style=\"background-color:rgba(0, 0, 0, 0)\" class=\"has-inline-color has-black-color\">Jakie badania nale\u017cy wykona\u0107, aby rozpozna\u0107 grzybic\u0119 jamy ustnej?<\/mark><\/a><\/h2>\n\n\n\n<p>Nie zawsze jest mo\u017cliwo\u015b\u0107 stwierdzenia kandydozy tylko w oparciu o wywiad lekarski.<\/p>\n\n\n\n<p>W wypadku pojawienia si\u0119 w\u0105tpliwo\u015bci lekarz pobiera materia\u0142 z miejsc chorobowo zmienionych. materia\u0142 ten zostanie zbadany w laboratorium i da jednoznaczn\u0105 odpowied\u017a, na jakie schorzenie cierpimy, lekarz powinien wdro\u017cy\u0107 odpowiednie leczenie.<\/p>\n\n\n\n<h2 class=\"h2 h2--content-tag wp-block-heading\" id=\"lekarz\"><a href=\"#lekarz\"><mark style=\"background-color:rgba(0, 0, 0, 0)\" class=\"has-inline-color has-black-color\">Do jakiego lekarza nale\u017cy uda\u0107 si\u0119 z grzybic\u0105 jamy ustnej?<\/mark><\/a><\/h2>\n\n\n\n<p>W wypadku, gdy zauwa\u017cymy jakiekolwiek niepokoj\u0105ce objawy zlokalizowane w obr\u0119bie <strong>jamy ustnej<\/strong>, nale\u017cy uda\u0107 si\u0119 do gabinetu stomatologicznego, upewniwszy si\u0119 uprzednio, czy znajdziemy tam lekarza o specjalno\u015bci periodontologicznej.<\/p>\n\n\n\n<h3 class=\"h3 h3--content-tag wp-block-heading\">Jakimi chorobami zajmuje si\u0119 periodontologia?<\/h3>\n\n\n\n<p>Periodontologia to specjalizacja stomatologiczna, kt\u00f3ra zajmuje si\u0119 leczeniem chor\u00f3b przyz\u0119bia, przede wszystkim paradontozy oraz wszelkich chor\u00f3b dzi\u0105se\u0142. Specjalno\u015b\u0107 ta zajmuje si\u0119 te\u017c leczeniem chor\u00f3b b\u0142on \u015bluzowych, w tym grzybicy jamy ustnej.<\/p>\n\n\n\n<p>Periodontolog udzieli r\u00f3wnie\u017c instrukcji dotycz\u0105cych odpowiedniej higieny jamy ustnej, tak, aby w przysz\u0142o\u015bci zapobiega\u0107 nawrotom choroby.<\/p>\n\n\n\n<h2 class=\"h2 h2--content-tag wp-block-heading\" id=\"leczy\u0107\"><a href=\"#leczy\u0107\"><mark style=\"background-color:rgba(0, 0, 0, 0)\" class=\"has-inline-color has-black-color\">Jak leczy\u0107 grzybic\u0119 jamy ustnej?<\/mark><\/a><\/h2>\n\n\n\n<h3 class=\"h3 h3--content-tag wp-block-heading\">Leczenie miejscowe grzybicy jamy ustnej<\/h3>\n\n\n\n<p>Leki miejscowe to zazwyczaj pierwszy etap walki z dro\u017cd\u017cyc\u0105. Odpowiednio dobrane leki pozwalaj\u0105 nie tylko na ust\u0105pienie objaw\u00f3w, ale przede wszystkim na wyeliminowanie przyczyn schorzenia.<\/p>\n\n\n\n<p>W przypadku grzybicy jamy ustnej u doros\u0142ych nale\u017cy wdro\u017cy\u0107 odpowiednie leczenie dzia\u0142aj\u0105c miejscowo: fiolet goryczki 1% \u2013 wodny roztw\u00f3r do p\u0119dzlowania jamy ustnej, chloroheksydyna 0,2% \u2013 roztw\u00f3r do p\u0142ukania jamy ustnej, magistralne preparaty np. z p\u0142ynem Lugola, nystatyn\u0105 \u2013 do p\u0119dzlowania jamy ustnej, mikonazol \u2013 \u017cel lub tabletki adhezyjne podpoliczkowe, klotrimazol \u2013 krem do stosowania na miejsca zmienione chorobowo.<\/p>\n\n\n\n<p>Je\u017celi kandydoza ma posta\u0107 p\u0119kni\u0119\u0107 w <strong>k\u0105cikach ust<\/strong>, w\u00f3wczas specjalista mo\u017ce przepisa\u0107 kremy przeciwgrzybicze i steroidowe. Bolesne p\u0119kni\u0119cia w <strong>k\u0105cikach ust<\/strong> pojawiaj\u0105 si\u0119 u os\u00f3b nosz\u0105cych protezy.<\/p>\n\n\n\n<h3 class=\"h3 h3--content-tag wp-block-heading\">Leczenie grzybicy jamy ustnej og\u00f3lne<\/h3>\n\n\n\n<p>Leczenie og\u00f3lne przeprowadza si\u0119 przede wszystkim u pacjent\u00f3w niereaguj\u0105cych na leczenie miejscowe oraz u os\u00f3b z obni\u017con\u0105 odporno\u015bci\u0105 w sytuacji ci\u0119\u017ckiego przebiegu choroby.<\/p>\n\n\n\n<p>Najcz\u0119\u015bciej podaje si\u0119 takie leki doustne zawieraj\u0105ce : flukonazol, worykonazol, intrakonazol, amfoterycyna, kaspofungina. O dawkowaniu decyduje lekarz, uwzgl\u0119dniaj\u0105c interakcje przyjmowanych lek\u00f3w.<\/p>\n\n\n\n<h2 class=\"h2 h2--content-tag wp-block-heading\" id=\"d\u0142ugo\"><a href=\"#d\u0142ugo\"><mark style=\"background-color:rgba(0, 0, 0, 0)\" class=\"has-inline-color has-black-color\">Jak d\u0142ugo trwa leczenie farmakologiczne grzybicy jamy ustnej?<\/mark><\/a><\/h2>\n\n\n\n<p>Leczenie tej choroby trwa d\u0142ugo. Leki powinny by\u0107 przyjmowane jeszcze przez 2 tygodnie po ust\u0105pieniu objaw\u00f3w. Taki schemat dawkowania leku ma na celu nie tylko leczenie kandydozy, ale tez zapobieganie jej nawrotom. W przeciwnym razie istnieje du\u017ce ryzyko nawrotu <strong>grzybicy jamy ustnej.<\/strong><\/p>\n\n\n\n<h2 class=\"h2 h2--content-tag wp-block-heading\" id=\"przerwa\"><a href=\"#przerwa\"><mark style=\"background-color:rgba(0, 0, 0, 0)\" class=\"has-inline-color has-black-color\">Czy mo\u017cna przerwa\u0107 leczenie grzybicy jamy ustnej?<\/mark><\/a><\/h2>\n\n\n\n<p>Leczenie infekcji grzybiczej trwa d\u0142ugo, ale nie nale\u017cy jej lekcewa\u017cy\u0107, poniewa\u017c nieleczona grzybica jamy ustnej mo\u017ce powodowa\u0107 og\u00f3lnoustrojow\u0105 infekcj\u0119. Natomiast przerwana terapia mo\u017ce wi\u0105za\u0107 si\u0119 z nawrotem infekcji grzybiczej, a jej leczenie b\u0119dzie znacznie trudniejsze.<\/p>\n\n\n\n<h2 class=\"h2 h2--content-tag wp-block-heading\" id=\"wdomu\"><a href=\"#wdomu\"><mark style=\"background-color:rgba(0, 0, 0, 0)\" class=\"has-inline-color has-black-color\">Czy mo\u017cna leczy\u0107 grzybic\u0119 jamy ustnej domowymi sposobami?<\/mark><\/a><\/h2>\n\n\n\n<p>Wa\u017cnym elementem domowej walki z grzybic\u0105 jest odpowiednia dieta. Nale\u017cy przede wszystkim zrezygnowa\u0107 z alkoholu, bia\u0142ej m\u0105ki oraz produkt\u00f3w, kt\u00f3re j\u0105 zawieraj\u0105, s\u0142odyczy i wyrob\u00f3w zawieraj\u0105ce cukier oraz owoc\u00f3w.<\/p>\n\n\n\n<p>Nale\u017cy natomiast wprowadzi\u0107 warzywa, b\u0119d\u0105ce \u017ar\u00f3d\u0142em witaminy C, kwasu foliowego, \u017celaza, cynku oraz fermentowane produkty mleczne, kt\u00f3re zawieraj\u0105 probiotyki<\/p>\n\n\n\n<p>Warto te\u017c zadba\u0107 o w\u0142a\u015bciw\u0105 flor\u0119 bakteryjn\u0105 jelita cienkiego poprzez stosowanie probiotyk\u00f3w oraz wzmocnienie organizmu stosuj\u0105c witamin\u0119 C.<\/p>\n\n\n\n<p>Znajd\u0105 zastosowanie te\u017c p\u0142yny do <strong>p\u0142ukania jamy ustnej<\/strong> &#8211; woda utleniona, kwas borny, czy&nbsp;jodyna oczywi\u015bcie rozcie\u0144czone do odpowiedniego st\u0119\u017cenia oraz olejek z drzewa herbacianego, kt\u00f3ry \u015bwietnie nada si\u0119 do <strong>p\u0142ukania jamy ustnej<\/strong>.<\/p>\n\n\n\n<h2 class=\"h2 h2--content-tag wp-block-heading\" id=\"dom\"><a href=\"#dom\"><mark style=\"background-color:rgba(0, 0, 0, 0)\" class=\"has-inline-color has-black-color\">Czy leczenie kandydozy jamy ustnej domowymi sposobami b\u0119dzie wystarczaj\u0105ce?<\/mark><\/a><\/h2>\n\n\n\n<p>Stosowanie domowych metod leczenia oraz wspomagania organizmu pe\u0142ni jedynie funkcje pomocnicz\u0105. Zasadnicze leczenie grzybicy jamy ustnej przy pomocy \u015brodk\u00f3w farmakologicznych zaleca zawsze lekarz.<\/p>\n\n\n\n<p>Natomiast r\u00f3wnoleg\u0142e stosowanie metod domowych mo\u017ce wspom\u00f3c proces powrotu do zdrowia, zapobiegnie nawrotom choroby oraz ryzyko wyst\u0105pienia powa\u017cniejszych schorze\u0144.<\/p>\n\n\n\n<h2 class=\"h2 h2--content-tag wp-block-heading\" id=\"zapobiega\u0107\"><a href=\"#zapobiega\u0107\"><mark style=\"background-color:rgba(0, 0, 0, 0)\" class=\"has-inline-color has-black-color\">Jak zapobiega\u0107 grzybicy jamy ustnej?<\/mark><\/a><\/h2>\n\n\n\n<p>Zapobieganie <strong>grzybicy jamy ustnej <\/strong>polega g\u0142\u00f3wnie na ca\u0142o\u015bciowym dbaniu o stan swojego zdrowia. Niedobory \u017celaza oraz witamin, szczeg\u00f3lnie z grupy witamin B, mo\u017ce prowadzi\u0107 do zmian w ci\u0105g\u0142o\u015bci b\u0142on \u015bluzowych, co u\u0142atwi penetracj\u0119 grzyb\u00f3w do tkanek g\u0142\u0119bszych.<\/p>\n\n\n\n<p>Nale\u017cy te\u017c zrezygnowa\u0107 z palenia papieros\u00f3w, dba\u0107 o higien\u0119<strong> jamy ustnej <\/strong>oraz poprzez w\u0142a\u015bciw\u0105 diet\u0119 zadba\u0107 o naturaln\u0105 mikroflor\u0119 organizmu.<\/p>\n","protected":false},"author":1,"featured_media":0,"template":"","tags":[2383,1995,2385,2433],"guide_category":[113],"class_list":["post-15181","tm-guide","type-tm-guide","status-publish","hentry","tag-grzybica-2","tag-jamaustna","tag-kandydoza","tag-leczeniegrzybicy","guide_category-jama-ustna"],"acf":[],"lang":"pl","translations":{"pl":15181},"_links":{"self":[{"href":"https:\/\/telemedi.com\/tm-api\/wp\/v2\/tm-guide\/15181","targetHints":{"allow":["GET"]}}],"collection":[{"href":"https:\/\/telemedi.com\/tm-api\/wp\/v2\/tm-guide"}],"about":[{"href":"https:\/\/telemedi.com\/tm-api\/wp\/v2\/types\/tm-guide"}],"author":[{"embeddable":true,"href":"https:\/\/telemedi.com\/tm-api\/wp\/v2\/users\/1"}],"wp:attachment":[{"href":"https:\/\/telemedi.com\/tm-api\/wp\/v2\/media?parent=15181"}],"wp:term":[{"taxonomy":"post_tag","embeddable":true,"href":"https:\/\/telemedi.com\/tm-api\/wp\/v2\/tags?post=15181"},{"taxonomy":"guide_category","embeddable":true,"href":"https:\/\/telemedi.com\/tm-api\/wp\/v2\/guide_category?post=15181"}],"curies":[{"name":"wp","href":"https:\/\/api.w.org\/{rel}","templated":true}]}}