{"id":15473,"date":"2023-02-26T19:50:05","date_gmt":"2023-02-26T18:50:05","guid":{"rendered":"https:\/\/telemedi.com\/?post_type=tm-guide&#038;p=15473"},"modified":"2024-10-02T20:18:14","modified_gmt":"2024-10-02T18:18:14","slug":"bol-glowy-u-dzieci","status":"publish","type":"tm-guide","link":"https:\/\/telemedi.com\/pl\/poradnik\/bol-glowy-u-dzieci\/","title":{"rendered":"<strong>B\u00f3l g\u0142owy u dzieci<\/strong>"},"content":{"rendered":"\n<h2 class=\"h2 h2--content-tag wp-block-heading\" id=\"1\"><strong>B\u00f3l g\u0142owy u dzieci<\/strong><\/h2>\n\n\n\n<p>Dzieci i m\u0142odzie\u017c cz\u0119sto skar\u017c\u0105 si\u0119 na b\u00f3l g\u0142owy. Pow\u00f3d b\u00f3lu g\u0142owy u dzieci mo\u017ce by\u0107 b\u0142ahy, ale mo\u017ce by\u0107 te\u017c objawem choroby, a nawet stanu zagra\u017caj\u0105cego \u017cyciu.&nbsp;<\/p>\n\n\n\n<p>Rodzice powinni pozna\u0107 domowe sposoby na z\u0142agodzenie b\u00f3lu g\u0142owy u swojego dziecka, a tak\u017ce wiedzie\u0107, kiedy uda\u0107 si\u0119 do lekarza.<\/p>\n\n\n\n<h2 class=\"h2 h2--content-tag wp-block-heading\" id=\"2\">Rodzaje b\u00f3l\u00f3w g\u0142owy u dziecka&nbsp;<\/h2>\n\n\n\n<p><strong>B\u00f3le g\u0142owy<\/strong>&nbsp;to cz\u0119sta dolegliwo\u015b\u0107 u dzieci i m\u0142odzie\u017cy. Dziecko boli g\u0142owa i nie idzie do szko\u0142y i jest to pow\u00f3d co trzeciej nieobecno\u015bci w szkole i ponad 20% hospitalizacji na oddzia\u0142ach neurologii dzieci\u0119cej.&nbsp;<\/p>\n\n\n\n<p>B\u00f3le g\u0142owy mog\u0105 dotyczy\u0107 tak\u017ce ma\u0142ych dzieci, nawet tych poni\u017cej 3 roku \u017cycia, a w\u015br\u00f3d pi\u0119ciolatk\u00f3w problem ten dotyka prawie co pi\u0105te dziecko.&nbsp;<\/p>\n\n\n\n<p>Rozr\u00f3\u017cnienie b\u00f3l\u00f3w g\u0142owy u dzieci jest wyzwaniem dla lekarzy.<\/p>\n\n\n\n<p>Wyr\u00f3\u017cnia si\u0119 kilka rodzaj\u00f3w b\u00f3lu g\u0142owy u dzieci:&nbsp;<\/p>\n\n\n\n<ul class=\"wp-block-list\">\n<li>samoistne, czyli takie bez daj\u0105cej ustali\u0107 przyczyny, bez wyra\u017anej przyczyny &#8211; migrenowe b\u00f3le g\u0142owy, klastrowe b\u00f3le g\u0142owy i b\u00f3le napi\u0119ciowe,<\/li>\n\n\n\n<li>objawowe, czyli wynikaj\u0105ce z trwaj\u0105cej choroby ma\u0142ego pacjenta,&nbsp;<\/li>\n\n\n\n<li>nerwob\u00f3le nerw\u00f3w czaszkowych,&nbsp;<\/li>\n\n\n\n<li>b\u00f3le niesklasyfikowane o niecharakterystycznych objawach.&nbsp;<\/li>\n<\/ul>\n\n\n\n<p>U 1\/4 dzieci wyst\u0119puj\u0105 przewlek\u0142e b\u00f3le g\u0142owy.<\/p>\n\n\n\n<h2 class=\"h2 h2--content-tag wp-block-heading\" id=\"3\">Samoistne b\u00f3le g\u0142owy u dzieci<\/h2>\n\n\n\n<p><strong>B\u00f3le migrenowe<\/strong>&nbsp;u dzieci<\/p>\n\n\n\n<p>Migrena u dzieci przebiega obustronnie, a b\u00f3l zlokalizowany w potylicy rzadko dotyczy najm\u0142odszej grupy wiekowej. Towarzyszy jej nadwra\u017cliwo\u015b\u0107 na d\u017awi\u0119ki i \u015bwiat\u0142o i mog\u0105 towarzyszy\u0107 nudno\u015bci i wymioty. Co charakterystyczne aktywno\u015b\u0107 fizyczna nasila jej objawy. Pomimo, \u017ce migrena nie jest gro\u017an\u0105 chorob\u0105, przysparza cierpienia i utrudnia normalne funkcjonowanie. Zauwa\u017cono, \u017ce wyst\u0119puje ona cz\u0119\u015bciej u dzieci, kt\u00f3re jako niemowl\u0119ta cierpia\u0142y na kolk\u0119, a tak\u017ce u tych, kt\u00f3re cierpi\u0105 na oty\u0142o\u015b\u0107.<\/p>\n\n\n\n<p><strong>Napi\u0119ciowe b\u00f3le g\u0142owy&nbsp;<\/strong><\/p>\n\n\n\n<p>Napi\u0119ciowe b\u00f3le g\u0142owy u dzieci opisywane s\u0105 jako \u015bciskaj\u0105cy b\u00f3l o s\u0142abym lub umiarkowanym nasileniu. Normalna aktywno\u015b\u0107 fizyczna nie ma wp\u0142ywu na jego nasilenie.<\/p>\n\n\n\n<p><strong>Klasterowe b\u00f3le g\u0142owy<\/strong><\/p>\n\n\n\n<p>Klasterowe b\u00f3le g\u0142owy charakteryzuj\u0105 si\u0119 silnym b\u00f3lem, a b\u00f3l umiejscowiony z jednej strony na skroni, czole lub w okolicy oczodo\u0142\u00f3w. Mo\u017ce on promieniowa\u0107 w stron\u0119 ucha lub policzka, powoduj\u0105c uczucie zatkania nosa po jednej stronie, a towarzyszy\u0107 mu mo\u017ce \u0142zawienie, obrz\u0119k powiek i zaczerwienienie spoj\u00f3wek. W trakcie napadu b\u00f3lu dziecko jest pobudzone ruchowo i niespokojne.<\/p>\n\n\n\n<h2 class=\"h2 h2--content-tag wp-block-heading\" id=\"4\">B\u00f3l g\u0142owy u dziecka \u2013 mo\u017cliwe przyczyny&nbsp;<\/h2>\n\n\n\n<p>Samoistnie b\u00f3le g\u0142owy, bez uchwytnej przyczyny, to wi\u0119kszo\u015b\u0107 przypadk\u00f3w b\u00f3l\u00f3w g\u0142owy u dzieci. W pozosta\u0142ych przypadkach, najcz\u0119stsze przyczyny b\u00f3lu g\u0142owy u dzieci to: infekcje, lekkie urazy, odwodnienie,&nbsp;d\u0142ugie wpatrywanie si\u0119 w ekran,&nbsp;wady wzroku (b\u00f3l nasila si\u0119 wtedy po po\u0142udniu i wieczorem),&nbsp;stres i zm\u0119czenie, niewyspanie i zbyt ma\u0142a aktywno\u015b\u0107 fizyczna,&nbsp;udar s\u0142oneczny,&nbsp;niezdrowa dieta, nadwra\u017cliwo\u015b\u0107 na jakie\u015b substancje i alergie, choroby paso\u017cytnicze,&nbsp;zapalenie zatok \u2013 b\u00f3l nasila si\u0119 przy pochylaniu g\u0142owy,&nbsp; zatrucie tlenkiem w\u0119gla, nadci\u015bnienie t\u0119tnicze, choroby psychiczne,&nbsp;zapalenie opon m\u00f3zgowo-rdzeniowych (inne charakterystyczne objawy to gor\u0105czka, sztywno\u015b\u0107 karku, wymioty i zaburzenia \u015bwiadomo\u015bci),&nbsp;choroby neurologiczne, guz m\u00f3zgu.<\/p>\n\n\n\n<h2 class=\"h2 h2--content-tag wp-block-heading\" id=\"5\">Kiedy b\u00f3l g\u0142owy u dziecka powinien zaniepokoi\u0107 rodzica?&nbsp;<\/h2>\n\n\n\n<p>Niepokoj\u0105ce objawy to przede wszystkim nag\u0142e pojawienie si\u0119 silnego b\u00f3lu g\u0142owy. Rodzic powinien zwr\u00f3ci\u0107 uwag\u0119 na:<\/p>\n\n\n\n<ul class=\"wp-block-list\">\n<li>okoliczno\u015bci wyst\u0105pienia b\u00f3lu g\u0142owy (np. b\u00f3l g\u0142owy po upadku i uderzeniu, uraz g\u0142owy),<\/li>\n\n\n\n<li>towarzysz\u0105ce b\u00f3lowi inne objawy, jak zawroty g\u0142owy, zaburzenia r\u00f3wnowagi, zaburzenia mowy, utrata przytomno\u015bci, nadmierne pragnienie, zaburzenia \u015bwiadomo\u015bci, wzroku, zaburzenia widzenia; niepokoi\u0107 powinna sytuacja, gdy b\u00f3lowi g\u0142owy towarzyszy gor\u0105czka, sztywno\u015b\u0107 karku, gdy dziecko wymiotuje.<\/li>\n<\/ul>\n\n\n\n<p>W takim przypadku nale\u017cy niezw\u0142ocznie wezwa\u0107 pomoc lekarsk\u0105!<\/p>\n\n\n\n<h2 class=\"h2 h2--content-tag wp-block-heading\" id=\"6\">Diagnostyka b\u00f3lu g\u0142owy u dzieci<\/h2>\n\n\n\n<p>Diagnostyka b\u00f3l\u00f3w g\u0142owy u dzieci zaczyna si\u0119 zwykle u pediatry od szczeg\u00f3\u0142owego wywiad lekarskiego przeprowadzanego zar\u00f3wno z dzieckiem, jak i rodzicem. Potem konieczne mog\u0105 by\u0107 badania przedmiotowe, jak pomiar ci\u015bnieniem t\u0119tniczego, temperatury, ale te\u017c obwodu g\u0142owy czy badania neurologiczne i wyj\u0105tkowych przypadkach obrazowe &#8211; rezonans magnetyczny (MRI), tomografia komputerowa.<\/p>\n\n\n\n<p>Rodzic powinien si\u0119 przygotowa\u0107 do udzielenia odpowiedzi na pytania, kiedy b\u00f3le g\u0142owy pojawiaj\u0105 si\u0119 najcz\u0119\u015bciej &#8211; np. wieczorne b\u00f3le g\u0142owy, jak cz\u0119sto si\u0119 pojawiaj\u0105, co pomaga dziecku.<\/p>\n\n\n\n<h2 class=\"h2 h2--content-tag wp-block-heading\" id=\"7\">Leczenie farmakologiczne b\u00f3lu g\u0142owy u dziecka&nbsp;<\/h2>\n\n\n\n<p>Ka\u017cdy przypadek&nbsp;<strong>b\u00f3lu g\u0142owy u dziecka<\/strong>&nbsp;powinien zosta\u0107 skonsultowany z lekarzem pediatr\u0105. Je\u015bli przyczyna b\u00f3lu jest znana i nie zagra\u017ca zdrowiu, ani \u017cyciu dziecka, odczuwanie b\u00f3lu mo\u017cna zminimalizowa\u0107, podaj\u0105c leki bez recepty, jak paracetamol i ibuprofen, czy je\u015bli b\u00f3lowi g\u0142owy towarzyszy gor\u0105czka, katar, podaj dziecku \u015brodek przeciwgor\u0105czkowy.<\/p>\n\n\n\n<p>Podejmuj\u0105c si\u0119 samodzielnego leczenia b\u00f3lu g\u0142owy u dziecka, nale\u017cy pami\u0119ta\u0107, \u017ce:&nbsp;<\/p>\n\n\n\n<ul class=\"wp-block-list\">\n<li>dzieciom do 12. roku \u017cycia nie wolno podawa\u0107 aspiryny,<\/li>\n\n\n\n<li>nie nale\u017cy podawa\u0107 dzieciom ergotiaminy,<\/li>\n\n\n\n<li>nie wolno poda\u0107 dzieciom lek\u00f3w na recept\u0119, kt\u00f3re by\u0142y przepisane innej osobie, zw\u0142aszcza osobie doros\u0142ej, &nbsp;<\/li>\n\n\n\n<li>nie wolno lekcewa\u017cy\u0107 du\u017cego nasilenia b\u00f3lu u dziecka, kt\u00f3re nie reaguje na leczenie dost\u0119pnymi lekami bez recepty.<\/li>\n<\/ul>\n\n\n\n<p>Leczenie nawracaj\u0105cych migren u dzieci jest konieczne i jest ustalane przez lekarza. Migrena &#8211; nawracaj\u0105cy b\u00f3l g\u0142owy u dziecka mo\u017ce powodowa\u0107 bowiem problemy emocjonalne u dziecka &#8211; agresj\u0119, nadmiern\u0105 impulsywno\u015b\u0107 i zaburzeniami koncentracji.&nbsp;<\/p>\n\n\n\n<h2 class=\"h2 h2--content-tag wp-block-heading\" id=\"8\">Domowe sposoby na b\u00f3l g\u0142owy u dzieci&nbsp;<\/h2>\n\n\n\n<p>Domowe sposoby leczenia b\u00f3lu g\u0142owy obejmuj\u0105 zimne ok\u0142ady na czo\u0142o, odpoczynek w pozycji le\u017c\u0105cej, w cichym, zaciemnionym miejscu,&nbsp;podanie lek\u00f3w przeciwb\u00f3lowych bez recepty. Pomocny mo\u017ce by\u0107 te\u017c masa\u017c g\u0142owy i akupresura.<\/p>\n\n\n\n<p>Wa\u017cne jest te\u017c zapobieganie, a tym samym unikanie sytuacji mog\u0105cy powodowa\u0107 b\u00f3l g\u0142owy u dzieci. Nale\u017cy dba\u0107 o odpowiedni\u0105 ilo\u015b\u0107 snu,&nbsp;o ograniczenie lub rezygnacj\u0119 w diecie ze s\u0142odyczy i wysoko przetworzonej \u017cywno\u015bci,&nbsp;o odpowiedni\u0105 ilo\u015b\u0107 ruch na \u015bwie\u017cym powietrzu,&nbsp;ograniczenie czasu sp\u0119dzanego przed ekranami i odpowiedni\u0105 poda\u017c w diecie lub suplementacj\u0119 witaminy D.<\/p>\n\n\n\n<p><strong>Przeczytaj tak\u017ce o:<\/strong><\/p>\n\n\n\n<figure class=\"wp-block-embed is-type-wp-embed is-provider-telemedi wp-block-embed-telemedi\"><div class=\"wp-block-embed__wrapper\">\n<blockquote class=\"wp-embedded-content\" data-secret=\"YypOMueCr3\"><a href=\"https:\/\/telemedi.com\/pl\/poradnik\/bole-glowy-w-skroniach-przyczyny-i-leczenie\/\">B\u00f3le g\u0142owy w skroniach &#8211; przyczyny i leczenie<\/a><\/blockquote><iframe loading=\"lazy\" class=\"wp-embedded-content\" sandbox=\"allow-scripts\" security=\"restricted\" style=\"position: absolute; visibility: hidden;\" title=\"&#8222;B\u00f3le g\u0142owy w skroniach &#8211; przyczyny i leczenie&#8221; &#8212; Telemedi\" src=\"https:\/\/telemedi.com\/pl\/poradnik\/bole-glowy-w-skroniach-przyczyny-i-leczenie\/embed\/#?secret=mmy5AxkR8c#?secret=YypOMueCr3\" data-secret=\"YypOMueCr3\" width=\"600\" height=\"338\" frameborder=\"0\" marginwidth=\"0\" marginheight=\"0\" scrolling=\"no\"><\/iframe>\n<\/div><\/figure>\n\n\n\n<figure class=\"wp-block-embed is-type-wp-embed is-provider-telemedi wp-block-embed-telemedi\"><div class=\"wp-block-embed__wrapper\">\n<blockquote class=\"wp-embedded-content\" data-secret=\"l14Qif7rzP\"><a href=\"https:\/\/telemedi.com\/pl\/poradnik\/biegunka-i-goraczka-co-moga-oznaczac-te-objawy\/\">Biegunka i&nbsp;gor\u0105czka &#8211; co&nbsp;mog\u0105 oznacza\u0107 te&nbsp;objawy?<\/a><\/blockquote><iframe loading=\"lazy\" class=\"wp-embedded-content\" sandbox=\"allow-scripts\" security=\"restricted\" style=\"position: absolute; visibility: hidden;\" title=\"&#8222;Biegunka i&nbsp;gor\u0105czka &#8211; co&nbsp;mog\u0105 oznacza\u0107 te&nbsp;objawy?&#8221; &#8212; Telemedi\" src=\"https:\/\/telemedi.com\/pl\/poradnik\/biegunka-i-goraczka-co-moga-oznaczac-te-objawy\/embed\/#?secret=4kWpdv8o1f#?secret=l14Qif7rzP\" data-secret=\"l14Qif7rzP\" width=\"600\" height=\"338\" frameborder=\"0\" marginwidth=\"0\" marginheight=\"0\" scrolling=\"no\"><\/iframe>\n<\/div><\/figure>\n\n\n\n<figure class=\"wp-block-embed is-type-wp-embed is-provider-telemedi wp-block-embed-telemedi\"><div class=\"wp-block-embed__wrapper\">\n<blockquote class=\"wp-embedded-content\" data-secret=\"D6M7tN47zo\"><a href=\"https:\/\/telemedi.com\/pl\/poradnik\/bol-glowy-z-przodu-czego-jest-objawem-i-jak-sobie-z-nim-radzic\/\">B\u00f3l g\u0142owy z&nbsp;przodu &#8211; czego jest objawem i&nbsp;jak sobie z&nbsp;nim radzi\u0107?<\/a><\/blockquote><iframe loading=\"lazy\" class=\"wp-embedded-content\" sandbox=\"allow-scripts\" security=\"restricted\" style=\"position: absolute; visibility: hidden;\" title=\"&#8222;B\u00f3l g\u0142owy z&nbsp;przodu &#8211; czego jest objawem i&nbsp;jak sobie z&nbsp;nim radzi\u0107?&#8221; &#8212; Telemedi\" src=\"https:\/\/telemedi.com\/pl\/poradnik\/bol-glowy-z-przodu-czego-jest-objawem-i-jak-sobie-z-nim-radzic\/embed\/#?secret=U6j61o2ccE#?secret=D6M7tN47zo\" data-secret=\"D6M7tN47zo\" width=\"600\" height=\"338\" frameborder=\"0\" marginwidth=\"0\" marginheight=\"0\" scrolling=\"no\"><\/iframe>\n<\/div><\/figure>\n","protected":false},"author":1,"featured_media":0,"template":"","tags":[2909,2911,2917,2915,2913],"guide_category":[81],"class_list":["post-15473","tm-guide","type-tm-guide","status-publish","hentry","tag-bol-glowy-u-dzieci","tag-bole-glowy-u-dzieci-i-mlodziezy","tag-klasterowe-bole-glowy-u-dzieci","tag-migrena-u-dzieci","tag-samoistne-bole-glowy","guide_category-glowa"],"acf":[],"lang":"pl","translations":{"pl":15473},"_links":{"self":[{"href":"https:\/\/telemedi.com\/tm-api\/wp\/v2\/tm-guide\/15473","targetHints":{"allow":["GET"]}}],"collection":[{"href":"https:\/\/telemedi.com\/tm-api\/wp\/v2\/tm-guide"}],"about":[{"href":"https:\/\/telemedi.com\/tm-api\/wp\/v2\/types\/tm-guide"}],"author":[{"embeddable":true,"href":"https:\/\/telemedi.com\/tm-api\/wp\/v2\/users\/1"}],"wp:attachment":[{"href":"https:\/\/telemedi.com\/tm-api\/wp\/v2\/media?parent=15473"}],"wp:term":[{"taxonomy":"post_tag","embeddable":true,"href":"https:\/\/telemedi.com\/tm-api\/wp\/v2\/tags?post=15473"},{"taxonomy":"guide_category","embeddable":true,"href":"https:\/\/telemedi.com\/tm-api\/wp\/v2\/guide_category?post=15473"}],"curies":[{"name":"wp","href":"https:\/\/api.w.org\/{rel}","templated":true}]}}