{"id":16668,"date":"2023-04-15T23:12:26","date_gmt":"2023-04-15T21:12:26","guid":{"rendered":"https:\/\/telemedi.com\/?post_type=tm-guide&#038;p=16668"},"modified":"2023-06-27T15:19:09","modified_gmt":"2023-06-27T13:19:09","slug":"klasterowy-bol-glowy","status":"publish","type":"tm-guide","link":"https:\/\/telemedi.com\/pl\/poradnik\/klasterowy-bol-glowy\/","title":{"rendered":"Klasterowy b\u00f3l g\u0142owy"},"content":{"rendered":"\n<h2 class=\"h2 h2--content-tag wp-block-heading\" id=\"epi\"><a href=\"#epi\"><mark style=\"background-color:rgba(0, 0, 0, 0)\" class=\"has-inline-color has-black-color\">Klasterowy b\u00f3l g\u0142owy &#8211; epidemiologia<\/mark><\/a><\/h2>\n\n\n\n<p>Choroba jest do\u015b\u0107 rzadka i prawdopodobnie jeszcze rzadziej rozpoznawana. Na podstawie nielicznych bada\u0144 epidemiologicznych cz\u0119sto\u015b\u0107 wyst\u0119powania szacuje si\u0119 na oko\u0142o 50 przypadk\u00f3w na 100 tysi\u0119cy os\u00f3b w populacji.<\/p>\n\n\n\n<p>Choroba mo\u017ce rozpocz\u0105\u0107 si\u0119 w ka\u017cdym wieku, r\u00f3wnie\u017c u dzieci i os\u00f3b starszych, ale <strong>szczyt zachorowa\u0144 przypada<\/strong> na 20.\u201330. rok \u017cycia. Znacznie <strong>cz\u0119\u015bciej dotyczy m\u0119\u017cczyzn<\/strong>. Choroba wyst\u0119puje <strong>dziewi\u0119\u0107 razy cz\u0119\u015bciej<\/strong> u m\u0119\u017cczyzn, ni\u017c u kobiet.<\/p>\n\n\n\n<h2 class=\"h2 h2--content-tag wp-block-heading\" id=\"objaw\"><a href=\"#objaw\"><mark style=\"background-color:rgba(0, 0, 0, 0)\" class=\"has-inline-color has-black-color\">Objawy klasterowego b\u00f3lu g\u0142owy<\/mark><\/a><\/h2>\n\n\n\n<p>Cech\u0105 charakterystyczn\u0105 opisywanego b\u00f3lu jest jednostronny b\u00f3l g\u0142owy, dotkliwy, rozdzieraj\u0105cy b\u00f3l w obr\u0119bie oczodo\u0142u, skroni i cz\u0119sto \u2013 czo\u0142a, Towarzysz\u0105 mu <strong>objawy wegetatywne<\/strong> pod postaci\u0105: <strong>przekrwienie spoj\u00f3wek<\/strong>, \u0142zawienia, wycieku z nosa lub <strong>uczucie zatkania nosa<\/strong>, <strong>obrz\u0119k b\u0142ony \u015bluzowej nosa, <\/strong>obrz\u0119ku powieki i zespo\u0142u Hornera (zw\u0119\u017cenie \u017arenicy, opadanie powieki), nadmierne pocenie si\u0119 twarzy, <strong>zaczerwienienie twarzy<\/strong>, uczucie zatkanego nosa, w skrajnych przypadkach nudno\u015bci i wymioty.<\/p>\n\n\n\n<p>Opisywane objawy utrzymuj\u0105 si\u0119 od 15 do 180 minut, pojawiaj\u0105 si\u0119 od 1 do 8 razy dziennie. Napad klasterowego b\u00f3lu g\u0142owy jest natomiast kr\u00f3tkotrwa\u0142y &#8211; trwa od kilkunastu minut do kilku godzin.<\/p>\n\n\n\n<p>Czas ten w znacz\u0105cy spos\u00f3b odr\u00f3\u017cnia <strong>klasterowe b\u00f3le g\u0142owy<\/strong> od b\u00f3lu migrenowego (napad migreny z faz\u0105 b\u00f3lu mo\u017ce trwa\u0107 ponad 72 godziny) czy napi\u0119ciowego b\u00f3lu g\u0142owy (<strong>dolegliwo\u015bci b\u00f3lowe<\/strong> utrzymuj\u0105 si\u0119 zwykle przez kilka godzin, narastaj\u0105c).<\/p>\n\n\n\n<p>U oko\u0142o 90% chorych napady wyst\u0119puj\u0105 okresowo. Okres taki \u2013 nazywany klasterem (od angielskiego s\u0142owa cluster \u2013 p\u0119k, wi\u0105zka) trwa od kilku tygodni do kilku miesi\u0119cy.<\/p>\n\n\n\n<p>Pomi\u0119dzy klasterami obserwuje si\u0119 okresy remisji, kt\u00f3rych d\u0142ugo\u015b\u0107 jest zmienna osobniczo \u2013 mog\u0105 trwa\u0107 kilka tygodni, miesi\u0119cy, a nawet lat.<\/p>\n\n\n\n<h2 class=\"h2 h2--content-tag wp-block-heading\" id=\"przycz\"><a href=\"#przycz\"><mark style=\"background-color:rgba(0, 0, 0, 0)\" class=\"has-inline-color has-black-color\">Klasterowy b\u00f3l g\u0142owy \u2013 przyczyny<\/mark><\/a><\/h2>\n\n\n\n<p><strong>Klasterowe b\u00f3le g\u0142owy<\/strong> uznawane s\u0105 za najsilniejsze w\u015br\u00f3d wszystkich <strong>rodzaj\u00f3w b\u00f3l\u00f3w g\u0142owy<\/strong>, wyst\u0119puj\u0105 pod postaci\u0105 epizodyczn\u0105 oraz przewlek\u0142\u0105.<\/p>\n\n\n\n<p>Etiologia choroby nie jest poznana. Pod uwag\u0119 bierze si\u0119 mechanizmy immunologiczne, zaburzenia hormonalne lub neuropeptydowe.<\/p>\n\n\n\n<p>Niekt\u00f3rzy sugeruj\u0105, \u017ce inn\u0105 przyczyn\u0105 wyst\u0105pienia tej choroby mo\u017ce by\u0107 zapalenie struktury kostnej, w kt\u00f3rej pobli\u017cu przebiega <strong>nerw tr\u00f3jdzielny<\/strong><\/p>\n\n\n\n<p>Z ostatnich doniesie\u0144 wynika, \u017ce w czasie napadu dochodzi do aktywacji tylnego podwzg\u00f3rza, ale dok\u0142adnie znaczenie tego odkrycia nie jest znane.<\/p>\n\n\n\n<h2 class=\"h2 h2--content-tag wp-block-heading\" id=\"rodzaje\"><a href=\"#rodzaje\"><mark style=\"background-color:rgba(0, 0, 0, 0)\" class=\"has-inline-color has-black-color\">Rodzaje klasterowych b\u00f3l\u00f3w g\u0142owy<\/mark><\/a><\/h2>\n\n\n\n<p>Rozr\u00f3\u017cnia si\u0119 posta\u0107 epizodyczn\u0105 oraz przewlek\u0142\u0105 <strong>klasterowego b\u00f3lu g\u0142owy<\/strong>.<\/p>\n\n\n\n<p>W pierwszej postaci <strong>okresy b\u00f3lowe<\/strong> mog\u0105 trwa\u0107 od 7 dni do roku i s\u0105 rozdzielone przynajmniej 14-dniowymi okresami remisji.<\/p>\n\n\n\n<p>Natomiast w postaci przewlek\u0142ej, kt\u00f3ra wyst\u0119puje u oko\u0142o 10% chorych, okresy b\u00f3lowe trwaj\u0105 d\u0142u\u017cej ni\u017c rok, a remisje trwaj\u0105 kr\u00f3cej ni\u017c 14 dni lub nie ma ich wcale.<\/p>\n\n\n\n<h2 class=\"h2 h2--content-tag wp-block-heading\" id=\"corobi\"><a href=\"#corobi\"><mark style=\"background-color:rgba(0, 0, 0, 0)\" class=\"has-inline-color has-black-color\">Co robi\u0107 w&nbsp;przypadku wyst\u0105pienia objaw\u00f3w klasterowego b\u00f3lu g\u0142owy?<\/mark><\/a><\/h2>\n\n\n\n<p><strong>B\u00f3l pojawia<\/strong> si\u0119 zazwyczaj w trakcie snu (nawet w ci\u0105gu dnia). W trakcie <strong>klasterowego b\u00f3lu<\/strong> <strong>g\u0142owy<\/strong> chory zachowuje si\u0119 w charakterystyczny spos\u00f3b &#8211; jest pobudzony ruchowo, uciska bol\u0105ce miejsca.<\/p>\n\n\n\n<p>Po zaobserwowaniu pierwszych objaw\u00f3w nale\u017cy uda\u0107 si\u0119 do specjalisty w celu diagnostyki i wprowadzenia odpowiedniego leczenia oraz wdro\u017cenia dzia\u0142a\u0144 profilaktycznych, kt\u00f3re poprawi\u0105 <strong>codzienne funkcjonowanie<\/strong>.<\/p>\n\n\n\n<h2 class=\"h2 h2--content-tag wp-block-heading\" id=\"lekarz\"><a href=\"#lekarz\"><mark style=\"background-color:rgba(0, 0, 0, 0)\" class=\"has-inline-color has-black-color\">W jaki spos\u00f3b lekarz ustala rozpoznanie klasterowego b\u00f3lu g\u0142owy?<\/mark><\/a><\/h2>\n\n\n\n<p>Rozpoznanie choroby jest stosunkowo \u0142atwe, pod warunkiem, \u017ce specjalista pami\u0119ta o istnieniu tej jednostki chorobowej.<\/p>\n\n\n\n<p>Cho\u0107 opis napadu b\u00f3lu jest bardzo znamienny, cz\u0119sto zdarza si\u0119, \u017ce czas, jaki up\u0142ywa od wyst\u0105pienia pierwszych objaw\u00f3w do postawienia w\u0142a\u015bciwej diagnozy, wynosi nawet kilka lat. Oczywi\u015bcie \u2013 jak przy ka\u017cdym b\u00f3lu g\u0142owy \u2013 zawsze nale\u017cy przeprowadzi\u0107 badania obrazowe(rezonans magnetyczny), aby nie pomin\u0105\u0107 przyczyny objawowej <strong>b\u00f3lu g\u0142owy <\/strong>(np. guza m\u00f3zgu). W literaturze zanotowano kilka takich przypadk\u00f3w.<\/p>\n\n\n\n<h2 class=\"h2 h2--content-tag wp-block-heading\" id=\"lecz\"><a href=\"#lecz\"><mark style=\"background-color:rgba(0, 0, 0, 0)\" class=\"has-inline-color has-black-color\">Leczenie klasterowego b\u00f3lu g\u0142owy<\/mark><\/a><\/h2>\n\n\n\n<p><strong>Leczenie klasterowego b\u00f3lu g\u0142owy<\/strong> odbywa si\u0119 w dw\u00f3ch obszarach. Po pierwsze, nale\u017cy doprowadzi\u0107 do jak najszybszego przerwania napadu, gdy taki si\u0119 pojawi. Po drugie, z pomoc\u0105 farmakologii d\u0105\u017cy si\u0119 do zmniejszenia ilo\u015bci klaster\u00f3w i wyd\u0142u\u017cenia okresu remisji.<\/p>\n\n\n\n<p>Do przerywania napad\u00f3w stosuje si\u0119 tlen. Nale\u017cy go poda\u0107 przez mask\u0119 nosowo-twarzow\u0105 w przep\u0142ywie min. 7 litr\u00f3w na minut\u0119.<\/p>\n\n\n\n<p>Wa\u017cny jest czas podania tlenu \u2013 im szybciej, tym lepiej. Je\u015bli b\u00f3l rozwinie si\u0119 w pe\u0142ni, tlen rzadko bywa pomocny.<\/p>\n\n\n\n<p>Drug\u0105 wa\u017cn\u0105 rzecz\u0105, o kt\u00f3rej nale\u017cy pami\u0119ta\u0107, jest d\u0142ugo\u015b\u0107 inhalacji \u2013 musi ona trwa\u0107 przynajmniej kilkana\u015bcie minut. Inny skuteczny spos\u00f3b przerywania napadu stanowi\u0105 tryptany \u2013 najlepszym preparatem z tej grupy jest sumatryptan w formie donosowego sprayu lub w iniekcji.<\/p>\n\n\n\n<p>Lekami, kt\u00f3rych skuteczno\u015b\u0107 wykazano w profilaktyce klasterowych b\u00f3l\u00f3w g\u0142owy, s\u0105 werapamil oraz lit.<\/p>\n\n\n\n<p>Werapami, kt\u00f3ry zawiera <strong>blokery kana\u0142u wapniowego, <\/strong>ajego mechanizm dzia\u0142ania w <strong>klasterowym b\u00f3lu g\u0142owy<\/strong> nie jest do ko\u0144ca poznany.<\/p>\n\n\n\n<p>Drugi lek r\u00f3wnie\u017c jest nietypowy w omawianym zastosowaniu i zupe\u0142nie nie kojarzy si\u0119 z leczeniem typowych b\u00f3l\u00f3w g\u0142owy. Lit stosuje si\u0119 bowiem przede wszystkim w leczeniu stan\u00f3w maniakalnych, a tak\u017ce \u2013 w zapobieganiu psychozie afektywnej jedno- i dwubiegunowej.<\/p>\n\n\n\n<p>Dawka litu w klasterowym b\u00f3lu g\u0142owy to oko\u0142o 600-900 mg na dob\u0119. Do czasu, gdy lit lub werapamil zaczn\u0105 dzia\u0142a\u0107, u chorych cz\u0119sto stosuje si\u0119 sterydy w formie do\u017cylnej (np. metyloprednizolon) lub doustnej (np. prednizon), stopniowo zmniejszaj\u0105c ich dawk\u0119.<\/p>\n\n\n\n<p><strong>Przeczytaj tak\u017ce o:<\/strong><\/p>\n\n\n\n<figure class=\"wp-block-embed is-type-wp-embed is-provider-telemedi wp-block-embed-telemedi\"><div class=\"wp-block-embed__wrapper\">\n<blockquote class=\"wp-embedded-content\" data-secret=\"TGYe6c1yyP\"><a href=\"https:\/\/telemedi.com\/pl\/poradnik\/bol-glowy-z-przodu-czego-jest-objawem-i-jak-sobie-z-nim-radzic\/\">B\u00f3l g\u0142owy z&nbsp;przodu &#8211; czego jest objawem i&nbsp;jak sobie z&nbsp;nim radzi\u0107?<\/a><\/blockquote><iframe loading=\"lazy\" class=\"wp-embedded-content\" sandbox=\"allow-scripts\" security=\"restricted\" style=\"position: absolute; visibility: hidden;\" title=\"&#8222;B\u00f3l g\u0142owy z&nbsp;przodu &#8211; czego jest objawem i&nbsp;jak sobie z&nbsp;nim radzi\u0107?&#8221; &#8212; Telemedi\" src=\"https:\/\/telemedi.com\/pl\/poradnik\/bol-glowy-z-przodu-czego-jest-objawem-i-jak-sobie-z-nim-radzic\/embed\/#?secret=5lIFxlAq9u#?secret=TGYe6c1yyP\" data-secret=\"TGYe6c1yyP\" width=\"600\" height=\"338\" frameborder=\"0\" marginwidth=\"0\" marginheight=\"0\" scrolling=\"no\"><\/iframe>\n<\/div><\/figure>\n\n\n\n<figure class=\"wp-block-embed is-type-wp-embed is-provider-telemedi wp-block-embed-telemedi\"><div class=\"wp-block-embed__wrapper\">\n<blockquote class=\"wp-embedded-content\" data-secret=\"8A8YRbYtn2\"><a href=\"https:\/\/telemedi.com\/pl\/poradnik\/co-pomaga-na-migrene\/\">Co&nbsp;pomaga na&nbsp;migren\u0119?<\/a><\/blockquote><iframe loading=\"lazy\" class=\"wp-embedded-content\" sandbox=\"allow-scripts\" security=\"restricted\" style=\"position: absolute; visibility: hidden;\" title=\"&#8222;Co&nbsp;pomaga na&nbsp;migren\u0119?&#8221; &#8212; Telemedi\" src=\"https:\/\/telemedi.com\/pl\/poradnik\/co-pomaga-na-migrene\/embed\/#?secret=mXhuDGoRWv#?secret=8A8YRbYtn2\" data-secret=\"8A8YRbYtn2\" width=\"600\" height=\"338\" frameborder=\"0\" marginwidth=\"0\" marginheight=\"0\" scrolling=\"no\"><\/iframe>\n<\/div><\/figure>\n","protected":false},"author":1,"featured_media":0,"template":"","tags":[4049,4055,4051,4053],"guide_category":[1138],"class_list":["post-16668","tm-guide","type-tm-guide","status-publish","hentry","tag-bolglowy","tag-histaminowybol","tag-klaster","tag-zespolhortona","guide_category-choroby"],"acf":[],"lang":"pl","translations":{"pl":16668},"_links":{"self":[{"href":"https:\/\/telemedi.com\/tm-api\/wp\/v2\/tm-guide\/16668","targetHints":{"allow":["GET"]}}],"collection":[{"href":"https:\/\/telemedi.com\/tm-api\/wp\/v2\/tm-guide"}],"about":[{"href":"https:\/\/telemedi.com\/tm-api\/wp\/v2\/types\/tm-guide"}],"author":[{"embeddable":true,"href":"https:\/\/telemedi.com\/tm-api\/wp\/v2\/users\/1"}],"wp:attachment":[{"href":"https:\/\/telemedi.com\/tm-api\/wp\/v2\/media?parent=16668"}],"wp:term":[{"taxonomy":"post_tag","embeddable":true,"href":"https:\/\/telemedi.com\/tm-api\/wp\/v2\/tags?post=16668"},{"taxonomy":"guide_category","embeddable":true,"href":"https:\/\/telemedi.com\/tm-api\/wp\/v2\/guide_category?post=16668"}],"curies":[{"name":"wp","href":"https:\/\/api.w.org\/{rel}","templated":true}]}}