{"id":20468,"date":"2024-05-29T10:45:41","date_gmt":"2024-05-29T08:45:41","guid":{"rendered":"https:\/\/telemedi.com\/?post_type=tm-guide&#038;p=20468"},"modified":"2024-07-30T20:00:29","modified_gmt":"2024-07-30T18:00:29","slug":"jakie-sa-objawy-zapalenia-gardla","status":"publish","type":"tm-guide","link":"https:\/\/telemedi.com\/pl\/poradnik\/jakie-sa-objawy-zapalenia-gardla\/","title":{"rendered":"Jakie s\u0105 objawy zapalenia gard\u0142a?"},"content":{"rendered":"\n<h2 class=\"h2 h2--content-tag wp-block-heading\" id=\"wir\"><strong>Wirusowe zapalenie gard\u0142a &#8211; objawy<\/strong><\/h2>\n\n\n\n<p>Wirusowe <strong>zapalenie gard\u0142a<\/strong> jest najcz\u0119\u015bciej wywo\u0142ywane przez:<\/p>\n\n\n\n<ul class=\"wp-block-list\">\n<li><strong>Rinowirusy &#8211;<\/strong> odpowiedzialne za przezi\u0119bienie<\/li>\n\n\n\n<li><strong>Wirusy grypy &#8211;<\/strong> powoduj\u0105ce gryp\u0119<\/li>\n\n\n\n<li><strong>Wirusy paragrypy &#8211;<\/strong> powoduj\u0105ce \u0142agodne infekcje g\u00f3rnych dr\u00f3g oddechowych<\/li>\n\n\n\n<li><strong>Adenowirusy &#8211;<\/strong> mog\u0105ce wywo\u0142a\u0107 zapalenie spoj\u00f3wek, gor\u0105czk\u0119 i b\u00f3l gard\u0142a<\/li>\n\n\n\n<li><strong>Koronawirusy &#8211;<\/strong> niekt\u00f3re typy mog\u0105 powodowa\u0107 zapalenie gard\u0142a<\/li>\n<\/ul>\n\n\n\n<p>Rzadziej zapalenie gard\u0142a mog\u0105 wywo\u0142ywa\u0107 <strong>wirusy opryszczki, Epsteina-Barr<\/strong> (mononukleoza zaka\u017ana), <strong>Coxsackie<\/strong>, a nawet wirus <strong>HIV<\/strong>.<\/p>\n\n\n\n<p><strong>Objawy zapalenia gard\u0142a o etiologii wirusowej:<\/strong><\/p>\n\n\n\n<ul class=\"wp-block-list\">\n<li>b\u00f3l gard\u0142a, cz\u0119sto z uczuciem drapania lub pieczenia, cz\u0119sto wywo\u0142uje je sp\u0142ywanie wydzieliny po tylnej \u015bcianie gard\u0142a;<\/li>\n\n\n\n<li>trudno\u015bci w prze\u0142ykaniu;<\/li>\n\n\n\n<li>zaczerwienienie i obrz\u0119k b\u0142on \u015bluzowych gard\u0142a;<\/li>\n\n\n\n<li>kaszel;<\/li>\n\n\n\n<li>nie\u017cyt nosa &#8211; katar;<\/li>\n\n\n\n<li>gor\u0105czka (nie zawsze);<\/li>\n\n\n\n<li>b\u00f3l g\u0142owy;<\/li>\n\n\n\n<li>b\u00f3le mi\u0119\u015bni;<\/li>\n\n\n\n<li>utrata apetytu;<\/li>\n\n\n\n<li>chrypka lub utrata g\u0142osu.<\/li>\n<\/ul>\n\n\n\n<p>W <strong>przypadku zapalenia gard\u0142a<\/strong> o etiologii wirusowej, w postaci niepowik\u0142anej objawy ust\u0119puj\u0105 samoistnie w ci\u0105gu tygodnia. Stosuje si\u0119 leczenie objawowe &#8211; stosowa\u0107 leki przeciwb\u00f3lowe (NLPZ) i tabletki do ssania lub p\u0142yny do p\u0142ukania gard\u0142a. Je\u017celi b\u00f3l gard\u0142a nie przechodzi przez ponad 10 dni lub cz\u0119sto nawraca, mo\u017ce to by\u0107 <strong>przewlek\u0142e zapalenie gard\u0142a<\/strong>.<\/p>\n\n\n\n<h2 class=\"h2 h2--content-tag wp-block-heading\" id=\"bakt\">Bakteryjne zapalenie gard\u0142a &#8211; przyczyny, objawy<\/h2>\n\n\n\n<p><strong>Bakteryjne zapalenie gard\u0142a<\/strong> jest najcz\u0119\u015bciej wywo\u0142ywane przez paciorkowce beta-hemolizuj\u0105ce grupy A (Streptococcus pyogenes) &#8211; <strong>paciorkowcowe zapalenie gard\u0142a<\/strong>. Rzadziej mog\u0105 je powodowa\u0107 inne bakterie, takie jak <em>Staphylococcus aureus, Haemophilus influenzae, Chlamydia pneumoniae, Mycoplasma pneumoniae.<\/em><\/p>\n\n\n\n<p>Objawy <strong>bakteryjnego zapalenia gard\u0142a<\/strong> maj\u0105 nag\u0142y pocz\u0105tek:<\/p>\n\n\n\n<ul class=\"wp-block-list\">\n<li><strong>Silny b\u00f3l gard\u0142a<\/strong>, kt\u00f3ry mo\u017ce utrudnia\u0107 prze\u0142ykanie.<\/li>\n\n\n\n<li>Gor\u0105czka powy\u017cej 38\u00b0C<\/li>\n\n\n\n<li>Czerwone i obrzmia\u0142e migda\u0142ki, kt\u00f3re mog\u0105 by\u0107 pokryte bia\u0142ym lub \u017c\u00f3\u0142tym nalotem (<strong>ostre zapalenie migda\u0142k\u00f3w podniebiennych<\/strong>);<\/li>\n\n\n\n<li>Zaczerwienienie gard\u0142a;<\/li>\n\n\n\n<li>Powi\u0119kszone w\u0119z\u0142y ch\u0142onne na szyi<\/li>\n\n\n\n<li>B\u00f3le g\u0142owy<\/li>\n\n\n\n<li>B\u00f3le mi\u0119\u015bni<\/li>\n\n\n\n<li>Utrata apetytu<\/li>\n\n\n\n<li>Nudno\u015bci i wymioty (rzadko)<\/li>\n<\/ul>\n\n\n\n<p>W przeciwie\u0144stwie do wirusowego zapalenia gard\u0142a, przy bakteryjnym <strong>nie wyst\u0119puje zazwyczaj kaszel i katar<\/strong>.<\/p>\n\n\n\n<p>Osoby z<strong> zapaleniem gard\u0142a<\/strong> o przyczynie bakteryjnej musz\u0105 zg\u0142osi\u0107 si\u0119 do lekarza &#8211; leczenie wymaga antybiotykoterapii.<\/p>\n\n\n\n<h2 class=\"h2 h2--content-tag wp-block-heading\" id=\"aler\">Ostre zapalenie gard\u0142a na tle alergicznym<\/h2>\n\n\n\n<p>Alergiczne zapalenie gard\u0142a jest wywo\u0142ywane przez reakcj\u0119 uk\u0142adu odporno\u015bciowego na alergeny, np. py\u0142ki drzew, traw i chwast\u00f3w, roztocza, ple\u015bnie czy sier\u015b\u0107 zwierz\u0105t.<\/p>\n\n\n\n<p>Alergiczne zapalenie gard\u0142a mo\u017ce objawia\u0107 si\u0119 podobnie jak wirusowe lub bakteryjne, ale zazwyczaj <strong>nie towarzyszy mu gor\u0105czka<\/strong>. Do typowych objaw\u00f3w nale\u017c\u0105:<\/p>\n\n\n\n<ul class=\"wp-block-list\">\n<li><strong>B\u00f3l gard\u0142a<\/strong>, cz\u0119sto z uczuciem drapania lub pieczenia<\/li>\n\n\n\n<li>\u015awi\u0105d gard\u0142a<\/li>\n\n\n\n<li>Zaczerwienienie i obrz\u0119k b\u0142ony \u015bluzowej gard\u0142a<\/li>\n\n\n\n<li>Kaszel<\/li>\n\n\n\n<li>Kichanie<\/li>\n\n\n\n<li>Katar<\/li>\n\n\n\n<li>Zatkany nos<\/li>\n\n\n\n<li>Uczucie sp\u0142ywania wydzieliny po<strong> tylnej \u015bcianie gard\u0142a<\/strong><\/li>\n\n\n\n<li>Chrypka<\/li>\n\n\n\n<li>Zm\u0119czenie<\/li>\n<\/ul>\n\n\n\n<p>Objawy alergicznego zapalenia gard\u0142a mog\u0105 nasila\u0107 si\u0119 w sezonie pylenia lub po kontakcie z alergenem.<\/p>\n\n\n\n<p><strong>Przeczytaj tak\u017ce o:<\/strong><\/p>\n\n\n\n<figure class=\"wp-block-embed is-type-wp-embed is-provider-telemedi wp-block-embed-telemedi\"><div class=\"wp-block-embed__wrapper\">\n<blockquote class=\"wp-embedded-content\" data-secret=\"vpd2LMD4Sj\"><a href=\"https:\/\/telemedi.com\/pl\/poradnik\/jak-diagnozuje-sie-zapalenie-gardla\/\">Jak diagnozuje si\u0119 zapalenie gard\u0142a?<\/a><\/blockquote><iframe loading=\"lazy\" class=\"wp-embedded-content\" sandbox=\"allow-scripts\" security=\"restricted\" style=\"position: absolute; visibility: hidden;\" title=\"&#8222;Jak diagnozuje si\u0119 zapalenie gard\u0142a?&#8221; &#8212; Telemedi\" src=\"https:\/\/telemedi.com\/pl\/poradnik\/jak-diagnozuje-sie-zapalenie-gardla\/embed\/#?secret=4LrbShKig3#?secret=vpd2LMD4Sj\" data-secret=\"vpd2LMD4Sj\" width=\"600\" height=\"338\" frameborder=\"0\" marginwidth=\"0\" marginheight=\"0\" scrolling=\"no\"><\/iframe>\n<\/div><\/figure>\n\n\n\n<figure class=\"wp-block-embed is-type-wp-embed is-provider-telemedi wp-block-embed-telemedi\"><div class=\"wp-block-embed__wrapper\">\n<blockquote class=\"wp-embedded-content\" data-secret=\"w3a8dEtB0K\"><a href=\"https:\/\/telemedi.com\/pl\/poradnik\/jak-leczyc-zapalenie-gardla-w-domu\/\">Jak leczy\u0107 zapalenie gard\u0142a w&nbsp;domu?<\/a><\/blockquote><iframe loading=\"lazy\" class=\"wp-embedded-content\" sandbox=\"allow-scripts\" security=\"restricted\" style=\"position: absolute; visibility: hidden;\" title=\"&#8222;Jak leczy\u0107 zapalenie gard\u0142a w&nbsp;domu?&#8221; &#8212; Telemedi\" src=\"https:\/\/telemedi.com\/pl\/poradnik\/jak-leczyc-zapalenie-gardla-w-domu\/embed\/#?secret=koBQr350qA#?secret=w3a8dEtB0K\" data-secret=\"w3a8dEtB0K\" width=\"600\" height=\"338\" frameborder=\"0\" marginwidth=\"0\" marginheight=\"0\" scrolling=\"no\"><\/iframe>\n<\/div><\/figure>\n\n\n\n<figure class=\"wp-block-embed is-type-wp-embed is-provider-telemedi wp-block-embed-telemedi\"><div class=\"wp-block-embed__wrapper\">\n<blockquote class=\"wp-embedded-content\" data-secret=\"DeM4ltLMIU\"><a href=\"https:\/\/telemedi.com\/pl\/poradnik\/jakie-leki-sa-stosowane-w-leczeniu-zapalenia-gardla\/\">Jakie leki s\u0105&nbsp;stosowane w&nbsp;leczeniu zapalenia gard\u0142a?<\/a><\/blockquote><iframe loading=\"lazy\" class=\"wp-embedded-content\" sandbox=\"allow-scripts\" security=\"restricted\" style=\"position: absolute; visibility: hidden;\" title=\"&#8222;Jakie leki s\u0105&nbsp;stosowane w&nbsp;leczeniu zapalenia gard\u0142a?&#8221; &#8212; Telemedi\" src=\"https:\/\/telemedi.com\/pl\/poradnik\/jakie-leki-sa-stosowane-w-leczeniu-zapalenia-gardla\/embed\/#?secret=vveL00LIGe#?secret=DeM4ltLMIU\" data-secret=\"DeM4ltLMIU\" width=\"600\" height=\"338\" frameborder=\"0\" marginwidth=\"0\" marginheight=\"0\" scrolling=\"no\"><\/iframe>\n<\/div><\/figure>\n","protected":false},"author":1,"featured_media":0,"template":"","tags":[5334,1919,64,6369,1399,5268,6367,1917,6372],"guide_category":[6371],"class_list":["post-20468","tm-guide","type-tm-guide","status-publish","hentry","tag-alergiczne-zapalenie-gardla","tag-bakteryjne-zapalenie-gardla","tag-bol-gardla","tag-domowe-sposby-na-bol-gardla","tag-goraczka","tag-infekcja-wirusowa","tag-ostre-zapalenie-gardla","tag-wirusowe-zapalenie-gardla","tag-zapalenie-gardla-objawy","guide_category-zapalenie-gardla"],"acf":[],"lang":"pl","translations":{"pl":20468},"_links":{"self":[{"href":"https:\/\/telemedi.com\/tm-api\/wp\/v2\/tm-guide\/20468","targetHints":{"allow":["GET"]}}],"collection":[{"href":"https:\/\/telemedi.com\/tm-api\/wp\/v2\/tm-guide"}],"about":[{"href":"https:\/\/telemedi.com\/tm-api\/wp\/v2\/types\/tm-guide"}],"author":[{"embeddable":true,"href":"https:\/\/telemedi.com\/tm-api\/wp\/v2\/users\/1"}],"wp:attachment":[{"href":"https:\/\/telemedi.com\/tm-api\/wp\/v2\/media?parent=20468"}],"wp:term":[{"taxonomy":"post_tag","embeddable":true,"href":"https:\/\/telemedi.com\/tm-api\/wp\/v2\/tags?post=20468"},{"taxonomy":"guide_category","embeddable":true,"href":"https:\/\/telemedi.com\/tm-api\/wp\/v2\/guide_category?post=20468"}],"curies":[{"name":"wp","href":"https:\/\/api.w.org\/{rel}","templated":true}]}}