{"id":20495,"date":"2024-06-12T13:17:17","date_gmt":"2024-06-12T11:17:17","guid":{"rendered":"https:\/\/telemedi.com\/?post_type=tm-guide&#038;p=20495"},"modified":"2024-07-30T19:59:07","modified_gmt":"2024-07-30T17:59:07","slug":"kiedy-zapalenie-gardla-moze-prowadzic-do-innych-powiklan","status":"publish","type":"tm-guide","link":"https:\/\/telemedi.com\/pl\/poradnik\/kiedy-zapalenie-gardla-moze-prowadzic-do-innych-powiklan\/","title":{"rendered":"Kiedy zapalenie gard\u0142a mo\u017ce prowadzi\u0107 do innych powik\u0142a\u0144?"},"content":{"rendered":"\n<h2 class=\"h2 h2--content-tag wp-block-heading\" id=\"ostr\">Ostre zapalenie gard\u0142a o pod\u0142o\u017cu bakteryjnym<\/h2>\n\n\n\n<p>Ostre <strong>bakteryjne zapalenie gard\u0142a<\/strong> (nazywane angin\u0105 ropn\u0105 lub angin\u0105 paciorkowcow\u0105) najcz\u0119\u015bciej wywo\u0142ane jest przez paciorkowce \u03b2-hemolizuj\u0105ce grupy A (Streptococcus pyogenes). Nieleczone mo\u017ce prowadzi\u0107 do powa\u017cnych powik\u0142a\u0144, takich jak:<\/p>\n\n\n\n<ul class=\"wp-block-list\">\n<li><strong>Ostre k\u0142\u0119buszkowe zapalenie nerek &#8211;<\/strong> to powa\u017cne zapalenie nerek, kt\u00f3re mo\u017ce prowadzi\u0107 do niewydolno\u015bci nerek. Objawy obejmuj\u0105 gor\u0105czk\u0119, b\u00f3l brzucha, nudno\u015bci, wymioty, krwiomocz oraz obrz\u0119ki.<\/li>\n\n\n\n<li><strong>Gor\u0105czka reumatyczna &#8211;<\/strong> to choroba autoimmunologiczna, kt\u00f3ra mo\u017ce powodowa\u0107 zapalenie staw\u00f3w, serca, m\u00f3zgu i innych narz\u0105d\u00f3w. Objawy obejmuj\u0105 gor\u0105czk\u0119, b\u00f3l staw\u00f3w, zaczerwienienie i obrz\u0119k staw\u00f3w, b\u00f3l gard\u0142a, ko\u0142atanie serca, duszno\u015b\u0107 i wypryski sk\u00f3rne.<\/li>\n\n\n\n<li><strong>Ropne zapalenie migda\u0142k\u00f3w &#8211;<\/strong> jest to bakteryjne zaka\u017cenie migda\u0142k\u00f3w, kt\u00f3re mo\u017ce powodowa\u0107 silny b\u00f3l gard\u0142a, gor\u0105czk\u0119, dreszcze, powi\u0119kszenie migda\u0142k\u00f3w i ropny nalot na nich.<\/li>\n\n\n\n<li><strong>Zapalenie ucha \u015brodkowego &#8211; <\/strong>mo\u017ce powodowa\u0107 b\u00f3l ucha, gor\u0105czk\u0119 i wydzielin\u0119 z ucha.<\/li>\n\n\n\n<li><strong>Zapalenie zatok &#8211;<\/strong> mo\u017ce powodowa\u0107 b\u00f3l twarzy, przekrwienie nosa, wydzielin\u0119 z nosa i gor\u0105czk\u0119.<\/li>\n<\/ul>\n\n\n\n<p><strong>Objawy zapalenia gard\u0142a <\/strong>na tle bakteryjnym to m.in. zaczerwienienie gard\u0142a, obrz\u0119k, trudno\u015bci w prze\u0142ykaniu, wysoka gor\u0105czka. W leczeniu zapalenia gard\u0142a na tle bakteryjnym stosuje si\u0119 antybiotyki.<\/p>\n\n\n\n<h2 class=\"h2 h2--content-tag wp-block-heading\" id=\"wir\">Wirusowe zapalenie gard\u0142a &#8211; mo\u017cliwe komplikacje<\/h2>\n\n\n\n<p>Najcz\u0119\u015bciej zapalenie gard\u0142a jest wywo\u0142ane przez infekcje wirusowe. Chocia\u017c <strong>wirusowe zapalenie gard\u0142a<\/strong> jest zwykle \u0142agodniejsze ni\u017c bakteryjne, w niekt\u00f3rych przypadkach mo\u017ce prowadzi\u0107 do powik\u0142a\u0144, takich jak:<\/p>\n\n\n\n<ul class=\"wp-block-list\">\n<li><strong>Ostre zapalenie ucha \u015brodkowego &#8211;<\/strong> szczeg\u00f3lnie cz\u0119ste u dzieci.<\/li>\n\n\n\n<li><strong>Zapalenie p\u0142uc &#8211;<\/strong> rzadkie, ale powa\u017cne powik\u0142anie, kt\u00f3re mo\u017ce powodowa\u0107 duszno\u015b\u0107, b\u00f3l w klatce piersiowej i gor\u0105czk\u0119.<\/li>\n\n\n\n<li><strong>Zapalenie osierdzia lub zapalenie p\u0142uc &#8211; <\/strong>zapalenie otaczaj\u0105cej serce b\u0142ony osierdzia. Objawy obejmuj\u0105 b\u00f3l w klatce piersiowej, duszno\u015b\u0107 i gor\u0105czk\u0119.<\/li>\n\n\n\n<li><strong>Paciorkowcowe zapalenie gard\u0142a (ropne zapalenie gard\u0142a)<\/strong> &#8211; gdy dochodzi do nadka\u017cenia bakteryjnego wirusowego zapalenia gard\u0142a.<\/li>\n\n\n\n<li>Przewlek\u0142e zapalenie gard\u0142a.<\/li>\n<\/ul>\n\n\n\n<p><strong>Wirusowe zapalenie gard\u0142a objawy:<\/strong><\/p>\n\n\n\n<ul class=\"wp-block-list\">\n<li>b\u00f3l gard\u0142a, zar\u00f3\u017cowienie, uczucie sucho\u015bci i drapania;<\/li>\n\n\n\n<li>sp\u0142ywanie wydzieliny po tylnej \u015bcianie gard\u0142a;<\/li>\n\n\n\n<li>katar i kaszel;<\/li>\n\n\n\n<li>gor\u0105czka;<\/li>\n\n\n\n<li>uczucie os\u0142abienia i rozbicia.<\/li>\n<\/ul>\n\n\n\n<p>Niekiedy wirusowe <strong>zapalenie gard\u0142a<\/strong> mo\u017ce mie\u0107 nieco inny przebieg, zale\u017cnie od wirusa &#8211; np. opryszczkowe zapalenie gard\u0142a (HSV) czy mononukleoza zaka\u017ana (EBV). Przy wirusowym zapaleniu gard\u0142a stosuje si\u0119 <strong>leczenie objawowe<\/strong>.<\/p>\n\n\n\n<h2 class=\"h2 h2--content-tag wp-block-heading\" id=\"grzy\">Grzybicze zapalenie gard\u0142a<\/h2>\n\n\n\n<p id=\"wir\"><strong>Grzybicze zapalenie gard\u0142a<\/strong> samo w sobie jest najcz\u0119\u015bciej powik\u0142aniem, np. grzybicy jamy ustnej lub intensywnej antybiotykoterapii. Powik\u0142aniem grzybiczego zapalenia mo\u017ce by\u0107 kandydoza og\u00f3lnoustrojowa i przeniesienie grzyba na inne narz\u0105dy. U chorych z grzybiczym <strong>zapaleniem gard\u0142a bardzo<\/strong> wa\u017cne jest przyjmowanie lek\u00f3w przeciwgrzybiczych. Kandydozie towarzyszy <strong>ostry b\u00f3l gard\u0142a<\/strong>, b\u00f3l g\u0142owy, z\u0142e samopoczucie, bia\u0142y nalot na \u015bcianach gard\u0142a.<\/p>\n\n\n\n<p><strong>Przeczytaj tak\u017ce o:<\/strong><\/p>\n\n\n\n<figure class=\"wp-block-embed is-type-wp-embed is-provider-telemedi wp-block-embed-telemedi\"><div class=\"wp-block-embed__wrapper\">\n<blockquote class=\"wp-embedded-content\" data-secret=\"OPiHOS4eZR\"><a href=\"https:\/\/telemedi.com\/pl\/poradnik\/czy-luszczyca-jest-dziedziczna\/\">Czy&nbsp;\u0142uszczyca jest dziedziczna?<\/a><\/blockquote><iframe loading=\"lazy\" class=\"wp-embedded-content\" sandbox=\"allow-scripts\" security=\"restricted\" style=\"position: absolute; visibility: hidden;\" title=\"&#8222;Czy&nbsp;\u0142uszczyca jest dziedziczna?&#8221; &#8212; Telemedi\" src=\"https:\/\/telemedi.com\/pl\/poradnik\/czy-luszczyca-jest-dziedziczna\/embed\/#?secret=vPbI4aYCi3#?secret=OPiHOS4eZR\" data-secret=\"OPiHOS4eZR\" width=\"600\" height=\"338\" frameborder=\"0\" marginwidth=\"0\" marginheight=\"0\" scrolling=\"no\"><\/iframe>\n<\/div><\/figure>\n\n\n\n<figure class=\"wp-block-embed is-type-wp-embed is-provider-telemedi wp-block-embed-telemedi\"><div class=\"wp-block-embed__wrapper\">\n<blockquote class=\"wp-embedded-content\" data-secret=\"Aloy8YY7NZ\"><a href=\"https:\/\/telemedi.com\/pl\/poradnik\/jakie-sa-objawy-alergii-na-ugryzienia-owadow-i-jak-sobie-z-nimi-radzic\/\">Jakie s\u0105&nbsp;objawy alergii na&nbsp;ugryzienia owad\u00f3w i&nbsp;jak sobie z&nbsp;nimi radzi\u0107?<\/a><\/blockquote><iframe loading=\"lazy\" class=\"wp-embedded-content\" sandbox=\"allow-scripts\" security=\"restricted\" style=\"position: absolute; visibility: hidden;\" title=\"&#8222;Jakie s\u0105&nbsp;objawy alergii na&nbsp;ugryzienia owad\u00f3w i&nbsp;jak sobie z&nbsp;nimi radzi\u0107?&#8221; &#8212; Telemedi\" src=\"https:\/\/telemedi.com\/pl\/poradnik\/jakie-sa-objawy-alergii-na-ugryzienia-owadow-i-jak-sobie-z-nimi-radzic\/embed\/#?secret=Rvmd1vIZJI#?secret=Aloy8YY7NZ\" data-secret=\"Aloy8YY7NZ\" width=\"600\" height=\"338\" frameborder=\"0\" marginwidth=\"0\" marginheight=\"0\" scrolling=\"no\"><\/iframe>\n<\/div><\/figure>\n\n\n\n<figure class=\"wp-block-embed is-type-wp-embed is-provider-telemedi wp-block-embed-telemedi\"><div class=\"wp-block-embed__wrapper\">\n<blockquote class=\"wp-embedded-content\" data-secret=\"sT6qGiIZRR\"><a href=\"https:\/\/telemedi.com\/pl\/poradnik\/jak-unikac-ugryzien-owadow-podczas-aktywnosci-na-swiezym-powietrzu\/\">Jak unika\u0107 ugryzie\u0144 owad\u00f3w podczas aktywno\u015bci na&nbsp;\u015bwie\u017cym powietrzu?<\/a><\/blockquote><iframe loading=\"lazy\" class=\"wp-embedded-content\" sandbox=\"allow-scripts\" security=\"restricted\" style=\"position: absolute; visibility: hidden;\" title=\"&#8222;Jak unika\u0107 ugryzie\u0144 owad\u00f3w podczas aktywno\u015bci na&nbsp;\u015bwie\u017cym powietrzu?&#8221; &#8212; Telemedi\" src=\"https:\/\/telemedi.com\/pl\/poradnik\/jak-unikac-ugryzien-owadow-podczas-aktywnosci-na-swiezym-powietrzu\/embed\/#?secret=wwM8e530J8#?secret=sT6qGiIZRR\" data-secret=\"sT6qGiIZRR\" width=\"600\" height=\"338\" frameborder=\"0\" marginwidth=\"0\" marginheight=\"0\" scrolling=\"no\"><\/iframe>\n<\/div><\/figure>\n","protected":false},"author":1,"featured_media":0,"template":"","tags":[1919,64,6443,1917,6372,6445],"guide_category":[6371],"class_list":["post-20495","tm-guide","type-tm-guide","status-publish","hentry","tag-bakteryjne-zapalenie-gardla","tag-bol-gardla","tag-grzybicze-zapalenie-gardla","tag-wirusowe-zapalenie-gardla","tag-zapalenie-gardla-objawy","tag-zapalenie-gardla-powiklania","guide_category-zapalenie-gardla"],"acf":[],"lang":"pl","translations":{"pl":20495},"_links":{"self":[{"href":"https:\/\/telemedi.com\/tm-api\/wp\/v2\/tm-guide\/20495","targetHints":{"allow":["GET"]}}],"collection":[{"href":"https:\/\/telemedi.com\/tm-api\/wp\/v2\/tm-guide"}],"about":[{"href":"https:\/\/telemedi.com\/tm-api\/wp\/v2\/types\/tm-guide"}],"author":[{"embeddable":true,"href":"https:\/\/telemedi.com\/tm-api\/wp\/v2\/users\/1"}],"wp:attachment":[{"href":"https:\/\/telemedi.com\/tm-api\/wp\/v2\/media?parent=20495"}],"wp:term":[{"taxonomy":"post_tag","embeddable":true,"href":"https:\/\/telemedi.com\/tm-api\/wp\/v2\/tags?post=20495"},{"taxonomy":"guide_category","embeddable":true,"href":"https:\/\/telemedi.com\/tm-api\/wp\/v2\/guide_category?post=20495"}],"curies":[{"name":"wp","href":"https:\/\/api.w.org\/{rel}","templated":true}]}}