{"id":24346,"date":"2025-12-12T11:33:00","date_gmt":"2025-12-12T10:33:00","guid":{"rendered":"https:\/\/telemedi.com\/?post_type=tm-guide&#038;p=24346"},"modified":"2026-02-07T18:16:44","modified_gmt":"2026-02-07T17:16:44","slug":"wczesniak-jak-wyglada-rozwoj-i-opieka-po-wypisie-ze-szpitala","status":"publish","type":"tm-guide","link":"https:\/\/telemedi.com\/pl\/poradnik\/wczesniak-jak-wyglada-rozwoj-i-opieka-po-wypisie-ze-szpitala\/","title":{"rendered":"Wcze\u015bniak \u2013 jak wygl\u0105da rozw\u00f3j i opieka po wypisie ze szpitala?"},"content":{"rendered":"\n<p>Wcze\u015bniak to dziecko urodzone przed uko\u0144czeniem 37. tygodnia ci\u0105\u017cy. Wcze\u015bniaki wymagaj\u0105 szczeg\u00f3lnej opieki medycznej, poniewa\u017c ich narz\u0105dy nie s\u0105 jeszcze w pe\u0142ni dojrza\u0142e, a rozw\u00f3j mo\u017ce przebiega\u0107 inaczej ni\u017c u dzieci urodzonych o czasie.<\/p>\n\n\n\n<p>Por\u00f3d przedwczesny mo\u017ce by\u0107 spowodowany m.in. przedwczesnym p\u0119kni\u0119ciem b\u0142on p\u0142odowych lub stanem przedrzucawkowym, kt\u00f3re nale\u017c\u0105 do najcz\u0119stszych przyczyn wcze\u015bniactwa. Noworodki urodzone przedwcze\u015bnie cz\u0119sto maj\u0105 nisk\u0105 urodzeniow\u0105 mas\u0119 cia\u0142a i mog\u0105 zmaga\u0107 si\u0119 z licznymi powik\u0142aniami zdrowotnymi, kt\u00f3re wymagaj\u0105 d\u0142ugotrwa\u0142ego monitorowania jego stanu oraz specjalistycznej opieki przez ca\u0142e \u017cycie.<\/p>\n\n\n\n<h3 class=\"h3 h3--content-tag wp-block-heading\">Definicja i charakterystyka wcze\u015bniaka<\/h3>\n\n\n\n<p>Wcze\u015bniakiem nazywamy ka\u017cde dziecko, kt\u00f3re przysz\u0142o na \u015bwiat przed uko\u0144czeniem 37. tygodnia ci\u0105\u017cy. Ten czas jest niezwykle istotny dla rozwoju p\u0142odu, poniewa\u017c to w\u0142a\u015bnie w ostatnich tygodniach ci\u0105\u017cy dojrzewaj\u0105 najwa\u017cniejsze narz\u0105dy i uk\u0142ady organizmu. Narodziny wcze\u015bniaka oznaczaj\u0105, \u017ce dziecko nie mia\u0142o jeszcze szansy w pe\u0142ni si\u0119 rozwin\u0105\u0107, dlatego wymaga ono specjalistycznej opieki ju\u017c od pierwszych chwil \u017cycia. W pierwszych tygodniach po porodzie wcze\u015bniak jest szczeg\u00f3lnie wra\u017cliwy na czynniki zewn\u0119trzne, a jego organizm potrzebuje wsparcia w oddychaniu, karmieniu oraz utrzymaniu odpowiedniej temperatury cia\u0142a. Odpowiednia opieka i troska w tym okresie maj\u0105 kluczowe znaczenie dla dalszego rozwoju dziecka.<\/p>\n\n\n\n<hr class=\"wp-block-separator has-alpha-channel-opacity\"\/>\n\n\n\n<h3 class=\"h3 h3--content-tag wp-block-heading\">Narodziny wcze\u015bniaka \u2013 trudny start<\/h3>\n\n\n\n<p>Wcze\u015bniaki to dzieci urodzone <strong>przed 37. tygodniem ci\u0105\u017cy<\/strong>, cz\u0119sto wymagaj\u0105ce pobytu w oddziale intensywnej terapii noworodka (NICU). Ze wzgl\u0119du na niedojrza\u0142o\u015b\u0107 narz\u0105d\u00f3w, wcze\u015bniaki cz\u0119sto trafiaj\u0105 na oddzia\u0142 noworodkowy, gdzie monitoruje si\u0119 jego stan i wspiera podstawowe funkcje \u017cyciowe.<\/p>\n\n\n\n<p>Ich narz\u0105dy nie s\u0105 jeszcze w pe\u0142ni rozwini\u0119te, dlatego potrzebuj\u0105 wsparcia w oddychaniu, karmieniu i utrzymaniu temperatury cia\u0142a. Problemy oddechowe s\u0105 cz\u0119ste i mog\u0105 wymaga\u0107 wsparcia wentylacji mechanicznej oraz stosowania monitora oddechu. To trudny okres zar\u00f3wno dla dziecka, jak i dla rodzic\u00f3w. Rodzice ucz\u0105 si\u0119 obs\u0142ugi aparatury medycznej pod okiem personelu medycznego.<\/p>\n\n\n\n<h3 class=\"h3 h3--content-tag wp-block-heading\">Tygodnie ci\u0105\u017cy a rozw\u00f3j wcze\u015bniaka<\/h3>\n\n\n\n<p>Moment, w kt\u00f3rym dziecko rodzi si\u0119 przed planowan\u0105 dat\u0105 porodu, ma ogromny wp\u0142yw na jego dalszy rozw\u00f3j. Im wcze\u015bniej dochodzi do narodzin, tym wi\u0119ksze jest ryzyko wyst\u0105pienia powik\u0142a\u0144 zdrowotnych. Dzieci urodzone przed 34. tygodniem ci\u0105\u017cy cz\u0119sto wymagaj\u0105 intensywnej, specjalistycznej opieki, poniewa\u017c ich uk\u0142ad oddechowy, pokarmowy i odporno\u015bciowy s\u0105 jeszcze bardzo niedojrza\u0142e. Wcze\u015bniaki z tej grupy mog\u0105 mie\u0107 trudno\u015bci z samodzielnym oddychaniem, karmieniem oraz s\u0105 bardziej nara\u017cone na infekcje. Z kolei dzieci urodzone mi\u0119dzy 34. a 36. tygodniem ci\u0105\u017cy, cho\u0107 r\u00f3wnie\u017c potrzebuj\u0105 wsparcia medycznego, maj\u0105 zazwyczaj wi\u0119ksze szanse na szybki powr\u00f3t do zdrowia i prawid\u0142owy rozw\u00f3j. Ka\u017cdy tydzie\u0144 sp\u0119dzony w \u0142onie matki zwi\u0119ksza szanse wcze\u015bniaka na samodzielne \u017cycie i minimalizuje ryzyko powik\u0142a\u0144.<\/p>\n\n\n\n<hr class=\"wp-block-separator has-alpha-channel-opacity\"\/>\n\n\n\n<h3 class=\"h3 h3--content-tag wp-block-heading\">Opieka po powrocie do domu<\/h3>\n\n\n\n<p>Po wypisie ze szpitala wcze\u015bniak wymaga <strong>szczeg\u00f3lnej troski<\/strong>. Opieka nad wcze\u015bniakiem wi\u0105\u017ce si\u0119 z konieczno\u015bci\u0105 dostosowania warunk\u00f3w domowych do jego potrzeb \u2013 nale\u017cy zadba\u0107 o spokojne otoczenie, odpowiednie wyposa\u017cenie pokoju oraz zapewni\u0107 sta\u0142\u0105 temperatur\u0119, aby wspiera\u0107 prawid\u0142owy rozw\u00f3j i bezpiecze\u0144stwo dziecka. Warto pami\u0119ta\u0107, by uk\u0142ada\u0107 dziecko do snu w bezpiecznej pozycji, zgodnie z zaleceniami personelu medycznego. Dziecko mo\u017ce by\u0107 nadal <strong>nara\u017cone na infekcje<\/strong>, dlatego:<\/p>\n\n\n\n<ul class=\"wp-block-list\">\n<li><strong>ogranicza si\u0119 liczb\u0119 odwiedzin<\/strong>,<\/li>\n\n\n\n<li><strong>dba o higien\u0119 r\u0105k<\/strong>,<\/li>\n\n\n\n<li><strong>unika du\u017cych skupisk ludzi<\/strong>, szczeg\u00f3lnie w sezonie infekcyjnym.<\/li>\n<\/ul>\n\n\n\n<p>Wa\u017cne s\u0105 tak\u017ce:<\/p>\n\n\n\n<ul class=\"wp-block-list\">\n<li>cz\u0119ste wizyty kontrolne u <a href=\"https:\/\/telemedi.com\/pl\/poradnik\/lekarz-nfz-wroclaw-gdzie-zapisac-sie-do-lekarza-rodzinnego-we-wroclawiu\/\" target=\"_blank\" rel=\"noreferrer noopener\">lekarza<\/a> rodzinnego, kt\u00f3ry monitoruje rozw\u00f3j wcze\u015bniaka, realizuje szczepienia ochronne i kieruje do specjalist\u00f3w,<\/li>\n\n\n\n<li>regularne wizyty w poradni neurologicznej, zw\u0142aszcza u niemowl\u0105t z czynnikami ryzyka,<\/li>\n\n\n\n<li>obserwacja oddechu, przyrostu masy cia\u0142a, karmienia i zachowania,<\/li>\n\n\n\n<li>regularna <strong>ocena rozwoju<\/strong> przez pediatr\u0119 i neurologoped\u0119, fizjoterapeut\u0119 lub psychologa,<\/li>\n\n\n\n<li>realizacja szczepie\u0144 ochronnych zgodnie z kalendarzem dla wcze\u015bniak\u00f3w,<\/li>\n\n\n\n<li>instrukta\u017c piel\u0119gnacyjny dla rodzic\u00f3w po wypisie, obejmuj\u0105cy zasady piel\u0119gnacji, bezpiecze\u0144stwa i wspierania rozwoju dziecka.<\/li>\n<\/ul>\n\n\n\n<h3 class=\"h3 h3--content-tag wp-block-heading\">Karmienie wcze\u015bniaka<\/h3>\n\n\n\n<p>Wcze\u015bniaki cz\u0119sto maj\u0105 trudno\u015bci z ssaniem i po\u0142ykaniem. Warto jednak podkre\u015bli\u0107, \u017ce wczesne rozpocz\u0119cie karmienia naturalnego, najlepiej ju\u017c w pierwszej godzinie \u017cycia, ma istotny wp\u0142yw na utrzymanie prawid\u0142owego poziomu glukozy we krwi oraz wspiera prawid\u0142owy przebieg laktacji i rozw\u00f3j uk\u0142adu nerwowego dziecka. Wi\u0119kszo\u015b\u0107 wcze\u015bniak\u00f3w jest gotowa do nauki ssania i karmienia piersi\u0105 oko\u0142o 32.-35. tygodnia ci\u0105\u017cy. Je\u015bli tylko to mo\u017cliwe, zaleca si\u0119:<\/p>\n\n\n\n<ul class=\"wp-block-list\">\n<li><strong>karmienie mlekiem matki<\/strong>, nawet je\u015bli pocz\u0105tkowo przez sond\u0119,<\/li>\n\n\n\n<li>w przypadku braku laktacji \u2013 <strong>mleka modyfikowane dedykowane wcze\u015bniakom (np. typu \u201cpre\u201d)<\/strong>,<\/li>\n\n\n\n<li>je\u015bli karmienie piersi\u0105 jest niemo\u017cliwe, mo\u017cliwe jest podanie mleka z banku mleka kobiecego lub mleka modyfikowanego,<\/li>\n\n\n\n<li>konsultacj\u0119 z doradc\u0105 laktacyjnym.<\/li>\n<\/ul>\n\n\n\n<p><strong>Cz\u0119ste karmienia<\/strong> s\u0105 potrzebne, by wspomaga\u0107 przyrost masy cia\u0142a i dojrzewanie uk\u0142adu pokarmowego.<\/p>\n\n\n\n<h3 class=\"h3 h3--content-tag wp-block-heading\">Rozw\u00f3j wcze\u015bniaka miesi\u0105c po miesi\u0105cu<\/h3>\n\n\n\n<p>Rozw\u00f3j wcze\u015bniaka <strong>ocenia si\u0119 wed\u0142ug wieku skorygowanego<\/strong>, czyli liczonego od daty planowanego porodu, a nie od daty rzeczywistych narodzin.<\/p>\n\n\n\n<p>Wczesne wspomaganie rozwoju obejmuje:<\/p>\n\n\n\n<ul class=\"wp-block-list\">\n<li><strong>fizjoterapi\u0119<\/strong>,<\/li>\n\n\n\n<li><strong>stymulacj\u0119 sensoryczn\u0105<\/strong>,<\/li>\n\n\n\n<li><strong>\u0107wiczenia logopedyczne<\/strong>,<\/li>\n\n\n\n<li>i codzienn\u0105 opiek\u0119 rodzicielsk\u0105.<\/li>\n<\/ul>\n\n\n\n<p>Poza konsultacjami ze specjalistami regularnie ocenia si\u0119 tak\u017ce obw\u00f3d klatki piersiowej i inne parametry rozwoju dziecka. Monitorowanie rozwoju wcze\u015bniaka obejmuje r\u00f3wnie\u017c ocen\u0119 funkcji o\u015brodkowego uk\u0142adu nerwowego, co pozwala na wczesne wykrycie ewentualnych powik\u0142a\u0144 neurologicznych.<\/p>\n\n\n\n<p><strong>Kamienie milowe<\/strong> (np. podnoszenie g\u0142\u00f3wki, przewracanie si\u0119, siadanie) mog\u0105 pojawia\u0107 si\u0119 <strong>z op\u00f3\u017anieniem<\/strong>, co jest naturalne u wcze\u015bniak\u00f3w. Jego rozw\u00f3j powinien by\u0107 kontrolowany a\u017c do osi\u0105gni\u0119cia wieku szkolnego, a dzieci urodzone przedwcze\u015bnie mog\u0105 wymaga\u0107 wsparcia tak\u017ce w wieku szkolnym, aby osi\u0105gn\u0105\u0107 pe\u0142ni\u0119 mo\u017cliwo\u015bci rozwojowych i odpowiednie osi\u0105gni\u0119cia wieku szkolnego.<\/p>\n\n\n\n<h3 class=\"h3 h3--content-tag wp-block-heading\">P\u00f3\u017ane wcze\u015bniaki<\/h3>\n\n\n\n<p>P\u00f3\u017ane wcze\u015bniaki to dzieci, kt\u00f3re przysz\u0142y na \u015bwiat pomi\u0119dzy 34. a 36. tygodniem ci\u0105\u017cy. Stanowi\u0105 one najliczniejsz\u0105 grup\u0119 wcze\u015bniak\u00f3w i cz\u0119sto wymagaj\u0105 jedynie kr\u00f3tkiego pobytu w szpitalu. Mimo \u017ce ich rozw\u00f3j jest bardziej zaawansowany ni\u017c u wcze\u015bniak\u00f3w urodzonych wcze\u015bniej, mog\u0105 pojawi\u0107 si\u0119 u nich trudno\u015bci z utrzymaniem sta\u0142ej temperatury cia\u0142a, karmieniem czy oddychaniem. P\u00f3\u017ane wcze\u015bniaki s\u0105 tak\u017ce bardziej podatne na infekcje, dlatego wymagaj\u0105 szczeg\u00f3lnej troski i obserwacji w pierwszych dniach i tygodniach \u017cycia. Jednak dzi\u0119ki odpowiedniej opiece i wsparciu medycznemu, wi\u0119kszo\u015b\u0107 z nich szybko nadrabia zaleg\u0142o\u015bci rozwojowe i ma bardzo dobre rokowania na przysz\u0142o\u015b\u0107.<\/p>\n\n\n\n<hr class=\"wp-block-separator has-alpha-channel-opacity\"\/>\n\n\n\n<h3 class=\"h3 h3--content-tag wp-block-heading\">Przypadku wcze\u015bniak\u00f3w<\/h3>\n\n\n\n<p>W przypadku wcze\u015bniak\u00f3w kluczowe znaczenie ma \u015bcis\u0142a wsp\u00f3\u0142praca rodzic\u00f3w z personelem medycznym. Rodzice powinni by\u0107 przygotowani na to, \u017ce ich dziecko b\u0119dzie wymaga\u0142o regularnego monitorowania stanu zdrowia, a tak\u017ce wsparcia w karmieniu i codziennej piel\u0119gnacji. Bardzo wa\u017cne jest, aby rodzice potrafili rozpozna\u0107 pierwsze objawy ewentualnych powik\u0142a\u0144, takich jak <a target=\"_blank\" rel=\"noreferrer noopener\" href=\"https:\/\/telemedi.com\/pl\/poradnik\/dusznosci-oslabienie-zmeczenie\/\">trudno\u015bci z oddychaniem<\/a>, problemy z karmieniem czy zmiany w zachowaniu dziecka. W razie jakichkolwiek w\u0105tpliwo\u015bci nale\u017cy niezw\u0142ocznie skonsultowa\u0107 si\u0119 z lekarzem. Personel medyczny s\u0142u\u017cy pomoc\u0105 i wsparciem na ka\u017cdym etapie opieki nad wcze\u015bniakiem, a wsp\u00f3lne dzia\u0142ania rodzic\u00f3w i specjalist\u00f3w znacz\u0105co zwi\u0119kszaj\u0105 szanse dziecka na zdrowy rozw\u00f3j i bezpieczne dorastanie.<\/p>\n\n\n\n<h3 class=\"h3 h3--content-tag wp-block-heading\">Rola rodzic\u00f3w<\/h3>\n\n\n\n<p>Rodzice wcze\u015bniak\u00f3w odgrywaj\u0105 ogromn\u0105 rol\u0119 w procesie rekonwalescencji. Powinni zwraca\u0107 szczeg\u00f3ln\u0105 uwag\u0119 na wszelkie zmiany w zachowaniu i zdrowiu dziecka. Potrzebne s\u0105:<\/p>\n\n\n\n<ul class=\"wp-block-list\">\n<li><strong>cierpliwo\u015b\u0107 i regularna obserwacja<\/strong>,<\/li>\n\n\n\n<li><strong>zapisywanie niepokoj\u0105cych objaw\u00f3w<\/strong>,<\/li>\n\n\n\n<li><strong>\u015bcis\u0142a wsp\u00f3\u0142praca z lekarzami i terapeutami<\/strong>,<\/li>\n\n\n\n<li><strong>wsparcie emocjonalne dla dziecka \u2013 dotyk, g\u0142os, blisko\u015b\u0107<\/strong>.<\/li>\n<\/ul>\n\n\n\n<p>Dobrym rozwi\u0105zaniem s\u0105 tak\u017ce spotkania grup wsparcia dla rodzic\u00f3w wcze\u015bniak\u00f3w.<\/p>\n\n\n\n<h3 class=\"h3 h3--content-tag wp-block-heading\">Kiedy do lekarza?<\/h3>\n\n\n\n<p>Nale\u017cy skonsultowa\u0107 si\u0119 z pediatr\u0105, gdy:<\/p>\n\n\n\n<ul class=\"wp-block-list\">\n<li>dziecko <strong>nie przybiera na wadze<\/strong>,<\/li>\n\n\n\n<li>ma trudno\u015bci z oddychaniem lub karmieniem,<\/li>\n\n\n\n<li>pojawiaj\u0105 si\u0119 <strong>drgawki, wiotko\u015b\u0107 lub nadmierne napi\u0119cie mi\u0119\u015bniowe<\/strong>,<\/li>\n\n\n\n<li>nie osi\u0105ga podstawowych umiej\u0119tno\u015bci odpowiednio do wieku skorygowanego.<\/li>\n<\/ul>\n\n\n\n<p>W przypadku wyst\u0105pienia powy\u017cszych objaw\u00f3w warto r\u00f3wnie\u017c rozwa\u017cy\u0107 konsultacj\u0119 w poradni neurologicznej, szczeg\u00f3lnie je\u015bli dziecko jest obci\u0105\u017cone czynnikami ryzyka lub powik\u0142aniami neurologicznymi.<\/p>\n\n\n\n<h3 class=\"h3 h3--content-tag wp-block-heading\">Podsumowanie<\/h3>\n\n\n\n<p>Rozw\u00f3j wcze\u015bniaka po wypisie ze szpitala to proces wymagaj\u0105cy <strong>szczeg\u00f3lnej opieki, regularnych kontroli i zaanga\u017cowania rodzic\u00f3w<\/strong>. Wczesne wsparcie, spokojne \u015brodowisko i czu\u0142a obecno\u015b\u0107 opiekun\u00f3w maj\u0105 ogromne znaczenie dla przysz\u0142ego zdrowia i rozwoju dziecka.<\/p>\n","protected":false},"author":34,"featured_media":0,"template":"","tags":[9547,9545],"guide_category":[507],"class_list":["post-24346","tm-guide","type-tm-guide","status-publish","hentry","tag-s-pediatra-11","tag-t-zdrowie-dziecka-11","guide_category-przydatne-informacje"],"acf":[],"lang":"pl","translations":{"pl":24346},"_links":{"self":[{"href":"https:\/\/telemedi.com\/tm-api\/wp\/v2\/tm-guide\/24346","targetHints":{"allow":["GET"]}}],"collection":[{"href":"https:\/\/telemedi.com\/tm-api\/wp\/v2\/tm-guide"}],"about":[{"href":"https:\/\/telemedi.com\/tm-api\/wp\/v2\/types\/tm-guide"}],"author":[{"embeddable":true,"href":"https:\/\/telemedi.com\/tm-api\/wp\/v2\/users\/34"}],"wp:attachment":[{"href":"https:\/\/telemedi.com\/tm-api\/wp\/v2\/media?parent=24346"}],"wp:term":[{"taxonomy":"post_tag","embeddable":true,"href":"https:\/\/telemedi.com\/tm-api\/wp\/v2\/tags?post=24346"},{"taxonomy":"guide_category","embeddable":true,"href":"https:\/\/telemedi.com\/tm-api\/wp\/v2\/guide_category?post=24346"}],"curies":[{"name":"wp","href":"https:\/\/api.w.org\/{rel}","templated":true}]}}