{"id":24532,"date":"2026-01-06T13:18:00","date_gmt":"2026-01-06T12:18:00","guid":{"rendered":"https:\/\/telemedi.com\/?post_type=tm-guide&#038;p=24532"},"modified":"2026-02-07T01:05:29","modified_gmt":"2026-02-07T00:05:29","slug":"jak-rozpoznac-objawy-wypalenia-zawodowego-i-co-z-tym-zrobic","status":"publish","type":"tm-guide","link":"https:\/\/telemedi.com\/pl\/poradnik\/jak-rozpoznac-objawy-wypalenia-zawodowego-i-co-z-tym-zrobic\/","title":{"rendered":"Jak rozpozna\u0107 objawy wypalenia zawodowego i co z tym zrobi\u0107?"},"content":{"rendered":"\n<h2 class=\"h2 h2--content-tag wp-block-heading\">Co to jest wypalenie zawodowe?<\/h2>\n\n\n\n<p>Wypalenie zawodowe to stan <strong>emocjonalnego, psychicznego i fizycznego wyczerpania<\/strong>, kt\u00f3ry rozwija si\u0119 w wyniku d\u0142ugotrwa\u0142ego stresu zwi\u0105zanego z prac\u0105. Najcz\u0119\u015bciej dotyka os\u00f3b pracuj\u0105cych pod presj\u0105 czasu, odpowiedzialno\u015bci oraz wysokich oczekiwa\u0144, zw\u0142aszcza gdy brakuje wsparcia i r\u00f3wnowagi mi\u0119dzy \u017cyciem zawodowym a prywatnym.<\/p>\n\n\n\n<p>\u015awiatowa Organizacja Zdrowia uznaje wypalenie zawodowe za zjawisko zwi\u0105zane z funkcjonowaniem zawodowym, kt\u00f3re znacz\u0105co wp\u0142ywa na zdrowie i jako\u015b\u0107 \u017cycia.<\/p>\n\n\n\n<hr class=\"wp-block-separator has-alpha-channel-opacity\"\/>\n\n\n\n<h2 class=\"h2 h2--content-tag wp-block-heading\">Najcz\u0119stsze przyczyny wypalenia zawodowego<\/h2>\n\n\n\n<p>Do rozwoju wypalenia zawodowego najcz\u0119\u015bciej prowadz\u0105:<\/p>\n\n\n\n<ul class=\"wp-block-list\">\n<li>przewlek\u0142y stres w pracy,<\/li>\n\n\n\n<li>nadmierne obci\u0105\u017cenie obowi\u0105zkami,<\/li>\n\n\n\n<li>brak kontroli nad zakresem zada\u0144,<\/li>\n\n\n\n<li>niskie poczucie sensu wykonywanej pracy,<\/li>\n\n\n\n<li>brak wsparcia ze strony prze\u0142o\u017conych lub zespo\u0142u,<\/li>\n\n\n\n<li>konflikty w miejscu pracy,<\/li>\n\n\n\n<li>zaburzona r\u00f3wnowaga mi\u0119dzy prac\u0105 a \u017cyciem prywatnym.<\/li>\n<\/ul>\n\n\n\n<p>Czynnikiem ryzyka mog\u0105 by\u0107 tak\u017ce perfekcjonizm, trudno\u015bci w stawianiu granic oraz d\u0142ugotrwa\u0142e ignorowanie w\u0142asnych potrzeb.<\/p>\n\n\n\n<hr class=\"wp-block-separator has-alpha-channel-opacity\"\/>\n\n\n\n<h2 class=\"h2 h2--content-tag wp-block-heading\">Pierwsze objawy wypalenia zawodowego \u2013 na co zwr\u00f3ci\u0107 uwag\u0119?<\/h2>\n\n\n\n<p>Pierwsze objawy wypalenia zawodowego mog\u0105 by\u0107 trudne do zauwa\u017cenia, jednak ich wczesne rozpoznanie jest kluczowe dla skutecznej interwencji. Objawy wypalenia zawodowego rozwijaj\u0105 si\u0119 stopniowo i cz\u0119sto s\u0105 bagatelizowane. Najcz\u0119\u015bciej obejmuj\u0105:<\/p>\n\n\n\n<ul class=\"wp-block-list\">\n<li>przewlek\u0142e zm\u0119czenie,<\/li>\n\n\n\n<li>brak energii,<\/li>\n\n\n\n<li>obni\u017cenie motywacji,<\/li>\n\n\n\n<li>poczucie bezradno\u015bci,<\/li>\n\n\n\n<li>cynizm wobec pracy,<\/li>\n\n\n\n<li>trudno\u015bci z koncentracj\u0105,<\/li>\n\n\n\n<li>obni\u017cenie efektywno\u015bci.<\/li>\n<\/ul>\n\n\n\n<p>Objawy fizyczne i emocjonalne mog\u0105 obejmowa\u0107 zm\u0119czenie, l\u0119k, dra\u017cliwo\u015b\u0107, brak rado\u015bci, problemy z koncentracj\u0105 i nisk\u0105 motywacj\u0119.<\/p>\n\n\n\n<p>Rozpoznanie pierwszych objaw\u00f3w uzale\u017cnienia lub wypalenia mo\u017ce uratowa\u0107 zdrowie, a nawet \u017cycie.<\/p>\n\n\n\n<h3 class=\"h3 h3--content-tag wp-block-heading\">Objawy psychiczne:<\/h3>\n\n\n\n<ul class=\"wp-block-list\">\n<li>chroniczne zm\u0119czenie i brak energii,<\/li>\n\n\n\n<li>spadek motywacji i zaanga\u017cowania,<\/li>\n\n\n\n<li>trudno\u015bci z koncentracj\u0105 i pami\u0119ci\u0105,<\/li>\n\n\n\n<li>poczucie bezsensu pracy,<\/li>\n\n\n\n<li>dra\u017cliwo\u015b\u0107, rozdra\u017cnienie, cynizm, oboj\u0119tno\u015b\u0107 emocjonalna.<\/li>\n<\/ul>\n\n\n\n<h3 class=\"h3 h3--content-tag wp-block-heading\">Objawy fizyczne: brak energii<\/h3>\n\n\n\n<ul class=\"wp-block-list\">\n<li><a href=\"https:\/\/telemedi.com\/pl\/poradnik\/czeste-bole-glowy-czym-moga-byc-spowodowane\/\" target=\"_blank\" rel=\"noreferrer noopener\">b\u00f3le g\u0142owy<\/a> i napi\u0119cie mi\u0119\u015bniowe,<\/li>\n\n\n\n<li>zaburzenia snu,<\/li>\n\n\n\n<li>problemy \u017co\u0142\u0105dkowo-jelitowe,<\/li>\n\n\n\n<li>obni\u017cona odporno\u015b\u0107 i cz\u0119ste infekcje.<\/li>\n<\/ul>\n\n\n\n<h3 class=\"h3 h3--content-tag wp-block-heading\">Objawy spo\u0142eczne:<\/h3>\n\n\n\n<ul class=\"wp-block-list\">\n<li>pogorszenie relacji z bliskimi,<\/li>\n\n\n\n<li>wycofanie spo\u0142eczne,<\/li>\n\n\n\n<li>narastaj\u0105ce konflikty w pracy i domu.<\/li>\n<\/ul>\n\n\n\n<hr class=\"wp-block-separator has-alpha-channel-opacity\"\/>\n\n\n\n<h2 class=\"h2 h2--content-tag wp-block-heading\">Skutki nieleczonego wypalenia zawodowego<\/h2>\n\n\n\n<p>Nieleczone wypalenie zawodowe mo\u017ce prowadzi\u0107 do powa\u017cnych konsekwencji, takich jak:<\/p>\n\n\n\n<ul class=\"wp-block-list\">\n<li><a href=\"https:\/\/telemedi.com\/pl\/poradnik\/depresja-2\/\" target=\"_blank\" rel=\"noreferrer noopener\">depresja<\/a> i zaburzenia l\u0119kowe,<\/li>\n\n\n\n<li>choroby sercowo-naczyniowe,<\/li>\n\n\n\n<li><a href=\"https:\/\/telemedi.com\/pl\/poradnik\/alkoholizm\/\" target=\"_blank\" rel=\"noreferrer noopener\">uzale\u017cnienia (np. od alkoholu<\/a> lub lek\u00f3w),<\/li>\n\n\n\n<li>d\u0142ugotrwa\u0142e <a href=\"https:\/\/telemedi.com\/pl\/zwolnienie-online-l4-przez-internet\/\" target=\"_blank\" rel=\"noreferrer noopener\">zwolnienia lekarskie<\/a>,<\/li>\n\n\n\n<li>utrata pracy i pogorszenie sytuacji \u017cyciowej.<\/li>\n<\/ul>\n\n\n\n<p>Depresja to choroba, kt\u00f3ra wymaga leczenia. Depresja jest najcz\u0119\u015bciej wyst\u0119puj\u0105cym zaburzeniem psychicznym na \u015bwiecie i na depresj\u0119 cierpi nawet 350 milion\u00f3w ludzi na ca\u0142ym \u015bwiecie.<\/p>\n\n\n\n<p>Dlatego tak wa\u017cne jest wczesne rozpoznanie problemu i podj\u0119cie odpowiednich dzia\u0142a\u0144.<\/p>\n\n\n\n<h2 class=\"h2 h2--content-tag wp-block-heading\">Wypalenie zawodowe a depresja \u2013 czym si\u0119 r\u00f3\u017cni\u0105?<\/h2>\n\n\n\n<p>Cho\u0107 objawy i symptom\u00f3w mog\u0105 by\u0107 podobne, wypalenie zawodowe:<\/p>\n\n\n\n<ul class=\"wp-block-list\">\n<li>jest \u015bci\u015ble zwi\u0105zane z prac\u0105,<\/li>\n\n\n\n<li>mo\u017ce ust\u0119powa\u0107 po zmianie warunk\u00f3w zawodowych,<\/li>\n\n\n\n<li>nie zawsze obejmuje wszystkie obszary \u017cycia.<\/li>\n<\/ul>\n\n\n\n<p>Rozpoznanie depresji odbywa si\u0119 na podstawie wywiadu chorobowego i obecnych objaw\u00f3w.<\/p>\n\n\n\n<p>Depresja natomiast wp\u0142ywa na funkcjonowanie globalnie i wymaga <a target=\"_blank\" rel=\"noreferrer noopener\" href=\"https:\/\/telemedi.com\/pl\/poradnik\/jak-wyglada-proces-dlugoterminowego-leczenia-psychiatrycznego-i-czy-teleporada-z-psychiatra-moze-pomoc\/\">leczenia psychiatrycznego<\/a>. G\u0142\u00f3wnym kryterium odr\u00f3\u017cniaj\u0105cym depresj\u0119 od smutku jest czas trwania objaw\u00f3w. W razie w\u0105tpliwo\u015bci zawsze warto skonsultowa\u0107 si\u0119 z lekarzem lub <a target=\"_blank\" rel=\"noreferrer noopener\" href=\"https:\/\/telemedi.com\/pl\/poradnik\/psycholog-warszawa\/\">psychologiem<\/a>.<\/p>\n\n\n\n<h2 class=\"h2 h2--content-tag wp-block-heading\">Zapobieganie wypaleniu zawodowemu<\/h2>\n\n\n\n<p>Profilaktyka wypalenia zawodowego to nie tylko troska o zdrowie psychiczne, ale tak\u017ce o ca\u0142y organizm. Warto pami\u0119ta\u0107, \u017ce skuteczne leczenie i zapobieganie temu zjawisku zaczyna si\u0119 od codziennych, drobnych dzia\u0142a\u0144. Kluczowe jest dbanie o odpowiedni\u0105 r\u00f3wnowag\u0119 mi\u0119dzy prac\u0105 a \u017cyciem prywatnym, regularny odpoczynek oraz otwarto\u015b\u0107 na wsparcie bliskich i grup wsparcia. Dzi\u0119ki temu mo\u017cna zminimalizowa\u0107 ryzyko utraty zdrowia i pogorszenia <a target=\"_blank\" rel=\"noreferrer noopener\" href=\"https:\/\/telemedi.com\/pl\/poradnik\/zle-samopoczucie\/\">samopoczucia<\/a>.<\/p>\n\n\n\n<p>Wczesne rozpoznanie pierwszych objaw\u00f3w, takich jak b\u00f3le g\u0142owy, brak energii, trudno\u015bci z koncentracj\u0105 czy negatywne emocje, daje wi\u0119ksze szanse na skuteczne leczenie i powr\u00f3t do pe\u0142ni si\u0142. Je\u015bli zauwa\u017cysz u siebie lub bliskich niepokoj\u0105ce symptomy, nie zwlekaj z konsultacj\u0105 u lekarza. Specjalista mo\u017ce zaleci\u0107 odpowiedni\u0105 terapi\u0119, a w razie potrzeby tak\u017ce leki, kt\u00f3re pomog\u0105 w radzeniu sobie z trudno\u015bciami.<\/p>\n\n\n\n<p>Warto r\u00f3wnie\u017c zwr\u00f3ci\u0107 uwag\u0119 na czynniki, kt\u00f3re mog\u0105 nasila\u0107 objawy wypalenia zawodowego. Nadmierne stosowanie lek\u00f3w, w tym <a target=\"_blank\" rel=\"noreferrer noopener\" href=\"https:\/\/telemedi.com\/pl\/poradnik\/ospen-w-leczeniu-zapalenia-gardla-lek-na-niektore-zakazenia-bakteryjne-gardla\/\">antybiotyk\u00f3w<\/a>, bez wyra\u017anych wskaza\u0144 lekarza, mo\u017ce prowadzi\u0107 do lekooporno\u015bci i dodatkowych problem\u00f3w zdrowotnych. Pami\u0119taj, aby zawsze stosowa\u0107 leki zgodnie z zaleceniami i nie si\u0119ga\u0107 po nie profilaktycznie. Infekcje bakteryjne, choroby przewodu pokarmowego czy inne dolegliwo\u015bci mog\u0105 dodatkowo obci\u0105\u017ca\u0107 organizm, dlatego wa\u017cne jest szybkie rozpoznanie i skuteczne leczenie pod okiem specjalisty.<\/p>\n\n\n\n<p>Nie mo\u017cna tak\u017ce bagatelizowa\u0107 wp\u0142ywu uzale\u017cnie\u0144 na rozw\u00f3j wypalenia zawodowego. Alkohol, narkotyki, a nawet gry komputerowe mog\u0105 by\u0107 zar\u00f3wno przyczyn\u0105, jak i skutkiem pogorszenia zdrowia psychicznego. Je\u015bli podejrzewasz u siebie lub bliskiej osoby uzale\u017cnienie, nie wahaj si\u0119 szuka\u0107 pomocy \u2013 rozpozna\u0107 uzale\u017cnienie i podj\u0105\u0107 odpowiednie kroki mo\u017cna z pomoc\u0105 specjalist\u00f3w oraz grup wsparcia.<\/p>\n\n\n\n<p>Wypalenie zawodowe mo\u017ce by\u0107 tak\u017ce zwi\u0105zane z powa\u017cniejszymi chorobami, takimi jak <a target=\"_blank\" rel=\"noreferrer noopener\" href=\"https:\/\/telemedi.com\/pl\/poradnik\/czym-jest-nowotwor\/\">nowotw\u00f3r<\/a> czy przewlek\u0142e schorzenia. W takich przypadkach kluczowe jest kompleksowe leczenie i \u015bcis\u0142a wsp\u00f3\u0142praca z lekarzem. \u015awiatowa organizacja zdrowia podkre\u015bla, jak wa\u017cne jest wczesne rozpoznanie i wdro\u017cenie skutecznych metod terapii, aby zapobiec dalszemu pogorszeniu stanu zdrowia.<\/p>\n\n\n\n<p>Pami\u0119taj, \u017ce profilaktyka wypalenia zawodowego to nie tylko reagowanie na objawy, ale przede wszystkim dbanie o siebie na co dzie\u0144. Odpowiednia dieta, aktywno\u015b\u0107 fizyczna, unikanie nadmiernego stresu i regularne <a target=\"_blank\" rel=\"noreferrer noopener\" href=\"https:\/\/telemedi.com\/pl\/poradnik\/badania-kontrolne-do-pracy-co-warto-wiedziec\/\">badania kontrolne<\/a> to podstawa, by cieszy\u0107 si\u0119 zdrowiem przez d\u0142u\u017cszy czas. Im szybciej rozpoznasz pierwsze symptomy i podejmiesz dzia\u0142ania, tym wi\u0119ksze masz szanse na skuteczne leczenie i powr\u00f3t do pe\u0142ni si\u0142 \u2013 zar\u00f3wno w pracy, jak i w \u017cyciu prywatnym.<\/p>\n\n\n\n<h2 class=\"h2 h2--content-tag wp-block-heading\">Co zrobi\u0107, gdy podejrzewasz wypalenie zawodowe?<\/h2>\n\n\n\n<h3 class=\"h3 h3--content-tag wp-block-heading\">1. Zatrzymaj si\u0119 i nazwij problem<\/h3>\n\n\n\n<p>Uznanie, \u017ce problem istnieje, to pierwszy krok do zmiany. Odpowiedz sobie szczerze na pytania dotycz\u0105ce w\u0142asnego samopoczucia i objaw\u00f3w \u2013 taka szczera autoanaliza pomo\u017ce zidentyfikowa\u0107, czy rzeczywi\u015bcie masz do czynienia z problemem.<\/p>\n\n\n\n<h3 class=\"h3 h3--content-tag wp-block-heading\">2. Zadbaj o podstawy<\/h3>\n\n\n\n<ul class=\"wp-block-list\">\n<li>regularny sen,<\/li>\n\n\n\n<li>odpoczynek i przerwy w pracy,<\/li>\n\n\n\n<li>aktywno\u015b\u0107 fizyczna,<\/li>\n\n\n\n<li>ograniczenie alkoholu i u\u017cywek.<\/li>\n<\/ul>\n\n\n\n<h3 class=\"h3 h3--content-tag wp-block-heading\">3. Ustal granice<\/h3>\n\n\n\n<p>Naucz si\u0119 m\u00f3wi\u0107 \u201enie\u201d, delegowa\u0107 zadania i oddziela\u0107 prac\u0119 od \u017cycia prywatnego.<\/p>\n\n\n\n<h3 class=\"h3 h3--content-tag wp-block-heading\">4. Porozmawiaj z kim\u015b zaufanym lub do\u0142\u0105cz do grupy wsparcia<\/h3>\n\n\n\n<p>Wsparcie bliskich, wsp\u00f3\u0142pracownik\u00f3w lub prze\u0142o\u017conego mo\u017ce znacz\u0105co pom\u00f3c. Rozmowa z zaufan\u0105 osob\u0105 pozwala uporz\u0105dkowa\u0107 trudne sprawy i emocje, co u\u0142atwia radzenie sobie z problemami.<\/p>\n\n\n\n<h3 class=\"h3 h3--content-tag wp-block-heading\">5. Skorzystaj z pomocy specjalisty<\/h3>\n\n\n\n<p>Psycholog lub psychoterapeuta pomo\u017ce:<\/p>\n\n\n\n<ul class=\"wp-block-list\">\n<li>zidentyfikowa\u0107 \u017ar\u00f3d\u0142a stresu,<\/li>\n\n\n\n<li>nauczy\u0107 skutecznych strategii radzenia sobie,<\/li>\n\n\n\n<li>zapobiec nawrotom wypalenia.<\/li>\n<\/ul>\n\n\n\n<p>Warto um\u00f3wi\u0107 si\u0119 na konsultacj\u0119 ze specjalist\u0105, aby om\u00f3wi\u0107 swoje objawy i uzyska\u0107 fachow\u0105 porad\u0119. Dodatkowo prowadzenie dziennika emocji mo\u017ce pom\u00f3c zidentyfikowa\u0107 wzorce i wyzwalacze emocjonalne.<\/p>\n\n\n\n<p>W niekt\u00f3rych przypadkach lekarz mo\u017ce zaleci\u0107 tak\u017ce czasowe zwolnienie lekarskie lub leczenie farmakologiczne.<\/p>\n\n\n\n<h2 class=\"h2 h2--content-tag wp-block-heading\">Podsumowanie<\/h2>\n\n\n\n<p>Wypalenie zawodowe to powa\u017cny sygna\u0142 ostrzegawczy, kt\u00f3rego nie nale\u017cy ignorowa\u0107. Im wcze\u015bniej rozpoznasz objawy i podejmiesz dzia\u0142ania, tym wi\u0119ksza szansa na powr\u00f3t do r\u00f3wnowagi, zdrowia i satysfakcji z \u017cycia zawodowego. Poprawa stanu zdrowia wymaga jednak czasu i konsekwencji \u2013 efekty leczenia, takie jak farmakoterapia czy psychoterapia, nie pojawiaj\u0105 si\u0119 natychmiast.<\/p>\n\n\n\n<p>Warto tak\u017ce obserwowa\u0107 siebie i swoich bliskich, aby w por\u0119 dostrzec potrzeb\u0119 specjalistycznej pomocy.<\/p>\n","protected":false},"author":34,"featured_media":0,"template":"","tags":[9159,9161],"guide_category":[8415],"class_list":["post-24532","tm-guide","type-tm-guide","status-publish","hentry","tag-s-psycholog-6","tag-t-zdrowie-psychiczne-7","guide_category-zdrowie-psychiczne"],"acf":[],"lang":"pl","translations":{"pl":24532},"_links":{"self":[{"href":"https:\/\/telemedi.com\/tm-api\/wp\/v2\/tm-guide\/24532","targetHints":{"allow":["GET"]}}],"collection":[{"href":"https:\/\/telemedi.com\/tm-api\/wp\/v2\/tm-guide"}],"about":[{"href":"https:\/\/telemedi.com\/tm-api\/wp\/v2\/types\/tm-guide"}],"author":[{"embeddable":true,"href":"https:\/\/telemedi.com\/tm-api\/wp\/v2\/users\/34"}],"wp:attachment":[{"href":"https:\/\/telemedi.com\/tm-api\/wp\/v2\/media?parent=24532"}],"wp:term":[{"taxonomy":"post_tag","embeddable":true,"href":"https:\/\/telemedi.com\/tm-api\/wp\/v2\/tags?post=24532"},{"taxonomy":"guide_category","embeddable":true,"href":"https:\/\/telemedi.com\/tm-api\/wp\/v2\/guide_category?post=24532"}],"curies":[{"name":"wp","href":"https:\/\/api.w.org\/{rel}","templated":true}]}}