{"id":24974,"date":"2026-03-13T10:53:00","date_gmt":"2026-03-13T09:53:00","guid":{"rendered":"https:\/\/telemedi.com\/?post_type=tm-guide&#038;p=24974"},"modified":"2026-03-09T21:55:31","modified_gmt":"2026-03-09T20:55:31","slug":"sen-a-odpornosc-dlaczego-jego-brak-zwieksza-ryzyko-infekcji","status":"publish","type":"tm-guide","link":"https:\/\/telemedi.com\/pl\/poradnik\/sen-a-odpornosc-dlaczego-jego-brak-zwieksza-ryzyko-infekcji\/","title":{"rendered":"Sen a odporno\u015b\u0107: dlaczego jego brak zwi\u0119ksza ryzyko infekcji?"},"content":{"rendered":"\n<h3 class=\"h3 h3--content-tag wp-block-heading\">Wprowadzenie<\/h3>\n\n\n\n<p>Sen to jeden z najwa\u017cniejszych, a jednocze\u015bnie najbardziej niedocenianych filar\u00f3w zdrowia. To w\u0142a\u015bnie w nocy organizm regeneruje si\u0119, reguluje gospodark\u0119 hormonaln\u0105 i wzmacnia uk\u0142ad immunologiczny. Coraz wi\u0119cej bada\u0144 pokazuje, \u017ce niedob\u00f3r snu bezpo\u015brednio zwi\u0119ksza ryzyko infekcji, obni\u017ca skuteczno\u015b\u0107 szczepie\u0144 oraz sprzyja rozwojowi chor\u00f3b przewlek\u0142ych. Przewlek\u0142y niedob\u00f3r snu mo\u017ce prowadzi\u0107 do powa\u017cnych konsekwencji dla zdrowia fizycznego i psychicznego, takich jak zwi\u0119kszone ryzyko powa\u017cnych schorze\u0144, w tym obturacyjnego bezdechu sennego czy pogorszenia zdrowia psychicznego. Badania naukowe pokazuj\u0105, \u017ce osoby \u015bpi\u0105ce poni\u017cej 6 godzin dziennie s\u0105 czterokrotnie bardziej nara\u017cone na <a target=\"_blank\" rel=\"noreferrer noopener\" href=\"https:\/\/telemedi.com\/pl\/poradnik\/przeziebienie\/\">przezi\u0119bienie<\/a> ni\u017c te, kt\u00f3re \u015bpi\u0105 7\u20138 godzin.<\/p>\n\n\n\n<p>W tym artykule wyja\u015bnimy:<\/p>\n\n\n\n<ul class=\"wp-block-list\">\n<li>czym jest niedob\u00f3r snu i deprywacja snu,<\/li>\n\n\n\n<li>jak brak snu wp\u0142ywa na <a href=\"https:\/\/telemedi.com\/pl\/poradnik\/limfocyty-podwyzszone\/\" target=\"_blank\" rel=\"noreferrer noopener\">limfocyty<\/a> T i kom\u00f3rki NK,<\/li>\n\n\n\n<li>dlaczego jako\u015b\u0107 snu ma znaczenie dla cytokin,<\/li>\n\n\n\n<li>jak poprawi\u0107 odporno\u015b\u0107 poprzez higien\u0119 snu i konkretne nawyki.<\/li>\n<\/ul>\n\n\n\n<p>Badania naukowe potwierdzaj\u0105, \u017ce wp\u0142ywa sen na uk\u0142ad odporno\u015bciowy i zdrowie jest kluczowy.<\/p>\n\n\n\n<h2 class=\"h2 h2--content-tag wp-block-heading\">Co to jest niedob\u00f3r snu i brak snu?<\/h2>\n\n\n\n<h3 class=\"h3 h3--content-tag wp-block-heading\">Niedob\u00f3r snu \u2013 definicja<\/h3>\n\n\n\n<p>Niedob\u00f3r snu to stan, w kt\u00f3rym ilo\u015b\u0107 lub jako\u015b\u0107 snu jest niewystarczaj\u0105ca do prawid\u0142owego funkcjonowania organizmu. Snu potrzebujemy w ilo\u015bci zalecanej przez ekspert\u00f3w, czyli najcz\u0119\u015bciej 7\u20139 godzin na dob\u0119. Kr\u00f3tki sen, czyli trwaj\u0105cy poni\u017cej tej warto\u015bci, zwi\u0119ksza ryzyko problem\u00f3w zdrowotnych, w tym os\u0142abienia odporno\u015bci, chor\u00f3b <a target=\"_blank\" rel=\"noreferrer noopener\" href=\"https:\/\/telemedi.com\/pl\/poradnik\/bol-serca-jak-sie-go-odczuwa-co-moze-oznaczac\/\">serca<\/a> i zaburze\u0144 metabolicznych. Dla wi\u0119kszo\u015bci doros\u0142ych optymalny czas snu wynosi 7\u20139 godzin na dob\u0119.<\/p>\n\n\n\n<h3 class=\"h3 h3--content-tag wp-block-heading\">Deprywacja ostra<\/h3>\n\n\n\n<p>Ostra deprywacja snu to jednorazowe lub kr\u00f3tkotrwa\u0142e zarwanie nocy (np. 24\u201348 godzin bez snu). Ju\u017c po jednej nieprzespanej nocy obserwuje si\u0119 spadek aktywno\u015bci kom\u00f3rek odporno\u015bciowych.<\/p>\n\n\n\n<h3 class=\"h3 h3--content-tag wp-block-heading\">Deprywacja przewlek\u0142a<\/h3>\n\n\n\n<p>Przewlek\u0142y niedob\u00f3r snu, czyli d\u0142ugotrwa\u0142y brak snu trwaj\u0105cy tygodniami lub miesi\u0105cami, to sytuacja, w kt\u00f3rej \u015bpimy zbyt kr\u00f3tko \u2013 zwykle mniej ni\u017c 6 godzin na dob\u0119. D\u0142ugotrwa\u0142y brak snu ma powa\u017cne konsekwencje zdrowotne, prowadz\u0105c nie tylko do zwi\u0119kszonego ryzyka infekcji, ale tak\u017ce do oty\u0142o\u015bci, chor\u00f3b serca oraz os\u0142abienia odporno\u015bci organizmu.<\/p>\n\n\n\n<p>Osoby z niedoborem snu maj\u0105 wi\u0119ksze ryzyko chor\u00f3b przewlek\u0142ych, w tym sercowo-naczyniowych i cukrzycy. D\u0142ugotrwa\u0142y brak snu mo\u017ce prowadzi\u0107 do wcze\u015bniejszej \u015bmierci oraz skr\u00f3cenia okresu \u017cycia w dobrym zdrowiu.<\/p>\n\n\n\n<h2 class=\"h2 h2--content-tag wp-block-heading\">Objawy niedoboru snu<\/h2>\n\n\n\n<h3 class=\"h3 h3--content-tag wp-block-heading\">Objawy poznawcze<\/h3>\n\n\n\n<ul class=\"wp-block-list\">\n<li>problemy z koncentracj\u0105<\/li>\n\n\n\n<li>spowolnione reakcje<\/li>\n\n\n\n<li>zaburzenia pami\u0119ci<\/li>\n<\/ul>\n\n\n\n<p>Niedob\u00f3r snu negatywnie wp\u0142ywa na procesy my\u015blowe, prowadz\u0105c do wolniejszego podejmowania decyzji i zwi\u0119kszonego ryzyka pope\u0142niania b\u0142\u0119d\u00f3w.<\/p>\n\n\n\n<h3 class=\"h3 h3--content-tag wp-block-heading\">Objawy emocjonalne<\/h3>\n\n\n\n<ul class=\"wp-block-list\">\n<li>dra\u017cliwo\u015b\u0107<\/li>\n\n\n\n<li>obni\u017cony nastr\u00f3j<\/li>\n\n\n\n<li>wi\u0119ksza podatno\u015b\u0107 na stres<\/li>\n<\/ul>\n\n\n\n<p>Osoby cierpi\u0105ce na zaburzenia snu s\u0105 bardziej nara\u017cone na zaburzenia psychiczne i pogorszenie zdrowia psychicznego.<\/p>\n\n\n\n<p>Problemy ze snem mog\u0105 zaostrza\u0107 niekt\u00f3re stany psychiczne, takie jak <a target=\"_blank\" rel=\"noreferrer noopener\" href=\"https:\/\/telemedi.com\/pl\/poradnik\/depresja-2\/\">depresja<\/a> i l\u0119k.<\/p>\n\n\n\n<h3 class=\"h3 h3--content-tag wp-block-heading\">Objawy metaboliczne<\/h3>\n\n\n\n<ul class=\"wp-block-list\">\n<li>zwi\u0119kszony apetyt<\/li>\n\n\n\n<li>wahania poziomu glukozy<\/li>\n\n\n\n<li><a href=\"https:\/\/telemedi.com\/pl\/lekarze\/objawy\/przyrost-masy-ciala\" target=\"_blank\" rel=\"noreferrer noopener\">przyrost masy cia\u0142a<\/a><\/li>\n<\/ul>\n\n\n\n<hr class=\"wp-block-separator has-alpha-channel-opacity\"\/>\n\n\n\n<h2 class=\"h2 h2--content-tag wp-block-heading\">Jako\u015b\u0107 snu a funkcjonowanie uk\u0142adu odporno\u015bciowego<\/h2>\n\n\n\n<h3 class=\"h3 h3--content-tag wp-block-heading\">Czym jest jako\u015b\u0107 snu?<\/h3>\n\n\n\n<p>Jako\u015b\u0107 snu to nie tylko jego d\u0142ugo\u015b\u0107, ale tak\u017ce:<\/p>\n\n\n\n<ul class=\"wp-block-list\">\n<li>ci\u0105g\u0142o\u015b\u0107 (brak wybudze\u0144),<\/li>\n\n\n\n<li>odpowiednia proporcja faz NREM i REM,<\/li>\n\n\n\n<li>g\u0142\u0119boko\u015b\u0107 snu.<\/li>\n<\/ul>\n\n\n\n<h3 class=\"h3 h3--content-tag wp-block-heading\">Fragmentacja snu a cytokiny<\/h3>\n\n\n\n<p>Cz\u0119ste wybudzenia zwi\u0119kszaj\u0105 poziom cytokin prozapalnych (np. IL-6, TNF-\u03b1). Przewlek\u0142y stan zapalny os\u0142abia odporno\u015b\u0107 i zwi\u0119ksza podatno\u015b\u0107 na infekcje sezonowe.<\/p>\n\n\n\n<h3 class=\"h3 h3--content-tag wp-block-heading\">Znaczenie faz NREM i REM<\/h3>\n\n\n\n<ul class=\"wp-block-list\">\n<li>Faza NREM (szczeg\u00f3lnie sen g\u0142\u0119boki) wspiera produkcj\u0119 cytokin ochronnych.<\/li>\n\n\n\n<li>Faza REM wp\u0142ywa na regulacj\u0119 hormonaln\u0105 i stresow\u0105.<\/li>\n<\/ul>\n\n\n\n<p>Zaburzenia tych faz obni\u017caj\u0105 zdolno\u015b\u0107 organizmu do walki z patogenami.<\/p>\n\n\n\n<hr class=\"wp-block-separator has-alpha-channel-opacity\"\/>\n\n\n\n<h2 class=\"h2 h2--content-tag wp-block-heading\">Jak brak snu wp\u0142ywa na funkcjonowanie uk\u0142adu odporno\u015bciowego?<\/h2>\n\n\n\n<h3 class=\"h3 h3--content-tag wp-block-heading\">Limfocyty T<\/h3>\n\n\n\n<p>Sen zwi\u0119ksza zdolno\u015b\u0107 limfocyt\u00f3w T do przylegania do zaka\u017conych kom\u00f3rek. Niedob\u00f3r snu zmniejsza ich skuteczno\u015b\u0107.<\/p>\n\n\n\n<h3 class=\"h3 h3--content-tag wp-block-heading\">Kom\u00f3rki NK (natural killer)<\/h3>\n\n\n\n<p>Ju\u017c po jednej nieprzespanej nocy aktywno\u015b\u0107 kom\u00f3rek NK mo\u017ce spa\u015b\u0107 nawet o kilkadziesi\u0105t procent. To kom\u00f3rki kluczowe w zwalczaniu wirus\u00f3w.<\/p>\n\n\n\n<h3 class=\"h3 h3--content-tag wp-block-heading\">Cytokiny prozapalne<\/h3>\n\n\n\n<p>Brak snu zwi\u0119ksza poziom cytokin prozapalnych, co prowadzi do przewlek\u0142ego stanu zapalnego i os\u0142abienia odpowiedzi immunologicznej.<\/p>\n\n\n\n<h3 class=\"h3 h3--content-tag wp-block-heading\">Odpowied\u017a poszczepienna<\/h3>\n\n\n\n<p>Osoby \u015bpi\u0105ce kr\u00f3cej ni\u017c 6 godzin produkuj\u0105 mniej przeciwcia\u0142 po szczepieniu. To oznacza s\u0142absz\u0105 ochron\u0119 przed infekcjami.<\/p>\n\n\n\n<hr class=\"wp-block-separator has-alpha-channel-opacity\"\/>\n\n\n\n<h2 class=\"h2 h2--content-tag wp-block-heading\">Mechanizmy: rola snu w budowaniu odporno\u015bci<\/h2>\n\n\n\n<h3 class=\"h3 h3--content-tag wp-block-heading\">Budowanie odporno\u015bci w czasie snu<\/h3>\n\n\n\n<p>Podczas snu:<\/p>\n\n\n\n<ul class=\"wp-block-list\">\n<li>spada poziom kortyzolu,<\/li>\n\n\n\n<li>aktywowane s\u0105 mechanizmy regeneracyjne,<\/li>\n\n\n\n<li>organizm \u201euczy si\u0119\u201d rozpoznawa\u0107 patogeny.<\/li>\n<\/ul>\n\n\n\n<h3 class=\"h3 h3--content-tag wp-block-heading\">Konsolidacja pami\u0119ci immunologicznej<\/h3>\n\n\n\n<p>Podobnie jak m\u00f3zg utrwala wspomnienia, uk\u0142ad odporno\u015bciowy utrwala informacje o drobnoustrojach. Ten proces zachodzi g\u0142\u00f3wnie w czasie snu g\u0142\u0119bokiego.<\/p>\n\n\n\n<h3 class=\"h3 h3--content-tag wp-block-heading\">Kortyzol a odporno\u015b\u0107<\/h3>\n\n\n\n<p>Przewlek\u0142y brak snu podnosi poziom kortyzolu, kt\u00f3ry hamuje odpowied\u017a immunologiczn\u0105.<\/p>\n\n\n\n<hr class=\"wp-block-separator has-alpha-channel-opacity\"\/>\n\n\n\n<h2 class=\"h2 h2--content-tag wp-block-heading\">Brak snu a zwi\u0119kszone ryzyko infekcji i chor\u00f3b<\/h2>\n\n\n\n<p>Badania epidemiologiczne pokazuj\u0105, \u017ce osoby \u015bpi\u0105ce mniej ni\u017c 6 godzin cz\u0119\u015bciej choruj\u0105 na <a target=\"_blank\" rel=\"noreferrer noopener\" href=\"https:\/\/telemedi.com\/pl\/lekarze\/choroby\/infekcje-gornych-drog-oddechowych\">infekcje g\u00f3rnych dr\u00f3g oddechowych<\/a>.<\/p>\n\n\n\n<p>Kr\u00f3tszy sen wi\u0105\u017ce si\u0119 tak\u017ce z:<\/p>\n\n\n\n<ul class=\"wp-block-list\">\n<li>ni\u017csz\u0105 skuteczno\u015bci\u0105 szczepie\u0144,<\/li>\n\n\n\n<li>wy\u017cszym ryzykiem stan\u00f3w zapalnych,<\/li>\n\n\n\n<li>wi\u0119ksz\u0105 podatno\u015bci\u0105 na choroby wirusowe.<\/li>\n<\/ul>\n\n\n\n<hr class=\"wp-block-separator has-alpha-channel-opacity\"\/>\n\n\n\n<h2 class=\"h2 h2--content-tag wp-block-heading\">Niedob\u00f3r snu a choroby przewlek\u0142e<\/h2>\n\n\n\n<h3 class=\"h3 h3--content-tag wp-block-heading\">Cukrzyca typu 2<\/h3>\n\n\n\n<p>Niewyspanie zaburza wra\u017cliwo\u015b\u0107 na insulin\u0119 i zwi\u0119ksza ryzyko insulinooporno\u015bci.<\/p>\n\n\n\n<h3 class=\"h3 h3--content-tag wp-block-heading\">Choroby serca<\/h3>\n\n\n\n<p>Przewlek\u0142y stan zapalny i <a target=\"_blank\" rel=\"noreferrer noopener\" href=\"https:\/\/telemedi.com\/pl\/poradnik\/jakie-sa-skutki-dlugotrwalego-podwyzszenia-poziomu-kortyzolu-we-krwi\/\">podwy\u017cszony kortyzol<\/a> zwi\u0119kszaj\u0105 ryzyko nadci\u015bnienia i choroby wie\u0144cowej.<\/p>\n\n\n\n<h3 class=\"h3 h3--content-tag wp-block-heading\">Oty\u0142o\u015b\u0107<\/h3>\n\n\n\n<p>Brak snu zaburza <a target=\"_blank\" rel=\"noreferrer noopener\" href=\"https:\/\/telemedi.com\/pl\/poradnik\/najwazniejsze-hormony-i-ich-wplyw-na-organizm\/\">hormony<\/a> g\u0142odu (leptyn\u0119 i grelin\u0119), co sprzyja nadmiernemu jedzeniu.<\/p>\n\n\n\n<hr class=\"wp-block-separator has-alpha-channel-opacity\"\/>\n\n\n\n<h2 class=\"h2 h2--content-tag wp-block-heading\">Jak poprawi\u0107 jako\u015b\u0107 snu \u2014 higiena snu i praktyki<\/h2>\n\n\n\n<ul class=\"wp-block-list\">\n<li>Sta\u0142e godziny snu i pobudki<\/li>\n\n\n\n<li>Ograniczenie \u015bwiat\u0142a niebieskiego 1\u20132 godziny przed snem<\/li>\n\n\n\n<li><a href=\"https:\/\/telemedi.com\/pl\/poradnik\/objawy-goraczki-skad-sie-bierze-podwyzszona-temperatura-ciala\/\" target=\"_blank\" rel=\"noreferrer noopener\">Temperatura<\/a> w sypialni 17\u201319\u00b0C<\/li>\n\n\n\n<li>Rytua\u0142 wyciszenia (czytanie, medytacja, oddech przeponowy)<\/li>\n<\/ul>\n\n\n\n<hr class=\"wp-block-separator has-alpha-channel-opacity\"\/>\n\n\n\n<h2 class=\"h2 h2--content-tag wp-block-heading\">Konkretne narz\u0119dzia i nawyki<\/h2>\n\n\n\n<ul class=\"wp-block-list\">\n<li>Kr\u00f3tkotrwa\u0142e stosowanie <a href=\"https:\/\/telemedi.com\/pl\/poradnik\/jakie-sa-skutki-niedoboru-i-nadmiaru-melatoniny\/\" target=\"_blank\" rel=\"noreferrer noopener\">melatoniny<\/a> (po konsultacji)<\/li>\n\n\n\n<li>Magnez wspieraj\u0105cy relaksacj\u0119<\/li>\n\n\n\n<li>L-teanina redukuj\u0105ca napi\u0119cie<\/li>\n\n\n\n<li>Konsultacja lekarska przy przewlek\u0142ej bezsenno\u015bci<\/li>\n<\/ul>\n\n\n\n<hr class=\"wp-block-separator has-alpha-channel-opacity\"\/>\n\n\n\n<h2 class=\"h2 h2--content-tag wp-block-heading\">Podsumowanie i plan 7-dniowy<\/h2>\n\n\n\n<p>Kluczowe wnioski:<\/p>\n\n\n\n<ul class=\"wp-block-list\">\n<li>Sen bezpo\u015brednio wzmacnia odporno\u015b\u0107.<\/li>\n\n\n\n<li>Niedob\u00f3r snu zwi\u0119ksza ryzyko infekcji i chor\u00f3b przewlek\u0142ych.<\/li>\n\n\n\n<li>Jako\u015b\u0107 snu jest r\u00f3wnie wa\u017cna jak jego d\u0142ugo\u015b\u0107.<\/li>\n<\/ul>\n\n\n\n<h3 class=\"h3 h3--content-tag wp-block-heading\">Tygodniowy plan poprawy snu:<\/h3>\n\n\n\n<ol class=\"wp-block-list\">\n<li>Ustal sta\u0142\u0105 godzin\u0119 snu.<\/li>\n\n\n\n<li>Wyeliminuj ekran 90 min przed snem.<\/li>\n\n\n\n<li>Wprowad\u017a wieczorny rytua\u0142 wyciszenia.<\/li>\n\n\n\n<li>Monitoruj d\u0142ugo\u015b\u0107 i jako\u015b\u0107 snu.<\/li>\n\n\n\n<li>Dbaj o regularn\u0105 aktywno\u015b\u0107 fizyczn\u0105.<\/li>\n<\/ol>\n\n\n\n<p>Regularny, g\u0142\u0119boki sen to jeden z najprostszych i najskuteczniejszych sposob\u00f3w na wzmocnienie odporno\u015bci.<\/p>\n","protected":false},"author":34,"featured_media":0,"template":"","tags":[10187],"guide_category":[10108],"class_list":["post-24974","tm-guide","type-tm-guide","status-publish","hentry","tag-t-odpornosc-21","guide_category-odpornosc"],"acf":[],"lang":"pl","translations":{"pl":24974},"_links":{"self":[{"href":"https:\/\/telemedi.com\/tm-api\/wp\/v2\/tm-guide\/24974","targetHints":{"allow":["GET"]}}],"collection":[{"href":"https:\/\/telemedi.com\/tm-api\/wp\/v2\/tm-guide"}],"about":[{"href":"https:\/\/telemedi.com\/tm-api\/wp\/v2\/types\/tm-guide"}],"author":[{"embeddable":true,"href":"https:\/\/telemedi.com\/tm-api\/wp\/v2\/users\/34"}],"wp:attachment":[{"href":"https:\/\/telemedi.com\/tm-api\/wp\/v2\/media?parent=24974"}],"wp:term":[{"taxonomy":"post_tag","embeddable":true,"href":"https:\/\/telemedi.com\/tm-api\/wp\/v2\/tags?post=24974"},{"taxonomy":"guide_category","embeddable":true,"href":"https:\/\/telemedi.com\/tm-api\/wp\/v2\/guide_category?post=24974"}],"curies":[{"name":"wp","href":"https:\/\/api.w.org\/{rel}","templated":true}]}}