{"id":5940,"date":"2021-08-01T13:39:00","date_gmt":"2021-08-01T13:39:00","guid":{"rendered":"https:\/\/telemedi.com\/?post_type=tm-guide&#038;p=5940"},"modified":"2023-05-16T15:36:05","modified_gmt":"2023-05-16T13:36:05","slug":"bol-ucha","status":"publish","type":"tm-guide","link":"https:\/\/telemedi.com\/pl\/poradnik\/bol-ucha\/","title":{"rendered":"B\u00f3l ucha"},"content":{"rendered":"\n<h3 class=\"h3 h3--content-tag wp-block-heading\"><strong>Jak TELEMEDI mo\u017ce pom\u00f3c Ci w przypadku b\u00f3lu ucha?&nbsp;<\/strong><\/h3>\n\n\n\n<p>Uszy s\u0105 bardzo wra\u017cliwym narz\u0105dem. Poniewa\u017c znajduje si\u0119 w nich wiele zako\u0144cze\u0144 nerwowych, nawet niewielkie nieprawid\u0142owo\u015bci mog\u0105 wywo\u0142a\u0107 powa\u017cne dolegliwo\u015bci. Poniewa\u017c przyczyn\u0105 chor\u00f3b ucha s\u0105 cz\u0119sto stany zapalne i infekcje, warto szybko skontaktowa\u0107 si\u0119 z lekarzem. Specjali\u015bci TELEMEDI udziel\u0105 Ci podczas wygodnej wideokonsultacji wyczerpuj\u0105cej porady i ustal\u0105 dalszy plan leczenia Twojej dolegliwo\u015bci. W razie potrzeby mog\u0105 r\u00f3wnie\u017c wystawi\u0107 recept\u0119 i zwolnienie lekarskie.<\/p>\n\n\n\n<h3 class=\"h3 h3--content-tag wp-block-heading\" id=\"informacje\"><strong>Podstawowe informacje<\/strong><\/h3>\n\n\n\n<section id=\"\" class=\"u-bg-white box-bold-section section--padding-default \">\n    <div class=\"container box-bold-section__background\">\n        <div class=\"box-bold-section__background box-bold-section__background u-bg-white\">\n            <div class=\"row columns-14\">\n                <div class=\"box-bold-section__content-container\">\n                    <div class=\"box-bold-section__border-box box-bold-section__border-box--blue u-bg-white\">\n                        \n\n<ul class=\"wp-block-list\">\n<li>B\u00f3l ucha (otalgia) mo\u017ce wyst\u0119powa\u0107 stopniowo lub nagle i gwa\u0142townie (ostra otalgia). Je\u015bli objawy utrzymuj\u0105 si\u0119 przez kilka tygodni, mamy do czynienia z przewlek\u0142ym b\u00f3lem ucha.<\/li>\n\n\n\n<li>Pierwotna otalgia to stan zapalny w okolicy ucha, wt\u00f3rna otalgia to b\u00f3l w innych cz\u0119\u015bciach cia\u0142a, kt\u00f3ry promieniuje do ucha.<\/li>\n\n\n\n<li>Je\u015bli b\u00f3l ucha wyst\u0119puje wraz z innymi objawami \u2013 zw\u0142aszcza w okolicy g\u0142owy \u2013 nale\u017cy niezw\u0142ocznie skonsultowa\u0107 si\u0119 z lekarzem.<\/li>\n<\/ul>\n\n\n                    <\/div>\n                <\/div>\n            <\/div>\n        <\/div>\n<\/section>\n\n\n\n<h3 class=\"h3 h3--content-tag wp-block-heading\" id=\"definicja\"><strong>Definicja b\u00f3lu ucha<\/strong><\/h3>\n\n\n\n<p>B\u00f3l ucha jest przez specjalist\u00f3w rozr\u00f3\u017cniany na pierwotny i wt\u00f3rny.<\/p>\n\n\n\n<section id=\"\" class=\"u-bg-white box-bold-section section--padding-default \">\n    <div class=\"container box-bold-section__background\">\n        <div class=\"box-bold-section__background box-bold-section__background u-bg-white\">\n            <div class=\"row columns-14\">\n                <div class=\"box-bold-section__content-container\">\n                    <div class=\"box-bold-section__border-box box-bold-section__border-box--blue u-bg-white\">\n                        \n\n<ul class=\"wp-block-list\">\n<li>Pierwotna otalgia to b\u00f3l ucha spowodowany chorob\u0105 ucha lub przewodu s\u0142uchowego (tuba auditiva).<\/li>\n\n\n\n<li>We wt\u00f3rnej otalgii b\u00f3l z okolicznych region\u00f3w jest przenoszony do uszu poprzez nerwy. Mo\u017ce on pochodzi\u0107 np. ze szcz\u0119ki lub kr\u0119g\u00f3w szyjnych i jest r\u00f3wnie\u017c odczuwany jako b\u00f3l ucha.<\/li>\n<\/ul>\n\n\n                    <\/div>\n                <\/div>\n            <\/div>\n        <\/div>\n<\/section>\n\n\n\n<p><\/p>\n\n\n\n<section id=\"\" class=\"u-bg-white box-bold-section section--padding-default \">\n    <div class=\"container box-bold-section__background\">\n        <div class=\"box-bold-section__background box-bold-section__background u-bg-white\">\n            <div class=\"row columns-14\">\n                <div class=\"box-bold-section__content-container\">\n                    <div class=\"box-bold-section__border-box box-bold-section__border-box--blue u-bg-white\">\n                        \n\n<p>Nag\u0142e pojawienie si\u0119 b\u00f3lu ucha to ostra otalgia, a przewlek\u0142a otalgia to b\u00f3l ucha trwaj\u0105cy d\u0142u\u017cej ni\u017c dwa tygodnie.<\/p>\n\n\n                    <\/div>\n                <\/div>\n            <\/div>\n        <\/div>\n<\/section>\n\n\n\n<p><\/p>\n\n\n\n<h3 class=\"h3 h3--content-tag wp-block-heading\" id=\"lekarz\"><strong>Kiedy nale\u017cy skonsultowa\u0107 si\u0119 z lekarzem w przypadku b\u00f3lu ucha?<\/strong><\/h3>\n\n\n\n<p>B\u00f3l ucha powinien by\u0107 zasadniczo skonsultowany z lekarzem w przypadku ka\u017cdego wieku pacjenta.<\/p>\n\n\n\n<section id=\"\" class=\"u-bg-white box-bold-section section--padding-default \">\n    <div class=\"container box-bold-section__background\">\n        <div class=\"box-bold-section__background box-bold-section__background u-bg-white\">\n            <div class=\"row columns-14\">\n                <div class=\"box-bold-section__content-container\">\n                    <div class=\"box-bold-section__border-box box-bold-section__border-box--blue u-bg-white\">\n                        \n\n<p>Nie nale\u017cy u\u017cywa\u0107 wacik\u00f3w ani innych \u015brodk\u00f3w pomocniczych, umieszczaj\u0105c je w uchu!<\/p>\n\n\n                    <\/div>\n                <\/div>\n            <\/div>\n        <\/div>\n<\/section>\n\n\n\n<p><\/p>\n\n\n\n<p>Nast\u0119puj\u0105ce objawy nale\u017cy traktowa\u0107 jako powa\u017cne sygna\u0142y ostrzegawcze:<\/p>\n\n\n\n<section id=\"\" class=\"u-bg-white box-bold-section section--padding-default \">\n    <div class=\"container box-bold-section__background\">\n        <div class=\"box-bold-section__background box-bold-section__background u-bg-white\">\n            <div class=\"row columns-14\">\n                <div class=\"box-bold-section__content-container\">\n                    <div class=\"box-bold-section__border-box box-bold-section__border-box--blue u-bg-white\">\n                        \n\n<ul class=\"wp-block-list\">\n<li>przewlek\u0142y b\u00f3l ucha, zw\u0142aszcza z towarzysz\u0105cymi objawami, takimi jak nie\u017cyt nosa, chrypka lub trudno\u015bci w prze\u0142ykaniu,<\/li>\n\n\n\n<li>p\u0142yn wyciekaj\u0105cy z ucha (wydzielina z ucha lub <em>otorrhoea foetida<\/em>),<\/li>\n\n\n\n<li>opuchlizna i zaczerwienienie za uchem,<\/li>\n\n\n\n<li>silny obrz\u0119k przy wej\u015bciu do przewodu s\u0142uchowego.<\/li>\n<\/ul>\n\n\n                    <\/div>\n                <\/div>\n            <\/div>\n        <\/div>\n<\/section>\n\n\n\n<p><\/p>\n\n\n\n<section id=\"\" class=\"u-bg-white box-bold-section section--padding-default \">\n    <div class=\"container box-bold-section__background\">\n        <div class=\"box-bold-section__background box-bold-section__background u-bg-white\">\n            <div class=\"row columns-14\">\n                <div class=\"box-bold-section__content-container\">\n                    <div class=\"box-bold-section__border-box box-bold-section__border-box--blue u-bg-white\">\n                        \n\n<p>Do grupy ryzyka nale\u017c\u0105 pacjenci z os\u0142abionym uk\u0142adem odporno\u015bciowym lub cukrzyc\u0105.<\/p>\n\n\n                    <\/div>\n                <\/div>\n            <\/div>\n        <\/div>\n<\/section>\n\n\n\n<p><strong>Jaki lekarz jest najbardziej kompetentny w przypadku b\u00f3lu ucha?<\/strong><\/p>\n\n\n\n<p>W przypadku b\u00f3lu ucha nale\u017cy skonsultowa\u0107 si\u0119 z jednym z nast\u0119puj\u0105cych specjalist\u00f3w:<\/p>\n\n\n\n<section id=\"\" class=\"u-bg-white box-bold-section section--padding-default \">\n    <div class=\"container box-bold-section__background\">\n        <div class=\"box-bold-section__background box-bold-section__background u-bg-white\">\n            <div class=\"row columns-14\">\n                <div class=\"box-bold-section__content-container\">\n                    <div class=\"box-bold-section__border-box box-bold-section__border-box--blue u-bg-white\">\n                        \n\n<ul class=\"wp-block-list\">\n<li>lekarz pierwszego kontaktu,<\/li>\n\n\n\n<li>laryngolog,<\/li>\n\n\n\n<li>specjalista w dziedzinie pediatrii,<\/li>\n\n\n\n<li>szpitalna poradnia laryngologiczna.<\/li>\n<\/ul>\n\n\n                    <\/div>\n                <\/div>\n            <\/div>\n        <\/div>\n<\/section>\n\n\n\n<p>W zale\u017cno\u015bci od przyczyny tak\u017ce:<\/p>\n\n\n\n<section id=\"\" class=\"u-bg-white box-bold-section section--padding-default \">\n    <div class=\"container box-bold-section__background\">\n        <div class=\"box-bold-section__background box-bold-section__background u-bg-white\">\n            <div class=\"row columns-14\">\n                <div class=\"box-bold-section__content-container\">\n                    <div class=\"box-bold-section__border-box box-bold-section__border-box--blue u-bg-white\">\n                        \n\n<ul class=\"wp-block-list\">\n<li>specjalista w dziedzinie stomatologii, medycyny jamy ustnej i szcz\u0119kowo-twarzowej,<\/li>\n\n\n\n<li>lekarz neurolog,<\/li>\n\n\n\n<li>lekarz ortopeda.<\/li>\n<\/ul>\n\n\n                    <\/div>\n                <\/div>\n            <\/div>\n        <\/div>\n<\/section>\n\n\n\n<p><strong>Jakie badania przeprowadzaj\u0105 lekarze w przypadku b\u00f3lu ucha?<\/strong><\/p>\n\n\n\n<p>Lekarz zazwyczaj zbada pacjenta w nast\u0119puj\u0105cy spos\u00f3b:<\/p>\n\n\n\n<section id=\"\" class=\"u-bg-white box-bold-section section--padding-default \">\n    <div class=\"container box-bold-section__background\">\n        <div class=\"box-bold-section__background box-bold-section__background u-bg-white\">\n            <div class=\"row columns-14\">\n                <div class=\"box-bold-section__content-container\">\n                    <div class=\"box-bold-section__border-box box-bold-section__border-box--blue u-bg-white\">\n                        \n\n<ul class=\"wp-block-list\">\n<li>anamneza (wywiad lekarski) dotycz\u0105ca rodzaju i czasu trwania b\u00f3lu, jak r\u00f3wnie\u017c wszelkich objaw\u00f3w towarzysz\u0105cych i przebytych chor\u00f3b,<\/li>\n\n\n\n<li>badanie ucha zewn\u0119trznego i wewn\u0119trznego, nosa i gard\u0142a, ewentualnie tak\u017ce krtani,<\/li>\n\n\n\n<li>w razie potrzeby badanie s\u0142uchu,<\/li>\n\n\n\n<li>w razie potrzeby analizy laboratoryjne (badanie wydzieliny z ucha lub badanie krwi),<\/li>\n\n\n\n<li>w razie potrzeby procedury obrazowania, takie jak ultrasonografia, rezonans magnetyczny lub tomografia komputerowa.<\/li>\n<\/ul>\n\n\n                    <\/div>\n                <\/div>\n            <\/div>\n        <\/div>\n<\/section>\n\n\n\n<h3 class=\"h3 h3--content-tag wp-block-heading\" id=\"objawy\"><strong>Objawy<\/strong><\/h3>\n\n\n\n<p>B\u00f3l ucha wyst\u0119puje w wi\u0119kszo\u015bci przypadk\u00f3w po jednej stronie i najcz\u0119\u015bciej w dzieci\u0144stwie. Objawia si\u0119 on nast\u0119puj\u0105cymi symptomami:<\/p>\n\n\n\n<section id=\"\" class=\"u-bg-white box-bold-section section--padding-default \">\n    <div class=\"container box-bold-section__background\">\n        <div class=\"box-bold-section__background box-bold-section__background u-bg-white\">\n            <div class=\"row columns-14\">\n                <div class=\"box-bold-section__content-container\">\n                    <div class=\"box-bold-section__border-box box-bold-section__border-box--blue u-bg-white\">\n                        \n\n<ul class=\"wp-block-list\">\n<li>pocz\u0105tek wyst\u0119powania b\u00f3lu stopniowy lub nag\u0142y (ostry),<\/li>\n\n\n\n<li>ostry, pulsuj\u0105cy, przeszywaj\u0105cy lub piek\u0105cy b\u00f3l,<\/li>\n\n\n\n<li>b\u00f3l w uchu lub wok\u00f3\u0142 ucha.<\/li>\n<\/ul>\n\n\n                    <\/div>\n                <\/div>\n            <\/div>\n        <\/div>\n<\/section>\n\n\n\n<p>Mog\u0105 wyst\u0105pi\u0107 nast\u0119puj\u0105ce objawy towarzysz\u0105ce:<\/p>\n\n\n\n<section id=\"\" class=\"u-bg-white box-bold-section section--padding-default \">\n    <div class=\"container box-bold-section__background\">\n        <div class=\"box-bold-section__background box-bold-section__background u-bg-white\">\n            <div class=\"row columns-14\">\n                <div class=\"box-bold-section__content-container\">\n                    <div class=\"box-bold-section__border-box box-bold-section__border-box--blue u-bg-white\">\n                        \n\n<ul class=\"wp-block-list\">\n<li>gor\u0105czka,<\/li>\n\n\n\n<li>wydzielina z ucha (otorrhoea),<\/li>\n\n\n\n<li>dzwonienie w uszach (szumy uszne),<\/li>\n\n\n\n<li>obrz\u0119k lub zaczerwienienie przy wej\u015bciu do kana\u0142u s\u0142uchowego,<\/li>\n\n\n\n<li>opuchlizna, zaczerwienienie i b\u00f3l za uchem,<\/li>\n\n\n\n<li>zawroty g\u0142owy,<\/li>\n\n\n\n<li>ubytek s\u0142uchu,<\/li>\n\n\n\n<li>zm\u0119czenie,<\/li>\n\n\n\n<li>wymioty,<\/li>\n\n\n\n<li>b\u00f3l w okolicy g\u0142owy lub szyi.<\/li>\n<\/ul>\n\n\n                    <\/div>\n                <\/div>\n            <\/div>\n        <\/div>\n<\/section>\n\n\n\n<h3 class=\"h3 h3--content-tag wp-block-heading\"><strong>Przyczyny i choroby powoduj\u0105ce b\u00f3l ucha<\/strong><\/h3>\n\n\n\n<p>Cz\u0119stymi przyczynami ostrego b\u00f3lu ucha s\u0105:<\/p>\n\n\n\n<section id=\"\" class=\"u-bg-white box-bold-section section--padding-default \">\n    <div class=\"container box-bold-section__background\">\n        <div class=\"box-bold-section__background box-bold-section__background u-bg-white\">\n            <div class=\"row columns-14\">\n                <div class=\"box-bold-section__content-container\">\n                    <div class=\"box-bold-section__border-box box-bold-section__border-box--blue u-bg-white\">\n                        \n\n<ul class=\"wp-block-list\">\n<li>ostre infekcje ucha \u015brodkowego (otitis media) i zewn\u0119trznego (otitis externa),<\/li>\n\n\n\n<li>nag\u0142a zmiana ci\u015bnienia podczas nurkowania pod wod\u0105 lub lotu samolotem (barotrauma).<\/li>\n<\/ul>\n\n\n                    <\/div>\n                <\/div>\n            <\/div>\n        <\/div>\n<\/section>\n\n\n\n<p><\/p>\n\n\n\n<section id=\"\" class=\"u-bg-white box-bold-section section--padding-default \">\n    <div class=\"container box-bold-section__background\">\n        <div class=\"box-bold-section__background box-bold-section__background u-bg-white\">\n            <div class=\"row columns-14\">\n                <div class=\"box-bold-section__content-container\">\n                    <div class=\"box-bold-section__border-box box-bold-section__border-box--blue u-bg-white\">\n                        \n\n<p>U dzieci najcz\u0119stsz\u0105 przyczyn\u0105 ostrego b\u00f3lu ucha jest zapalenie ucha \u015brodkowego. U bardzo ma\u0142ych dzieci b\u00f3l ucha objawia si\u0119 p\u0142aczem i pocieraniem chorego ucha. U dzieci przyczyn\u0105 b\u00f3lu ucha mog\u0105 by\u0107 r\u00f3wnie\u017c cia\u0142a obce w uchu.<\/p>\n\n\n                    <\/div>\n                <\/div>\n            <\/div>\n        <\/div>\n<\/section>\n\n\n\n<p id=\"przyczyny\"><\/p>\n\n\n\n<p>Cz\u0119stymi przyczynami przewlek\u0142ego b\u00f3lu ucha s\u0105:<\/p>\n\n\n\n<section id=\"\" class=\"u-bg-white box-bold-section section--padding-default \">\n    <div class=\"container box-bold-section__background\">\n        <div class=\"box-bold-section__background box-bold-section__background u-bg-white\">\n            <div class=\"row columns-14\">\n                <div class=\"box-bold-section__content-container\">\n                    <div class=\"box-bold-section__border-box box-bold-section__border-box--blue u-bg-white\">\n                        \n\n<ul class=\"wp-block-list\">\n<li>schorzenia staw\u00f3w skroniowo-\u017cuchwowych,<\/li>\n\n\n\n<li>przewlek\u0142e zapalenie przewodu s\u0142uchowego,<\/li>\n\n\n\n<li>przewlek\u0142a dysfunkcja tr\u0105bki s\u0142uchowej (przewodu Eustachiusza).<\/li>\n<\/ul>\n\n\n                    <\/div>\n                <\/div>\n            <\/div>\n        <\/div>\n<\/section>\n\n\n\n<p><\/p>\n\n\n\n<section id=\"\" class=\"u-bg-white box-bold-section section--padding-default \">\n    <div class=\"container box-bold-section__background\">\n        <div class=\"box-bold-section__background box-bold-section__background u-bg-white\">\n            <div class=\"row columns-14\">\n                <div class=\"box-bold-section__content-container\">\n                    <div class=\"box-bold-section__border-box box-bold-section__border-box--blue u-bg-white\">\n                        \n\n<p>Zw\u0142aszcza u starszych pacjent\u00f3w przewlek\u0142y b\u00f3l ucha mo\u017ce wskazywa\u0107 na zaka\u017cenie wirusem varicella (opryszczka).<\/p>\n\n\n                    <\/div>\n                <\/div>\n            <\/div>\n        <\/div>\n<\/section>\n\n\n\n<p><strong>Przegl\u0105d przyczyn b\u00f3lu ucha wed\u0142ug grup<\/strong><\/p>\n\n\n\n<figure class=\"wp-block-table\"><table><tbody><tr><th><strong>Stany zapalne<\/strong><\/th><th><strong>Neuralgie (nerwob\u00f3le)<\/strong><\/th><th><strong><strong><strong>Urazy uszu<\/strong><\/strong><\/strong><\/th><\/tr><tr><td><ul><li>Zapalenie ucha \u015brodkowego (otitis media) o r\u00f3\u017cnym przebiegu<\/li><li>Nagromadzenie p\u0142ynu w uchu \u015brodkowym (seromucotympanum)<\/li><li>Nie\u017cyt przewod\u00f3w s\u0142uchowych<\/li><li>Ostre zapalenie przewodu s\u0142uchowego (ostre zapalenie ucha zewn\u0119trznego)<\/li><li>Wrzody przewodu s\u0142uchowego<\/li><li>P\u00f3\u0142pasiec<\/li><li>Zapalenie chrz\u0105stki lub ma\u0142\u017cowiny usznej (perichondritis)<\/li><li>Ostre zapalenie wyrostka sutkowatego (mastoiditis) \u2013 rzadkie powik\u0142anie zapalenia ucha \u015brodkowego<\/li><li>Stany zapalne wywo\u0142ane przez s\u0105siednie narz\u0105dy<\/li><\/ul><\/td><td><ul><li>Nerwob\u00f3l szyjny (spowodowany uszkodzeniem dysku lub dysfunkcj\u0105 staw\u00f3w szyjnych)<\/li><li>Zoster oticus (zapalenie kom\u00f3rek zwoj\u00f3w nerwowych i nerw\u00f3w czaszkowych wywo\u0142ane przez wirus Varizella zoster)<\/li><li>Neuralgia nerwu tr\u00f3jdzielnego (ataki b\u00f3lu w obszarze nerwu czaszkowego tr\u00f3jdzielnego)<\/li><\/ul><\/td><td><ul><li>Cia\u0142o obce w uchu<\/li><li><\/li><li>Urazy b\u0142ony b\u0119benkowej<\/li><li><\/li><li>Urazy takie jak barotrauma<\/li><li><\/li><li>Z\u0142amania (na przyk\u0142ad w kontek\u015bcie z\u0142amania podstawy czaszki)<\/li><\/ul><\/td><\/tr><\/tbody><\/table><\/figure>\n\n\n\n<p><strong>Inne mo\u017cliwe przyczyny b\u00f3lu ucha:<\/strong><\/p>\n\n\n\n<section id=\"\" class=\"u-bg-white box-bold-section section--padding-default \">\n    <div class=\"container box-bold-section__background\">\n        <div class=\"box-bold-section__background box-bold-section__background u-bg-white\">\n            <div class=\"row columns-14\">\n                <div class=\"box-bold-section__content-container\">\n                    <div class=\"box-bold-section__border-box box-bold-section__border-box--blue u-bg-white\">\n                        \n\n<ul class=\"wp-block-list\">\n<li>opuchlizna i nowotwory w pobli\u017cu ucha,<\/li>\n\n\n\n<li>b\u00f3l ucha spowodowany inn\u0105 etiologi\u0105 (inny zwi\u0105zek przyczynowy), np. nieprawid\u0142owym funkcjonowaniem stawu skroniowo-\u017cuchwowego lub psychogenn\u0105 otalgi\u0105,<\/li>\n\n\n\n<li>rzadkie przyczyny: dentogenne (pochodz\u0105ce z z\u0119b\u00f3w), b\u00f3l g\u0142owy o pod\u0142o\u017cu korzeniowym lub refluks tre\u015bci \u017co\u0142\u0105dkowej do prze\u0142yku.<\/li>\n<\/ul>\n\n\n                    <\/div>\n                <\/div>\n            <\/div>\n        <\/div>\n<\/section>\n\n\n\n<h3 class=\"h3 h3--content-tag wp-block-heading\" id=\"leczenie\"><strong>Jak leczy si\u0119 b\u00f3l ucha?<\/strong><\/h3>\n\n\n\n<p>Leczenie b\u00f3lu ucha zale\u017cy od rozpoznanych jego przyczyn. Mo\u017ce ono obejmowa\u0107 nast\u0119puj\u0105ce dzia\u0142ania:<\/p>\n\n\n\n<section id=\"\" class=\"u-bg-white box-bold-section section--padding-default \">\n    <div class=\"container box-bold-section__background\">\n        <div class=\"box-bold-section__background box-bold-section__background u-bg-white\">\n            <div class=\"row columns-14\">\n                <div class=\"box-bold-section__content-container\">\n                    <div class=\"box-bold-section__border-box box-bold-section__border-box--blue u-bg-white\">\n                        \n\n<ul class=\"wp-block-list\">\n<li>przeciwb\u00f3lowe,<\/li>\n\n\n\n<li>dezynfekuj\u0105ce,<\/li>\n\n\n\n<li>obkurczaj\u0105ce,<\/li>\n\n\n\n<li>wentyluj\u0105ce,<\/li>\n\n\n\n<li>przeciwzapalne, eliminuj\u0105ce \u017ar\u00f3d\u0142a infekcji,<\/li>\n\n\n\n<li>chirurgiczne.<\/li>\n<\/ul>\n\n\n                    <\/div>\n                <\/div>\n            <\/div>\n        <\/div>\n<\/section>\n\n\n\n<h3 class=\"h3 h3--content-tag wp-block-heading\" id=\"pytania\"><strong>Pytania i odpowiedzi<\/strong><\/h3>\n\n\n\n<p><strong>Czy istniej\u0105 domowe sposoby na b\u00f3l ucha?<\/strong><\/p>\n\n\n\n<p>Tak, r\u00f3\u017cni\u0105 si\u0119 one w zale\u017cno\u015bci od przyczyn b\u00f3lu ucha. Domowe sposoby leczenia mog\u0105 uzupe\u0142nia\u0107 leczenie medyczne, ale pierwszym krokiem jest zawsze wizyta u lekarza. To lekarz udzieli Ci wskaz\u00f3wek dotycz\u0105cych \u015brodk\u00f3w wspomagaj\u0105cych, takich jak na\u015bwietlanie czerwonym \u015bwiat\u0142em lub podobnych.<\/p>\n\n\n\n<p><strong>Jak mo\u017cna unikn\u0105\u0107 b\u00f3lu ucha podczas podr\u00f3\u017cy samolotem?<\/strong><\/p>\n\n\n\n<p>Zmiana ci\u015bnienia po starcie lub przy l\u0105dowaniu cz\u0119sto powoduje b\u00f3l w uszach. Pomocne mo\u017ce by\u0107 tu ukierunkowane wyr\u00f3wnywanie ci\u015bnienia. Mo\u017cna to zrobi\u0107, wydychaj\u0105c powietrze, trzymaj\u0105c si\u0119 za nos i zamykaj\u0105c usta. Pomocne mo\u017ce by\u0107 r\u00f3wnie\u017c \u017cucie gumy, poruszanie \u017cuchw\u0105 i \u015bwiadome po\u0142ykanie.<\/p>\n\n\n\n<p><strong>Czy wskazane jest podr\u00f3\u017cowanie samolotem z b\u00f3lem ucha?<\/strong><\/p>\n\n\n\n<p>W razie w\u0105tpliwo\u015bci: nie. Przynajmniej nie bez uprzedniego wyja\u015bnienia przyczyn. Dzieci s\u0105 szczeg\u00f3lnie nara\u017cone na ryzyko, poniewa\u017c infekcje ucha \u015brodkowego s\u0105 cz\u0119sto przyczyn\u0105 b\u00f3lu ucha. Zapalenie ucha \u015brodkowego mo\u017ce spowodowa\u0107 p\u0119kni\u0119cie b\u0142ony b\u0119benkowej podczas lotu samolotem.<\/p>\n\n\n\n<p><strong>Czy p\u0142ywanie z b\u00f3lem ucha jest bezpieczne?<\/strong><\/p>\n\n\n\n<p>Nie, przynajmniej dop\u00f3ki nie zostanie wyja\u015bniona przyczyna b\u00f3lu, a lekarz nie da \u201ezielonego \u015bwiat\u0142a\u201d. Jednym z czynnik\u00f3w ryzyka jest to, \u017ce woda, kt\u00f3ra dostaje si\u0119 do ucha, mo\u017ce r\u00f3wnie\u017c zawiera\u0107 bakterie.<\/p>\n\n\n\n<p><strong>Czy nurkowanie z b\u00f3lem ucha jest bezpieczne?<\/strong><\/p>\n\n\n\n<p>Nie, poniewa\u017c przyczyny b\u00f3lu ucha mog\u0105 by\u0107 wielorakie. Mog\u0105 one utrudnia\u0107 lub uniemo\u017cliwia\u0107 wyr\u00f3wnanie niezb\u0119dnego ci\u015bnienia podczas nurkowania i mog\u0105 nie\u015b\u0107 ze sob\u0105 konsekwencje takie jak barotrauma. Mo\u017ce to prowadzi\u0107 do p\u0119kni\u0119cia b\u0142ony b\u0119benkowej, krwawienia z nosa i b\u00f3lu g\u0142owy.<\/p>\n\n\n\n<h3 class=\"h3 h3--content-tag wp-block-heading\" id=\"zrodla\"><strong>\u0179r\u00f3d\u0142a<\/strong><\/h3>\n\n\n\n<ul class=\"wp-block-list\">\n<li>Konsultacje otolaryngologiczne. Grzegorz Janczewski, Teresa Go\u017adzik-\u017bo\u0142nierkiewicz. Warszawa: Wydawnictwo Lekarskie PZWL, 1990.<\/li>\n\n\n\n<li>Gross M, Eliashar R (2008). &#8222;Chapter 6: Otolaryngological aspects of orofacial pain&#8221;. In Sharav Y, Benoliel R (eds.). Orofacial Pain and Headache. Elsevier Health Sciences.<\/li>\n\n\n\n<li>Sullivan DJ (2012). &#8222;Chapter 17:Ear Pain&#8221;. In Henderson MC, Tierney LM, Smetana GW (eds.). The Patient History: An Evidence-Based Approach to Differential Diagnosis (2 ed.). New York, NY: The McGraw-Hill Companies.<\/li>\n<\/ul>\n\n\n\n<p><strong>Przeczytaj tak\u017ce o:<\/strong><\/p>\n\n\n\n<figure class=\"wp-block-embed is-type-wp-embed is-provider-telemedi wp-block-embed-telemedi\"><div class=\"wp-block-embed__wrapper\">\n<blockquote class=\"wp-embedded-content\" data-secret=\"ZmDG57HCak\"><a href=\"https:\/\/telemedi.com\/pl\/poradnik\/polpasiec\/\">P\u00f3\u0142pasiec<\/a><\/blockquote><iframe loading=\"lazy\" class=\"wp-embedded-content\" sandbox=\"allow-scripts\" security=\"restricted\" style=\"position: absolute; visibility: hidden;\" title=\"&#8222;P\u00f3\u0142pasiec&#8221; &#8212; Telemedi\" src=\"https:\/\/telemedi.com\/pl\/poradnik\/polpasiec\/embed\/#?secret=iFhvM3ClzB#?secret=ZmDG57HCak\" data-secret=\"ZmDG57HCak\" width=\"600\" height=\"338\" frameborder=\"0\" marginwidth=\"0\" marginheight=\"0\" scrolling=\"no\"><\/iframe>\n<\/div><\/figure>\n\n\n\n<figure class=\"wp-block-embed is-type-wp-embed is-provider-telemedi wp-block-embed-telemedi\"><div class=\"wp-block-embed__wrapper\">\n<blockquote class=\"wp-embedded-content\" data-secret=\"yqDC5s86Yo\"><a href=\"https:\/\/telemedi.com\/pl\/poradnik\/jak-odetkac-ucho-domowe-sposoby-na-zatkane-uszy\/\">Jak odetka\u0107 ucho? Domowe sposoby na&nbsp;zatkane uszy<\/a><\/blockquote><iframe loading=\"lazy\" class=\"wp-embedded-content\" sandbox=\"allow-scripts\" security=\"restricted\" style=\"position: absolute; visibility: hidden;\" title=\"&#8222;Jak odetka\u0107 ucho? Domowe sposoby na&nbsp;zatkane uszy&#8221; &#8212; Telemedi\" src=\"https:\/\/telemedi.com\/pl\/poradnik\/jak-odetkac-ucho-domowe-sposoby-na-zatkane-uszy\/embed\/#?secret=2PuPK0rzLp#?secret=yqDC5s86Yo\" data-secret=\"yqDC5s86Yo\" width=\"600\" height=\"338\" frameborder=\"0\" marginwidth=\"0\" marginheight=\"0\" scrolling=\"no\"><\/iframe>\n<\/div><\/figure>\n\n\n\n<figure class=\"wp-block-embed is-type-wp-embed is-provider-telemedi wp-block-embed-telemedi\"><div class=\"wp-block-embed__wrapper\">\n<blockquote class=\"wp-embedded-content\" data-secret=\"Apt6kMpZ1G\"><a href=\"https:\/\/telemedi.com\/pl\/poradnik\/perforacja-blony-bebenkowej\/\">Perforacja b\u0142ony b\u0119benkowej<\/a><\/blockquote><iframe loading=\"lazy\" class=\"wp-embedded-content\" sandbox=\"allow-scripts\" security=\"restricted\" style=\"position: absolute; visibility: hidden;\" title=\"&#8222;Perforacja b\u0142ony b\u0119benkowej&#8221; &#8212; Telemedi\" src=\"https:\/\/telemedi.com\/pl\/poradnik\/perforacja-blony-bebenkowej\/embed\/#?secret=8mANDHrc93#?secret=Apt6kMpZ1G\" data-secret=\"Apt6kMpZ1G\" width=\"600\" height=\"338\" frameborder=\"0\" marginwidth=\"0\" marginheight=\"0\" scrolling=\"no\"><\/iframe>\n<\/div><\/figure>\n","protected":false},"author":6,"featured_media":5941,"template":"","tags":[102,4],"guide_category":[81],"class_list":["post-5940","tm-guide","type-tm-guide","status-publish","has-post-thumbnail","hentry","tag-bol-ucha","tag-poradnik","guide_category-glowa"],"acf":[],"lang":"pl","translations":{"pl":5940},"_links":{"self":[{"href":"https:\/\/telemedi.com\/tm-api\/wp\/v2\/tm-guide\/5940","targetHints":{"allow":["GET"]}}],"collection":[{"href":"https:\/\/telemedi.com\/tm-api\/wp\/v2\/tm-guide"}],"about":[{"href":"https:\/\/telemedi.com\/tm-api\/wp\/v2\/types\/tm-guide"}],"author":[{"embeddable":true,"href":"https:\/\/telemedi.com\/tm-api\/wp\/v2\/users\/6"}],"wp:featuredmedia":[{"embeddable":true,"href":"https:\/\/telemedi.com\/tm-api\/wp\/v2\/media\/5941"}],"wp:attachment":[{"href":"https:\/\/telemedi.com\/tm-api\/wp\/v2\/media?parent=5940"}],"wp:term":[{"taxonomy":"post_tag","embeddable":true,"href":"https:\/\/telemedi.com\/tm-api\/wp\/v2\/tags?post=5940"},{"taxonomy":"guide_category","embeddable":true,"href":"https:\/\/telemedi.com\/tm-api\/wp\/v2\/guide_category?post=5940"}],"curies":[{"name":"wp","href":"https:\/\/api.w.org\/{rel}","templated":true}]}}