{"id":5996,"date":"2021-08-12T10:37:00","date_gmt":"2021-08-12T10:37:00","guid":{"rendered":"https:\/\/telemedi.com\/?post_type=tm-guide&#038;p=5996"},"modified":"2023-03-17T13:05:20","modified_gmt":"2023-03-17T12:05:20","slug":"depresja-zimowa","status":"publish","type":"tm-guide","link":"https:\/\/telemedi.com\/pl\/poradnik\/depresja-zimowa\/","title":{"rendered":"Depresja zimowa"},"content":{"rendered":"\n<h3 class=\"h3 h3--content-tag wp-block-heading\"><strong>Jak TELEMEDI mo\u017ce pom\u00f3c Ci w przypadku<\/strong> <strong>depresji zimowej?&nbsp;<\/strong><\/h3>\n\n\n\n<p>Tylko specjalista psychiatra jest w stanie odr\u00f3\u017cni\u0107 \u0142agodne stany przygn\u0119bienia od depresji zimowej lub klasycznej depresji. Dlatego je\u015bli w czasie zimnej pory roku dopadnie Ci\u0119 ponury nastr\u00f3j, nie wahaj si\u0119 skonsultowa\u0107 z takim lekarzem. Najwygodniejszym sposobem jest skorzystanie z mo\u017cliwo\u015bci odbycia wideokonsultacji z lekarzem psychiatr\u0105 TELEMEDI. Postawi on diagnoz\u0119, a w razie potrzeby wystawi r\u00f3wnie\u017c odpowiedni\u0105 recept\u0119 i zwolnienie lekarskie.<\/p>\n\n\n\n<h3 class=\"h3 h3--content-tag wp-block-heading\" id=\"informacje\"><strong>Podstawowe informacje<\/strong><\/h3>\n\n\n\n<section id=\"\" class=\"u-bg-white box-bold-section section--padding-default \">\n    <div class=\"container box-bold-section__background\">\n        <div class=\"box-bold-section__background box-bold-section__background u-bg-white\">\n            <div class=\"row columns-14\">\n                <div class=\"box-bold-section__content-container\">\n                    <div class=\"box-bold-section__border-box box-bold-section__border-box--blue u-bg-white\">\n                        \n\n<ul class=\"wp-block-list\">\n<li>Depresja sezonowa wyst\u0119puje w miesi\u0105cach jesienno-zimowych i ust\u0119puje na wiosn\u0119.<\/li>\n\n\n\n<li>Typowe objawy depresji zimowej to brak energii, zniech\u0119cenie, apetyt i przem\u0119czenie.<\/li>\n\n\n\n<li>G\u0142\u00f3wn\u0105 przyczyn\u0105 objaw\u00f3w jest brak \u015bwiat\u0142a s\u0142onecznego spowodowany skr\u00f3ceniem fazy trwania \u015bwiat\u0142a dziennego. Depresji zimowej towarzyszy zaburzenie r\u00f3wnowagi neurotransmiter\u00f3w w organizmie.<\/li>\n\n\n\n<li>Skuteczn\u0105 terapi\u0105 depresji zimowej okaza\u0142y si\u0119 tzw. lampy \u015bwiat\u0142a dziennego.<\/li>\n<\/ul>\n\n\n                    <\/div>\n                <\/div>\n            <\/div>\n        <\/div>\n<\/section>\n\n\n\n<h3 class=\"h3 h3--content-tag wp-block-heading\" id=\"co\"><strong>Co to jest depresja zimowa?<\/strong><\/h3>\n\n\n\n<p>Kiedy zmniejsza si\u0119 d\u0142ugo\u015b\u0107 i intensywno\u015b\u0107 dzia\u0142ania \u015bwiat\u0142a dziennego, wiele os\u00f3b do\u015bwiadcza obni\u017cenia nastroju. Brak nap\u0119du, brak energii i zwi\u0119kszone zapotrzebowanie na sen to typowe objawy tzw. zimowego bluesa (medycznie poprawna nazwa to: choroba afektywna sezonowa, ang. SAD \u2013 seasonal affective disorder). Zwykle nast\u0119puje gwa\u0142towna poprawa objaw\u00f3w, gdy tylko nadejdzie okres korzystnej pory roku. Jednak u niekt\u00f3rych os\u00f3b w miesi\u0105cach zimowych rozwijaj\u0105 si\u0119 powa\u017cne, d\u0142ugotrwa\u0142e zaburzenia nastroju, potocznie nazywane depresj\u0105 zimow\u0105. W takim przypadku nale\u017cy skonsultowa\u0107 si\u0119 z terapeut\u0105.<\/p>\n\n\n\n<h3 class=\"h3 h3--content-tag wp-block-heading\" id=\"powod\"><strong>Co powoduje depresj\u0119 zimow\u0105?<\/strong><\/h3>\n\n\n\n<p>W godzinach wieczornych szyszynka w \u015br\u00f3dm\u00f3zgowiu uwalnia hormon melatonin\u0119. Sygna\u0142em do tego jest zmniejszenie ilo\u015bci padaj\u0105cego na siatk\u00f3wk\u0119 oka \u015bwiat\u0142a dziennego; hormon ten wywo\u0142uje sen. Skr\u00f3cenie d\u0142ugo\u015bci dnia w miesi\u0105cach jesiennych i zimowych powoduje zwi\u0119kszenie og\u00f3lnej produkcji melatoniny.<\/p>\n\n\n\n<p>Je\u015bli dodatkowo wyst\u0105pi\u0105 zak\u0142\u00f3cenia w przep\u0142ywie informacji mi\u0119dzy okiem a m\u00f3zgiem, kom\u00f3rki wzrokowe nie przekazuj\u0105 w wystarczaj\u0105cym stopniu informacji o \u015bwietle dziennym. Zwi\u0119ksza to jeszcze bardziej ilo\u015b\u0107 uwalnianej melatoniny. Dodatkowo mo\u017ce doj\u015b\u0107 do zaburzenia dzia\u0142ania wewn\u0119trznego \u201ezegara biologicznego\u201d, w rezultacie czego organizm zaczyna produkowa\u0107 hormon snu z op\u00f3\u017anieniem, przez co zm\u0119czenie przed\u0142u\u017ca si\u0119 na ca\u0142y dzie\u0144.<\/p>\n\n\n\n<section id=\"\" class=\"u-bg-white box-bold-section section--padding-default \">\n    <div class=\"container box-bold-section__background\">\n        <div class=\"box-bold-section__background box-bold-section__background u-bg-white\">\n            <div class=\"row columns-14\">\n                <div class=\"box-bold-section__content-container\">\n                    <div class=\"box-bold-section__border-box box-bold-section__border-box--blue u-bg-white\">\n                        \n\n<p>&#8222;Depresja zimowa&#8221; mo\u017ce wyst\u0119powa\u0107 przez ca\u0142y rok podczas przed\u0142u\u017caj\u0105cych si\u0119 okres\u00f3w pochmurnej pogody.<\/p>\n\n\n                    <\/div>\n                <\/div>\n            <\/div>\n        <\/div>\n<\/section>\n\n\n\n<p>Aby wyprodukowa\u0107 melatonin\u0119, szyszynka przetwarza w ni\u0105 hormon poprawiaj\u0105cy nastr\u00f3j \u2013 serotonin\u0119, tak \u017ce jej poziom spada. Serotonina r\u00f3wnie\u017c pe\u0142ni funkcj\u0119 neurotransmitera. Jego prekursor tryptofan znajduje si\u0119 w r\u00f3\u017cnych pokarmach, zw\u0142aszcza w produktach bogatych w cukier i w\u0119glowodany. Aby uzupe\u0142ni\u0107 poziom serotoniny, nale\u017cy dostarczy\u0107 organizmowi dodatkow\u0105 ilo\u015b\u0107 po\u017cywienia \u2013 pojawia si\u0119 wi\u0119c uczucie g\u0142odu.<\/p>\n\n\n\n<p>Potencja\u0142 wi\u0105zania transportera serotoniny SERT (bia\u0142ko, kt\u00f3re przenosi hormon z powrotem do kom\u00f3rek nerwowych) jest r\u00f3wnie\u017c zwi\u0119kszony w ciemnych porach roku i w pochmurne dni. \u015awiadczy to o ni\u017cszym st\u0119\u017ceniu serotoniny w synapsach (punktach styku mi\u0119dzy nerwami).<\/p>\n\n\n\n<p>Depresja zimowa charakteryzuje si\u0119 wi\u0119c zaburzeniami w metabolizmie serotoniny i melatoniny.<\/p>\n\n\n\n<h3 class=\"h3 h3--content-tag wp-block-heading\" id=\"kto\"><strong>Kto jest szczeg\u00f3lnie podatny na depresj\u0119 zimow\u0105?<\/strong><\/h3>\n\n\n\n<p>Wra\u017cliwo\u015b\u0107 na brak \u015bwiat\u0142a zale\u017cy od wielu czynnik\u00f3w:<\/p>\n\n\n\n<section id=\"\" class=\"u-bg-white box-bold-section section--padding-default \">\n    <div class=\"container box-bold-section__background\">\n        <div class=\"box-bold-section__background box-bold-section__background u-bg-white\">\n            <div class=\"row columns-14\">\n                <div class=\"box-bold-section__content-container\">\n                    <div class=\"box-bold-section__border-box box-bold-section__border-box--blue u-bg-white\">\n                        \n\n<ul class=\"wp-block-list\">\n<li>predyspozycji genetycznych,<\/li>\n\n\n\n<li>og\u00f3lnego poziomu hormon\u00f3w,<\/li>\n\n\n\n<li>podatno\u015bci na stres,<\/li>\n\n\n\n<li>zaopatrzenia organizmu w witaminy.<\/li>\n<\/ul>\n\n\n                    <\/div>\n                <\/div>\n            <\/div>\n        <\/div>\n<\/section>\n\n\n\n<h3 class=\"h3 h3--content-tag wp-block-heading\" id=\"objawy\"><strong>Jakie objawy wskazuj\u0105 na depresj\u0119 zimow\u0105?<\/strong><\/h3>\n\n\n\n<p>Z depresj\u0105 zimow\u0105 mamy do czynienia, gdy objawy utrzymuj\u0105 si\u0119 przez co najmniej 14 dni i ograniczaj\u0105 codzienne funkcjonowanie pacjenta. Jej objawy to:<\/p>\n\n\n\n<section id=\"\" class=\"u-bg-white box-bold-section section--padding-default \">\n    <div class=\"container box-bold-section__background\">\n        <div class=\"box-bold-section__background box-bold-section__background u-bg-white\">\n            <div class=\"row columns-14\">\n                <div class=\"box-bold-section__content-container\">\n                    <div class=\"box-bold-section__border-box box-bold-section__border-box--blue u-bg-white\">\n                        \n\n<ul class=\"wp-block-list\">\n<li>bardzo du\u017ca potrzeba snu,<\/li>\n\n\n\n<li>apatia,<\/li>\n\n\n\n<li>przygn\u0119bienie i brak rado\u015bci z \u017cycia,<\/li>\n\n\n\n<li>trudno\u015bci z koncentracj\u0105,<\/li>\n\n\n\n<li>zaniedbywanie kontakt\u00f3w spo\u0142ecznych i higieny osobistej,<\/li>\n\n\n\n<li>przyrost masy cia\u0142a z powodu nadmiernego apetytu.<\/li>\n<\/ul>\n\n\n                    <\/div>\n                <\/div>\n            <\/div>\n        <\/div>\n<\/section>\n\n\n\n<p><\/p>\n\n\n\n<section id=\"\" class=\"u-bg-white box-bold-section section--padding-default \">\n    <div class=\"container box-bold-section__background\">\n        <div class=\"box-bold-section__background box-bold-section__background u-bg-white\">\n            <div class=\"row columns-14\">\n                <div class=\"box-bold-section__content-container\">\n                    <div class=\"box-bold-section__border-box box-bold-section__border-box--blue u-bg-white\">\n                        \n\n<p>Depresja zimowa r\u00f3\u017cni si\u0119 od klinicznych postaci depresji nietypowymi objawami. Z regu\u0142y pacjenci ze zwyk\u0142\u0105 depresj\u0105 cierpi\u0105 na zaburzenia snu i utrat\u0119 apetytu.<\/p>\n\n\n                    <\/div>\n                <\/div>\n            <\/div>\n        <\/div>\n<\/section>\n\n\n\n<p><\/p>\n\n\n\n<h3 class=\"h3 h3--content-tag wp-block-heading\" id=\"diagnoza\"><strong>W jaki spos\u00f3b stawiana jest diagnoza?<\/strong><\/h3>\n\n\n\n<p>Wst\u0119pna rozmowa z lekarzem rodzinnym lub lekarzem w TELEMEDICO mo\u017ce wyja\u015bni\u0107, czy jest to niegro\u017any \u201ezimowy blues\u201d, czy powa\u017cna depresja. W pierwszej kolejno\u015bci lekarz przeprowadza wywiad z pacjentem na temat czasu trwania i nasilenia objaw\u00f3w oraz pyta o wszelkie regularnie przyjmowane przez pacjenta leki. \u015arodki farmaceutyczne, takie jak kortykosteroidy (kortyzon), beta-blokery i inhibitory pompy protonowej, s\u0105 uwa\u017cane za leki mog\u0105ce powodowa\u0107 depresj\u0119.<\/p>\n\n\n\n<p>Lekarz wykluczy r\u00f3wnie\u017c le\u017c\u0105ce u podstaw obni\u017conego nastroju choroby fizyczne, kt\u00f3re s\u0105 zwi\u0105zane z podobnymi objawami, takie jak niedoczynno\u015b\u0107 tarczycy. Badanie krwi dostarczy informacji o ewentualnym niedoborze witaminy D, kt\u00f3ry r\u00f3wnie\u017c ma negatywny wp\u0142yw na nastr\u00f3j.<\/p>\n\n\n\n<h3 class=\"h3 h3--content-tag wp-block-heading\" id=\"leczenie\"><strong>Jakie s\u0105 mo\u017cliwo\u015bci leczenia depresji zimowej?<\/strong><\/h3>\n\n\n\n<p>Najwa\u017cniejsz\u0105 metod\u0105 leczenia depresji zimowej jest dost\u0119p do \u015bwiat\u0142a dziennego. Chodzi tu np. o codzienny co najmniej p\u00f3\u0142godzinny spacer na \u015bwie\u017cym powietrzu. Na zewn\u0105trz, nawet w ponure dni, nat\u0119\u017cenie \u015bwiat\u0142a wynosi do 3500 luks\u00f3w, a w pe\u0142nym s\u0142o\u0144cu do 100 000 luks\u00f3w (luks: jednostka miary nat\u0119\u017cenia o\u015bwietlenia).<\/p>\n\n\n\n<p>Dodatkowo przydatne s\u0105 sesje z lamp\u0105 \u015bwiat\u0142a dziennego. S\u0105 to lampy z niemigocz\u0105cym \u015bwiat\u0142em ci\u0105g\u0142ym, przed kt\u00f3rymi pacjent siada na okre\u015blony czas. Nale\u017cy tu zwr\u00f3ci\u0107 uwag\u0119 na nast\u0119puj\u0105ce kwestie:<\/p>\n\n\n\n<section id=\"\" class=\"u-bg-white box-bold-section section--padding-default \">\n    <div class=\"container box-bold-section__background\">\n        <div class=\"box-bold-section__background box-bold-section__background u-bg-white\">\n            <div class=\"row columns-14\">\n                <div class=\"box-bold-section__content-container\">\n                    <div class=\"box-bold-section__border-box box-bold-section__border-box--blue u-bg-white\">\n                        \n\n<ul class=\"wp-block-list\">\n<li>Przy u\u017cyciu s\u0142abej lampy \u015bwiat\u0142a dziennego o nat\u0119\u017ceniu 2500 luks\u00f3w sesja powinna trwa\u0107 oko\u0142o 60 minut, przy silnej lampie \u015bwiat\u0142a dziennego o nat\u0119\u017ceniu 10000 luks\u00f3w \u2013 p\u00f3\u0142 godziny.<\/li>\n\n\n\n<li>Codzienne stosowanie lampy \u015bwiat\u0142a dziennego nie powinno przekracza\u0107 dw\u00f3ch godzin.<\/li>\n\n\n\n<li>Zaleca si\u0119 przeprowadzanie porannych sesji na\u015bwietlania, aby pobudzi\u0107 organizm do dzia\u0142ania w ci\u0105gu dnia.<\/li>\n\n\n\n<li>Odleg\u0142o\u015b\u0107 siedz\u0105cego pacjenta od lampy \u015bwiat\u0142a dziennego powinna wynosi\u0107 od 20 do 60 centymetr\u00f3w.<\/li>\n\n\n\n<li>Podczas sesji na\u015bwietlania lamp\u0105 \u015bwiat\u0142a dziennego nale\u017cy unika\u0107 jednoczesnej ekspozycji na inne \u017ar\u00f3d\u0142a sztucznego \u015bwiat\u0142a. Dotyczy to r\u00f3wnie\u017c ekran\u00f3w, takich jak laptopy czy smartfony.<\/li>\n<\/ul>\n\n\n                    <\/div>\n                <\/div>\n            <\/div>\n        <\/div>\n<\/section>\n\n\n\n<p>Poprawa objaw\u00f3w wyst\u0119puje u 60 do 90 procent pacjent\u00f3w po oko\u0142o jednym do dw\u00f3ch tygodni.<\/p>\n\n\n\n<section id=\"\" class=\"u-bg-white box-bold-section section--padding-default \">\n    <div class=\"container box-bold-section__background\">\n        <div class=\"box-bold-section__background box-bold-section__background u-bg-white\">\n            <div class=\"row columns-14\">\n                <div class=\"box-bold-section__content-container\">\n                    <div class=\"box-bold-section__border-box box-bold-section__border-box--blue u-bg-white\">\n                        \n\n<p>W przypadku ci\u0119\u017ckiej depresji zimowej lekarz mo\u017ce przepisa\u0107 leki przeciwdepresyjne lub zaleci\u0107 psychoterapi\u0119. Leki stosowane w leczeniu depresji zimowej to w szczeg\u00f3lno\u015bci selektywne inhibitory wychwytu zwrotnego serotoniny (SSRI), kt\u00f3re przeciwdzia\u0142aj\u0105 aktywno\u015bci bia\u0142ka SERT.<\/p>\n\n\n                    <\/div>\n                <\/div>\n            <\/div>\n        <\/div>\n<\/section>\n\n\n\n<p><\/p>\n\n\n\n<h3 class=\"h3 h3--content-tag wp-block-heading\" id=\"zwolnienie\"><strong>Czy mo\u017cna wzi\u0105\u0107 zwolnienie lekarskie na depresj\u0119 zimow\u0105?<\/strong><\/h3>\n\n\n\n<p>W przypadku ci\u0119\u017ckiej depresji zimowej, po\u0142\u0105czonej z trudno\u015bciami w koncentracji i stanami wyczerpania, lekarz mo\u017ce wystawi\u0107 zwolnienie lekarskie. Dzi\u0119ki temu osoba dotkni\u0119ta chorob\u0105 ma szans\u0119 skupi\u0107 si\u0119 na poprawie swojego stanu zdrowia.<\/p>\n\n\n\n<h3 class=\"h3 h3--content-tag wp-block-heading\" id=\"zapobieganie\"><strong>Jak mo\u017cna zapobiega\u0107 depresji zimowej?<\/strong><\/h3>\n\n\n\n<p>Zimowej depresji mo\u017cna przeciwdzia\u0142a\u0107 poprzez zwi\u0119kszenie produkcji serotoniny. Jest to r\u00f3wnie\u017c mo\u017cliwe dzi\u0119ki \u015brodkom niefarmakologicznym:<\/p>\n\n\n\n<section id=\"\" class=\"u-bg-white box-bold-section section--padding-default \">\n    <div class=\"container box-bold-section__background\">\n        <div class=\"box-bold-section__background box-bold-section__background u-bg-white\">\n            <div class=\"row columns-14\">\n                <div class=\"box-bold-section__content-container\">\n                    <div class=\"box-bold-section__border-box box-bold-section__border-box--blue u-bg-white\">\n                        \n\n<ul class=\"wp-block-list\">\n<li>\u0107wiczenia fizyczne na \u015bwie\u017cym powietrzu,<\/li>\n\n\n\n<li>aktywno\u015b\u0107 sportowa,<\/li>\n\n\n\n<li>\u0107wiczenia mindfulness,<\/li>\n\n\n\n<li>dzia\u0142ania wellnessowe, takie jak masa\u017ce i wizyty w saunie.<\/li>\n\n\n\n<li>s\u0142uchanie muzyki, ogl\u0105danie film\u00f3w, czytanie lub zajmowanie si\u0119 ulubionym hobby.<\/li>\n<\/ul>\n\n\n\n<p><\/p>\n\n\n                    <\/div>\n                <\/div>\n            <\/div>\n        <\/div>\n<\/section>\n\n\n\n<p><\/p>\n\n\n\n<section id=\"\" class=\"u-bg-white box-bold-section section--padding-default \">\n    <div class=\"container box-bold-section__background\">\n        <div class=\"box-bold-section__background box-bold-section__background u-bg-white\">\n            <div class=\"row columns-14\">\n                <div class=\"box-bold-section__content-container\">\n                    <div class=\"box-bold-section__border-box box-bold-section__border-box--blue u-bg-white\">\n                        \n\n<p>Zr\u00f3wnowa\u017cona dieta z pokarmami zawieraj\u0105cymi tryptofan, takimi jak banany, daktyle i figi, r\u00f3wnie\u017c wspomaga terapi\u0119 i profilaktyk\u0119 depresji zimowej.<\/p>\n\n\n                    <\/div>\n                <\/div>\n            <\/div>\n        <\/div>\n<\/section>\n\n\n\n<h3 class=\"h3 h3--content-tag wp-block-heading\" id=\"pytania\"><strong>Pytania i odpowiedzi<\/strong><\/h3>\n\n\n\n<p><strong>Czy mog\u0119 korzysta\u0107 z solarium zamiast stosowania lampy \u015bwiat\u0142a dziennego?<\/strong><\/p>\n\n\n\n<p>Nie, solarium nie jest odpowiednie do leczenia depresji zimowej. W przeciwie\u0144stwie do lamp \u015bwiat\u0142a dziennego \u0142\u00f3\u017cka opalaj\u0105ce nie daj\u0105 \u015bwiat\u0142a o pe\u0142nym spektrum i daj\u0105 inne efekty ni\u017c symulacja \u015bwiat\u0142em dziennym.<\/p>\n\n\n\n<p><strong>Czy dziurawiec pomaga na zimowe stany depresyjne?<\/strong><\/p>\n\n\n\n<p>Wyci\u0105gi z dziurawca s\u0105 uwa\u017cane za naturaln\u0105 alternatyw\u0119 dla antydepresant\u00f3w. Nie ma jednak dowod\u00f3w na jego dzia\u0142anie podnosz\u0105ce nastr\u00f3j w depresji zimowej. Zasadniczo preparaty z dziurawca powinny by\u0107 przyjmowane wy\u0142\u0105cznie w porozumieniu z lekarzem, poniewa\u017c mog\u0105 one wp\u0142ywa\u0107 na dzia\u0142anie innych lek\u00f3w.<\/p>\n\n\n\n<p><strong>Czy na depresj\u0119 zimow\u0105 mog\u0105 cierpie\u0107 r\u00f3wnie\u017c dzieci i m\u0142odzie\u017c?<\/strong><\/p>\n\n\n\n<p>U dzieci choroba ta wyst\u0119puje rzadko. Depresja zimowa nie jest jednak rzadko\u015bci\u0105 u nastolatk\u00f3w, poniewa\u017c dodatkowo cierpi\u0105 one z powodu zmian hormonalnych.<\/p>\n\n\n\n<h3 class=\"h3 h3--content-tag wp-block-heading\" id=\"zrodla\"><strong>\u0179r\u00f3d\u0142a<\/strong><\/h3>\n\n\n\n<ul class=\"wp-block-list\">\n<li>Adam Bilikiewicz, Stanis\u0142aw Pu\u017cy\u0144ski, Jacek Wci\u00f3rka, Janusz Rybakowski: Psychiatria. T. 2. Wroc\u0142aw: Urban &amp; Parner, 2003.<\/li>\n\n\n\n<li>Oginska H, Oginska-Bruchal K (May 2014). &#8222;Chronotype and personality factors of predisposition to seasonal affective disorder&#8221;. Chronobiology International. 31.<\/li>\n\n\n\n<li>Traffanstedt M, Mehta S, LoBello S (2016). &#8222;Major Depression With Seasonal Variation: Is It a Valid Construct?&#8221;. Clinical Psychological Science. 4.<\/li>\n<\/ul>\n\n\n\n<p><strong>Przeczytaj tak\u017ce o:<\/strong><\/p>\n\n\n\n<figure class=\"wp-block-embed is-type-wp-embed is-provider-telemedi wp-block-embed-telemedi\"><div class=\"wp-block-embed__wrapper\">\n<blockquote class=\"wp-embedded-content\" data-secret=\"uRQ7FdK54J\"><a href=\"https:\/\/telemedi.com\/pl\/poradnik\/psychiatra-online\/\">Psychiatra online<\/a><\/blockquote><iframe loading=\"lazy\" class=\"wp-embedded-content\" sandbox=\"allow-scripts\" security=\"restricted\" style=\"position: absolute; visibility: hidden;\" title=\"&#8222;Psychiatra online&#8221; &#8212; Telemedi\" src=\"https:\/\/telemedi.com\/pl\/poradnik\/psychiatra-online\/embed\/#?secret=WPG5pdNzGZ#?secret=uRQ7FdK54J\" data-secret=\"uRQ7FdK54J\" width=\"600\" height=\"338\" frameborder=\"0\" marginwidth=\"0\" marginheight=\"0\" scrolling=\"no\"><\/iframe>\n<\/div><\/figure>\n\n\n\n<figure class=\"wp-block-embed is-type-wp-embed is-provider-telemedi wp-block-embed-telemedi\"><div class=\"wp-block-embed__wrapper\">\n<blockquote class=\"wp-embedded-content\" data-secret=\"If933MwqIr\"><a href=\"https:\/\/telemedi.com\/pl\/poradnik\/zwolnienie-lekarskie-wstecz\/\">Zwolnienie lekarskie wstecz<\/a><\/blockquote><iframe loading=\"lazy\" class=\"wp-embedded-content\" sandbox=\"allow-scripts\" security=\"restricted\" style=\"position: absolute; visibility: hidden;\" title=\"&#8222;Zwolnienie lekarskie wstecz&#8221; &#8212; Telemedi\" src=\"https:\/\/telemedi.com\/pl\/poradnik\/zwolnienie-lekarskie-wstecz\/embed\/#?secret=bDoBXGOoNB#?secret=If933MwqIr\" data-secret=\"If933MwqIr\" width=\"600\" height=\"338\" frameborder=\"0\" marginwidth=\"0\" marginheight=\"0\" scrolling=\"no\"><\/iframe>\n<\/div><\/figure>\n","protected":false},"author":6,"featured_media":5997,"template":"","tags":[121,4],"guide_category":[23],"class_list":["post-5996","tm-guide","type-tm-guide","status-publish","has-post-thumbnail","hentry","tag-depresja-zimowa","tag-poradnik","guide_category-depresja"],"acf":[],"lang":"pl","translations":{"pl":5996},"_links":{"self":[{"href":"https:\/\/telemedi.com\/tm-api\/wp\/v2\/tm-guide\/5996","targetHints":{"allow":["GET"]}}],"collection":[{"href":"https:\/\/telemedi.com\/tm-api\/wp\/v2\/tm-guide"}],"about":[{"href":"https:\/\/telemedi.com\/tm-api\/wp\/v2\/types\/tm-guide"}],"author":[{"embeddable":true,"href":"https:\/\/telemedi.com\/tm-api\/wp\/v2\/users\/6"}],"wp:featuredmedia":[{"embeddable":true,"href":"https:\/\/telemedi.com\/tm-api\/wp\/v2\/media\/5997"}],"wp:attachment":[{"href":"https:\/\/telemedi.com\/tm-api\/wp\/v2\/media?parent=5996"}],"wp:term":[{"taxonomy":"post_tag","embeddable":true,"href":"https:\/\/telemedi.com\/tm-api\/wp\/v2\/tags?post=5996"},{"taxonomy":"guide_category","embeddable":true,"href":"https:\/\/telemedi.com\/tm-api\/wp\/v2\/guide_category?post=5996"}],"curies":[{"name":"wp","href":"https:\/\/api.w.org\/{rel}","templated":true}]}}