{"id":6577,"date":"2021-09-24T12:59:00","date_gmt":"2021-09-24T12:59:00","guid":{"rendered":"https:\/\/telemedi.com\/?post_type=tm-guide&#038;p=6577"},"modified":"2023-08-10T16:02:04","modified_gmt":"2023-08-10T14:02:04","slug":"zapalenie-krtani","status":"publish","type":"tm-guide","link":"https:\/\/telemedi.com\/pl\/poradnik\/zapalenie-krtani\/","title":{"rendered":"Zapalenie krtani"},"content":{"rendered":"\n<h3 class=\"h3 h3--content-tag wp-block-heading\"><strong>Jak TELEMEDI mo\u017ce pom\u00f3c Ci w przypadku zapalenia krtani?<\/strong><\/h3>\n\n\n\n<p>Przy nag\u0142ym zapaleniu krtani wizyta u lekarza nie jest absolutnie konieczna. Zazwyczaj stan zapalny ust\u0119puje w ci\u0105gu kilku dni wraz z wyzwalaj\u0105cym go przezi\u0119bieniem. Je\u015bli jednak dolegliwo\u015bci nie ust\u0119puj\u0105, a nawet si\u0119 nasilaj\u0105, nale\u017cy skontaktowa\u0107 si\u0119 z lekarzem. Specjali\u015bci TELEMEDI przeprowadz\u0105 wst\u0119pn\u0105 diagnoz\u0119 w trakcie videokonsultacji oraz w razie potrzeby przepisz\u0105 konieczne leki i wystawi\u0105 zwolnienie lekarskie.<\/p>\n\n\n\n<h3 class=\"h3 h3--content-tag wp-block-heading\" id=\"informacje\"><strong>Podstawowe informacje<\/strong><\/h3>\n\n\n\n<section id=\"\" class=\"u-bg-white box-bold-section section--padding-default \">\n    <div class=\"container box-bold-section__background\">\n        <div class=\"box-bold-section__background box-bold-section__background u-bg-white\">\n            <div class=\"row columns-14\">\n                <div class=\"box-bold-section__content-container\">\n                    <div class=\"box-bold-section__border-box box-bold-section__border-box--blue u-bg-white\">\n                        \n\n<ul class=\"wp-block-list\">\n<li>Zapalenie krtani to stan zapalny g\u00f3rnych dr\u00f3g oddechowych w okolicy krtani. Charakterystyczne objawy towarzysz\u0105ce zapaleniu krtani to chrypka a\u017c do utraty g\u0142osu, dra\u017cliwy kaszel, uczucie sucho\u015bci i b\u00f3lu w gardle.<\/li>\n\n\n\n<li>Przyczyny zapalenia krtani to nadu\u017cywanie g\u0142osu, infekcje wirusowe lub bakteryjne.<\/li>\n\n\n\n<li>Badanie lekarskie pozwala okre\u015bli\u0107, czy zapalenie krtani jest ostre czy przewlek\u0142e. Wyklucza r\u00f3wnie\u017c zagra\u017caj\u0105ce \u017cyciu przebiegi schorzenia takie jak podg\u0142o\u015bniowe zapalenie krtani, zapalenie nag\u0142o\u015bni i pozwala na podj\u0119cie odpowiedniego leczenia.<\/li>\n\n\n\n<li>Leczenie zapalenia krtani zale\u017cy od pod\u0142o\u017ca jego wyst\u0119powania: mo\u017ce mie\u0107 charakter objawowy, obejmowa\u0107 antybiotyki, terapi\u0119 chor\u00f3b przyczynowych lub dzia\u0142ania logopedyczne. Przypadki z problemami uk\u0142adu oddechowego, takie jak podg\u0142o\u015bniowe zapalenie krtani, stanowi\u0105 zagro\u017cenie dla \u017cycia i wymagaj\u0105 hospitalizacji.<\/li>\n<\/ul>\n\n\n                    <\/div>\n                <\/div>\n            <\/div>\n        <\/div>\n<\/section>\n\n\n\n<h3 class=\"h3 h3--content-tag wp-block-heading\" id=\"zapalenie\"><strong>Czym jest zapalenie krtani?<\/strong><\/h3>\n\n\n\n<p>Zapalenie krtani to stan zapalny b\u0142ony \u015bluzowej krtani. Mo\u017ce ono mie\u0107 charakter ostry lub przewlek\u0142y. Pierwszymi objawami s\u0105 zazwyczaj chrypka i suchy kaszel. W przypadku trudno\u015bci z oddychaniem nale\u017cy natychmiast skontaktowa\u0107 si\u0119 z lekarzem!<\/p>\n\n\n\n<h3 class=\"h3 h3--content-tag wp-block-heading\" id=\"przewlekle\"><strong>Czym jest przewlek\u0142e zapalenie krtani?<\/strong><\/h3>\n\n\n\n<p>Je\u015bli zapalenie krtani trwa przez trzy tygodnie i d\u0142u\u017cej, jest to przewlek\u0142e zapalenie krtani.<\/p>\n\n\n\n<section id=\"\" class=\"u-bg-white box-bold-section section--padding-default \">\n    <div class=\"container box-bold-section__background\">\n        <div class=\"box-bold-section__background box-bold-section__background u-bg-white\">\n            <div class=\"row columns-14\">\n                <div class=\"box-bold-section__content-container\">\n                    <div class=\"box-bold-section__border-box box-bold-section__border-box--blue u-bg-white\">\n                        \n\n<p><strong>Wa\u017cne<\/strong>: Nale\u017cy podda\u0107 si\u0119 badaniu lekarskiemu, aby ustali\u0107, czy jako przyczyn\u0119 mo\u017cna wykluczy\u0107 nowotw\u00f3r.<\/p>\n\n\n                    <\/div>\n                <\/div>\n            <\/div>\n        <\/div>\n<\/section>\n\n\n\n<h3 class=\"h3 h3--content-tag wp-block-heading\" id=\"ostre\"><strong>Czym jest ostre zapalenie krtani?<\/strong><\/h3>\n\n\n\n<p>Ostre zapalenie krtani wyst\u0119puje g\u0142\u00f3wnie w po\u0142\u0105czeniu z infekcj\u0105 wirusow\u0105 g\u00f3rnych dr\u00f3g oddechowych:<\/p>\n\n\n\n<section id=\"\" class=\"u-bg-white box-bold-section section--padding-default \">\n    <div class=\"container box-bold-section__background\">\n        <div class=\"box-bold-section__background box-bold-section__background u-bg-white\">\n            <div class=\"row columns-14\">\n                <div class=\"box-bold-section__content-container\">\n                    <div class=\"box-bold-section__border-box box-bold-section__border-box--blue u-bg-white\">\n                        \n\n<ul class=\"wp-block-list\">\n<li>U doros\u0142ych ostremu zapaleniu krtani cz\u0119sto towarzysz\u0105 ostre zapalenie gard\u0142a i tchawicy.<\/li>\n\n\n\n<li>U dzieci w wieku od trzech miesi\u0119cy do pi\u0119ciu lat mo\u017ce towarzyszy\u0107 silny obrz\u0119k uj\u015bcia krtani. Mo\u017ce to prowadzi\u0107 do napad\u00f3w drgawek i duszno\u015bci, a w rzadkich przypadkach mo\u017ce by\u0107 zagro\u017ceniem dla \u017cycia.<\/li>\n<\/ul>\n\n\n                    <\/div>\n                <\/div>\n            <\/div>\n        <\/div>\n<\/section>\n\n\n\n<p>W przypadku wyst\u0105pienia problem\u00f3w z oddychaniem nale\u017cy zachowa\u0107 spok\u00f3j, umie\u015bci\u0107 dziecko w zimnym i wilgotnym otoczeniu i skontaktowa\u0107 si\u0119 z lekarzem.<\/p>\n\n\n\n<h3 class=\"h3 h3--content-tag wp-block-heading\" id=\"przyczyny\"><strong>Przyczyny wyst\u0119powania zapalenia krtani<\/strong><\/h3>\n\n\n\n<p>R\u00f3wnie\u017c w tym przypadku wa\u017cne jest rozr\u00f3\u017cnienie pomi\u0119dzy ostrym i przewlek\u0142ym zapaleniem krtani.<\/p>\n\n\n\n<p><strong>Przyczyny ostrego zapalenia krtani<\/strong><\/p>\n\n\n\n<ul class=\"wp-block-list\">\n<li>Ostre zapalenie krtani jest wywo\u0142ywane g\u0142\u00f3wnie przez wirusy przezi\u0119bienia. Je\u015bli rozprzestrzeniaj\u0105 si\u0119 one najpierw w nosogardzieli, mamy do czynienia z infekcj\u0105 zst\u0119puj\u0105c\u0105. Je\u015bli najpierw wyst\u0105pi zapalenie oskrzeli, a nast\u0119pnie zapalenie krtani, jest to tzw. infekcja wst\u0119puj\u0105ca. Ostre zapalenie krtani mo\u017ce przej\u015b\u0107 w posta\u0107 przewlek\u0142\u0105.<\/li>\n\n\n\n<li>Mniej powszechne, ale zagra\u017caj\u0105ce \u017cyciu s\u0105 infekcje bakteryjne jako przyczyna ostrego zapalenia krtani. Mog\u0105 one prowadzi\u0107 np. do bardzo gro\u017anego zapalenia nag\u0142o\u015bni krtani.<\/li>\n<\/ul>\n\n\n\n<p><strong>Przyczyny przewlek\u0142ego zapalenia krtani<\/strong><\/p>\n\n\n\n<ul class=\"wp-block-list\">\n<li>Przewlek\u0142e zapalenie krtani jest zwykle skutkiem obci\u0105\u017ce\u0144 \u015brodowiskowych, takich jak palenie tytoniu lub inne czynniki dra\u017cni\u0105ce, albo nadmiernego obci\u0105\u017cenia g\u0142osu. W rzadszych przypadkach przyczyn\u0105 mog\u0105 by\u0107 polipy lub nowotwory.<\/li>\n\n\n\n<li>Refluks, czyli cofanie si\u0119 kwasu \u017co\u0142\u0105dkowego do prze\u0142yku, mo\u017ce r\u00f3wnie\u017c powodowa\u0107 przewlek\u0142e zapalenie krtani.<\/li>\n<\/ul>\n\n\n\n<h3 class=\"h3 h3--content-tag wp-block-heading\" id=\"objawy\"><strong>Objawy zapalenia krtani<\/strong><\/h3>\n\n\n\n<p>Objawy r\u00f3\u017cni\u0105 si\u0119 w zale\u017cno\u015bci od rodzaju, przyczyny i nasilenia zapalenia krtani. Sta\u0142\u0105 cech\u0105 we wszystkich przypadkach jest upo\u015bledzenie g\u0142osu (dysfonia). Jest to odczuwalne jako chrypka i mo\u017ce prowadzi\u0107 do czasowej utraty g\u0142osu (afonia). Mog\u0105 r\u00f3wnie\u017c wyst\u0105pi\u0107 inne nast\u0119puj\u0105ce objawy:<\/p>\n\n\n\n<section id=\"\" class=\"u-bg-white box-bold-section section--padding-default \">\n    <div class=\"container box-bold-section__background\">\n        <div class=\"box-bold-section__background box-bold-section__background u-bg-white\">\n            <div class=\"row columns-14\">\n                <div class=\"box-bold-section__content-container\">\n                    <div class=\"box-bold-section__border-box box-bold-section__border-box--blue u-bg-white\">\n                        \n\n<ul class=\"wp-block-list\">\n<li>dra\u017cni\u0105cy kaszel lub szczekliwy kaszel,<\/li>\n\n\n\n<li>trudno\u015bci z po\u0142ykaniem,<\/li>\n\n\n\n<li>b\u00f3l w okolicy gard\u0142a,<\/li>\n\n\n\n<li>zwi\u0119kszone wydzielanie \u015bliny,<\/li>\n\n\n\n<li>gor\u0105czka,<\/li>\n\n\n\n<li>g\u0142o\u015bne oddychanie,<\/li>\n\n\n\n<li>trudno\u015bci w oddychaniu.<\/li>\n<\/ul>\n\n\n                    <\/div>\n                <\/div>\n            <\/div>\n        <\/div>\n<\/section>\n\n\n\n<h3 class=\"h3 h3--content-tag wp-block-heading\" id=\"diagnoza\"><strong>Diagnoza zapalenia krtani<\/strong><\/h3>\n\n\n\n<p>Na podstawie objaw\u00f3w lekarz okre\u015bla, czy chodzi o \u0142agodne, ostre czy przewlek\u0142e zapalenie krtani oraz czy stoi za nim infekcja wirusowa czy bakteryjna. Diagnoza stawiana jest na podstawie objaw\u00f3w wyst\u0119puj\u0105cych u pacjenta i w wielu przypadkach jest w pe\u0142ni wystarczaj\u0105ca do okre\u015blenia sposob\u00f3w dalszego leczenia.<\/p>\n\n\n\n<section id=\"\" class=\"u-bg-white box-bold-section section--padding-default \">\n    <div class=\"container box-bold-section__background\">\n        <div class=\"box-bold-section__background box-bold-section__background u-bg-white\">\n            <div class=\"row columns-14\">\n                <div class=\"box-bold-section__content-container\">\n                    <div class=\"box-bold-section__border-box box-bold-section__border-box--blue u-bg-white\">\n                        \n\n<ul class=\"wp-block-list\">\n<li>W zale\u017cno\u015bci od stopnia zaawansowania choroby, a tak\u017ce w przypadku przewlek\u0142ego zapalenia krtani, wykonuje si\u0119 laryngoskopi\u0119.<\/li>\n\n\n\n<li>Mo\u017cliwe jest r\u00f3wnie\u017c wykonanie zdj\u0119cia rentgenowskiego lub badania ultrasonograficznego.<\/li>\n\n\n\n<li>W przypadku przewlek\u0142ego zapalenia krtani lub podejrzenia przyczyny bakteryjnej konieczne jest wykonanie badania krwi.<\/li>\n\n\n\n<li>Diagnostyka r\u00f3\u017cnicowa dostarcza informacji o tym, czy mamy do czynienia z ci\u0119\u017ckim przebiegiem zapalenia krtani.<\/li>\n<\/ul>\n\n\n                    <\/div>\n                <\/div>\n            <\/div>\n        <\/div>\n<\/section>\n\n\n\n<p><strong>Diagnostyka r\u00f3\u017cnicowa zapalenia krtani:<\/strong><\/p>\n\n\n\n<figure class=\"wp-block-table\"><table><tbody><tr><th><\/th><th>Podg\u0142o\u015bniowe zapalenie krtani (Laryngitis subglottica)<\/th><th>Zapalenie nag\u0142o\u015bni (epiglottitis)<\/th><th>B\u0142onica krtani (d\u0142awiec, krup)<\/th><\/tr><tr><td>Opis<\/td><td>Niespecyficzne zapalenie w okolicy krtani, poni\u017cej g\u0142o\u015bni<\/td><td>Zagra\u017caj\u0105ce \u017cyciu zapalenie nag\u0142o\u015bni<\/td><td>Zapalenie krtani z b\u0142onic\u0105<\/td><\/tr><tr><td>Patogen<\/td><td>Wirusowe(wirusy paragrypy, wirusy ECHO, wirusy RS, adenowirusy, wirusy grypy)<\/td><td>Bakteryjne(haemophilus influenzae \u2013 Gram-ujemna bakteria (pa\u0142eczka), streptokoki grupy A, pneumokoki, gronkowce,pa\u0142eczki zapalenia p\u0142uc)<\/td><td>Bakteryjne(Maczugowiec b\u0142onicy \u2013 Corynebacterium diphtheriae)<\/td><\/tr><tr><td>Pocz\u0105tek choroby<\/td><td>Nag\u0142y, zwykle w nocy<\/td><td>Nag\u0142y i powa\u017cny<\/td><td>Sukcesywnie, z zapaleniem migda\u0142k\u00f3w, po czterech do pi\u0119ciu dniach ci\u0119\u017ckie objawy<\/td><\/tr><tr><td>Objawy<\/td><td><ul><li>szczekliwy kaszel<\/li><li>chrypka<\/li><li>mo\u017cliwa utrata g\u0142osu<\/li><li>brak trudno\u015bci z po\u0142ykaniem<\/li><li>g\u0142o\u015bne oddychanie<\/li><li>w bardzo ci\u0119\u017ckich, zagra\u017caj\u0105cych \u017cyciu przypadkach wyst\u0119puj\u0105 trudno\u015bci w oddychaniu<\/li><\/ul><\/td><td><ul><li>brak kaszlu<\/li><li>chrypka<\/li><li>trudno\u015bci z po\u0142ykaniem<\/li><li>odr\u0119twia\u0142y j\u0119zyk<\/li><li>wysoka gor\u0105czka<\/li><li>zwi\u0119kszone wydzielanie \u015bliny<\/li><li>chrapliwe odg\u0142osy oddychania<\/li><li>zagra\u017caj\u0105ce \u017cyciu trudno\u015bci w oddychaniu<\/li><li>niebezpiecze\u0144stwo uduszenia si\u0119<\/li><\/ul><\/td><td><ul><li>szczekliwy kaszel<\/li><li>chrypka<\/li><li>trudno\u015bci z po\u0142ykaniem<\/li><li>mo\u017cliwa gor\u0105czka<\/li><li>u dzieci md\u0142o\u015bci<\/li><li>infekcje sk\u00f3rne<\/li><li>g\u0142o\u015bne oddychanie<\/li><li>trudno\u015bci z oddychaniem<\/li><\/ul><\/td><\/tr><tr><td>Wiek pacjent\u00f3w<\/td><td>Dzieci w wieku od trzech miesi\u0119cy do pi\u0119ciu lat<\/td><td>W ka\u017cdym wieku<\/td><td>W ka\u017cdym wieku<\/td><\/tr><tr><td>Mo\u017cliwo\u015b\u0107 szczepienia<\/td><td>Nie<\/td><td>Tak<\/td><td>Tak<\/td><\/tr><tr><td>Leczenie<\/td><td><ul><li>leczenie objawowe, zw\u0142aszcza krioterapia zimnym powietrzem<\/li><li>w zale\u017cno\u015bci od ci\u0119\u017cko\u015bci choroby, umieszczenie w szpitalu<\/li><\/ul><\/td><td><ul><li>antybiotyki<\/li><li>leczenie objawowe<\/li><li>mo\u017cliwa intubacja<\/li><li>umieszczenie w szpitalu<\/li><\/ul><\/td><td><ul><li>antybiotyki<\/li><li>antytoksyna b\u0142onicza<\/li><li>mo\u017cliwa intubacja, dializa<\/li><li>umieszczenie w szpitalu<\/li><\/ul><\/td><\/tr><\/tbody><\/table><\/figure>\n\n\n\n<p><\/p>\n\n\n\n<section id=\"\" class=\"u-bg-white box-bold-section section--padding-default \">\n    <div class=\"container box-bold-section__background\">\n        <div class=\"box-bold-section__background box-bold-section__background u-bg-white\">\n            <div class=\"row columns-14\">\n                <div class=\"box-bold-section__content-container\">\n                    <div class=\"box-bold-section__border-box box-bold-section__border-box--blue u-bg-white\">\n                        \n\n<p><strong>W przypadku trudno\u015bci z oddychaniem nale\u017cy natychmiast zareagowa\u0107 i skontaktowa\u0107 si\u0119 z lekarzem!<\/strong><\/p>\n\n\n                    <\/div>\n                <\/div>\n            <\/div>\n        <\/div>\n<\/section>\n\n\n\n<h3 class=\"h3 h3--content-tag wp-block-heading\" id=\"leczenie\"><strong>Leczenie zapalenia krtani<\/strong><\/h3>\n\n\n\n<p>W zale\u017cno\u015bci od przyczyny i przebiegu zapalenia krtani, lekarz prowadz\u0105cy podejmie nast\u0119puj\u0105ce dzia\u0142ania:<\/p>\n\n\n\n<section id=\"\" class=\"u-bg-white box-bold-section section--padding-default \">\n    <div class=\"container box-bold-section__background\">\n        <div class=\"box-bold-section__background box-bold-section__background u-bg-white\">\n            <div class=\"row columns-14\">\n                <div class=\"box-bold-section__content-container\">\n                    <div class=\"box-bold-section__border-box box-bold-section__border-box--blue u-bg-white\">\n                        \n\n<ul class=\"wp-block-list\">\n<li>leki mukolityczne, przeciwzapalne, preparaty u\u015bmierzaj\u0105ce b\u00f3l,<\/li>\n\n\n\n<li>\u015brodki znieczulaj\u0105ce takie jak kortyzon,<\/li>\n\n\n\n<li>antybiotyki na zaka\u017cenia bakteryjne,<\/li>\n\n\n\n<li>leczenie chor\u00f3b przyczynowych takich jak zapalenie zatok, zapalenie oskrzeli lub refluks.<\/li>\n<\/ul>\n\n\n                    <\/div>\n                <\/div>\n            <\/div>\n        <\/div>\n<\/section>\n\n\n\n<h3 class=\"h3 h3--content-tag wp-block-heading\" id=\"pytania\"><strong>Pytania i odpowiedzi<\/strong><\/h3>\n\n\n\n<p><strong>Jaki lekarz jest najbardziej odpowiedni w przypadku zapalenia krtani?<\/strong><\/p>\n\n\n\n<p>Za zapalenie krtani odpowiedzialni s\u0105 nast\u0119puj\u0105cy specjali\u015bci:<\/p>\n\n\n\n<ul class=\"wp-block-list\">\n<li>lekarz rodzinny,<\/li>\n\n\n\n<li>laryngolog,<\/li>\n\n\n\n<li>specjalista w dziedzinie pediatrii i medycyny wieku m\u0142odzie\u0144czego,<\/li>\n\n\n\n<li>w przypadku ci\u0119\u017ckich objaw\u00f3w nale\u017cy zwr\u00f3ci\u0107 si\u0119 do lekarza pogotowia ratunkowego,<\/li>\n\n\n\n<li>nast\u0119pnie, w razie potrzeby, specjalista logopeda.<\/li>\n<\/ul>\n\n\n\n<p><strong>Czy istniej\u0105 jakie\u015b domowe sposoby, kt\u00f3re pomagaj\u0105 w \u0142agodnym przej\u015bciu zapalenia krtani?<\/strong><\/p>\n\n\n\n<p>Tak, w przypadku \u0142agodnego zapalenia krtani bez gor\u0105czki i trudno\u015bci w oddychaniu mog\u0105 pom\u00f3c nast\u0119puj\u0105ce dzia\u0142ania:<\/p>\n\n\n\n<ul class=\"wp-block-list\">\n<li>odpocznij od wydawania d\u017awi\u0119k\u00f3w (milczenie),<\/li>\n\n\n\n<li>unikaj palenia tytoniu,<\/li>\n\n\n\n<li>unikaj miejsc z zapylonym i suchym powietrzem,<\/li>\n\n\n\n<li>unikaj alkoholu i mocnych przypraw,<\/li>\n\n\n\n<li>wdychaj par\u0119 wodn\u0105, ewentualnie z sol\u0105 kuchenn\u0105, rumiankiem lub eukaliptusem.<\/li>\n<\/ul>\n\n\n\n<p><strong>Jak logopedia mo\u017ce pom\u00f3c w przypadku zapalenia krtani?<\/strong><\/p>\n\n\n\n<p>Nieprawid\u0142owe techniki wydobywania g\u0142osu mog\u0105 r\u00f3wnie\u017c prowadzi\u0107 do zapalenia krtani. W tym przypadku pomocne s\u0105 \u0107wiczenia logopedyczne (\u0107wiczenia j\u0119zykowe).<\/p>\n\n\n\n<h3 class=\"h3 h3--content-tag wp-block-heading\" id=\"zrodla\"><strong>\u0179r\u00f3d\u0142a<\/strong><\/h3>\n\n\n\n<ul class=\"wp-block-list\">\n<li>Maria Zalesska-Kr\u0119cicka: Zarys otolaryngologii : podr\u0119cznik dla student\u00f3w i lekarzy. Wroc\u0142aw: Akademia Medyczna im. Piast\u00f3w \u015al\u0105skich, 2008.<\/li>\n\n\n\n<li>Dworkin, James Paul (April 2008). &#8222;Laryngitis: Types, Causes, and Treatments&#8221;. OtolaryngologicClinics of NorthAmerica. 41.<\/li>\n\n\n\n<li>Dhingra, P. L.; Dhingra, Shruti (2014). DiseasesofEar, Nose and Throat (6 ed.). ElsevierHealthSciences.<\/li>\n<\/ul>\n\n\n\n<p>Przeczytaj tak\u017ce o:<\/p>\n\n\n\n<figure class=\"wp-block-embed is-type-wp-embed is-provider-telemedi wp-block-embed-telemedi\"><div class=\"wp-block-embed__wrapper\">\n<blockquote class=\"wp-embedded-content\" data-secret=\"5s6dIqUX8r\"><a href=\"https:\/\/telemedi.com\/pl\/poradnik\/przeziebienie\/\">Przezi\u0119bienie<\/a><\/blockquote><iframe loading=\"lazy\" class=\"wp-embedded-content\" sandbox=\"allow-scripts\" security=\"restricted\" style=\"position: absolute; visibility: hidden;\" title=\"&#8222;Przezi\u0119bienie&#8221; &#8212; Telemedi\" src=\"https:\/\/telemedi.com\/pl\/poradnik\/przeziebienie\/embed\/#?secret=hYTHOVhpzh#?secret=5s6dIqUX8r\" data-secret=\"5s6dIqUX8r\" width=\"600\" height=\"338\" frameborder=\"0\" marginwidth=\"0\" marginheight=\"0\" scrolling=\"no\"><\/iframe>\n<\/div><\/figure>\n\n\n\n<figure class=\"wp-block-embed is-type-wp-embed is-provider-telemedi wp-block-embed-telemedi\"><div class=\"wp-block-embed__wrapper\">\n<blockquote class=\"wp-embedded-content\" data-secret=\"OaUqCayFAn\"><a href=\"https:\/\/telemedi.com\/pl\/poradnik\/zapalenie-migdalkow-angina\/\">Zapalenie migda\u0142k\u00f3w (angina)<\/a><\/blockquote><iframe loading=\"lazy\" class=\"wp-embedded-content\" sandbox=\"allow-scripts\" security=\"restricted\" style=\"position: absolute; visibility: hidden;\" title=\"&#8222;Zapalenie migda\u0142k\u00f3w (angina)&#8221; &#8212; Telemedi\" src=\"https:\/\/telemedi.com\/pl\/poradnik\/zapalenie-migdalkow-angina\/embed\/#?secret=h2IBPUWLrC#?secret=OaUqCayFAn\" data-secret=\"OaUqCayFAn\" width=\"600\" height=\"338\" frameborder=\"0\" marginwidth=\"0\" marginheight=\"0\" scrolling=\"no\"><\/iframe>\n<\/div><\/figure>\n\n\n\n<figure class=\"wp-block-embed is-type-wp-embed is-provider-telemedi wp-block-embed-telemedi\"><div class=\"wp-block-embed__wrapper\">\n<blockquote class=\"wp-embedded-content\" data-secret=\"MGTva302IZ\"><a href=\"https:\/\/telemedi.com\/pl\/poradnik\/grypa-zoladkowa\/\">Grypa \u017co\u0142\u0105dkowa<\/a><\/blockquote><iframe loading=\"lazy\" class=\"wp-embedded-content\" sandbox=\"allow-scripts\" security=\"restricted\" style=\"position: absolute; visibility: hidden;\" title=\"&#8222;Grypa \u017co\u0142\u0105dkowa&#8221; &#8212; Telemedi\" src=\"https:\/\/telemedi.com\/pl\/poradnik\/grypa-zoladkowa\/embed\/#?secret=k1ddFT8XRz#?secret=MGTva302IZ\" data-secret=\"MGTva302IZ\" width=\"600\" height=\"338\" frameborder=\"0\" marginwidth=\"0\" marginheight=\"0\" scrolling=\"no\"><\/iframe>\n<\/div><\/figure>\n","protected":false},"author":6,"featured_media":6578,"template":"","tags":[4,192],"guide_category":[70],"class_list":["post-6577","tm-guide","type-tm-guide","status-publish","has-post-thumbnail","hentry","tag-poradnik","tag-zapalenie-krtani","guide_category-gardlo"],"acf":[],"lang":"pl","translations":{"pl":6577},"_links":{"self":[{"href":"https:\/\/telemedi.com\/tm-api\/wp\/v2\/tm-guide\/6577","targetHints":{"allow":["GET"]}}],"collection":[{"href":"https:\/\/telemedi.com\/tm-api\/wp\/v2\/tm-guide"}],"about":[{"href":"https:\/\/telemedi.com\/tm-api\/wp\/v2\/types\/tm-guide"}],"author":[{"embeddable":true,"href":"https:\/\/telemedi.com\/tm-api\/wp\/v2\/users\/6"}],"wp:featuredmedia":[{"embeddable":true,"href":"https:\/\/telemedi.com\/tm-api\/wp\/v2\/media\/6578"}],"wp:attachment":[{"href":"https:\/\/telemedi.com\/tm-api\/wp\/v2\/media?parent=6577"}],"wp:term":[{"taxonomy":"post_tag","embeddable":true,"href":"https:\/\/telemedi.com\/tm-api\/wp\/v2\/tags?post=6577"},{"taxonomy":"guide_category","embeddable":true,"href":"https:\/\/telemedi.com\/tm-api\/wp\/v2\/guide_category?post=6577"}],"curies":[{"name":"wp","href":"https:\/\/api.w.org\/{rel}","templated":true}]}}